{"version":"1.0","provider_name":"Gran\u00e9s Batxillerat - Escuela especializada en Bachillerato en Barcelona","provider_url":"https:\/\/www.batxilleratgranes.com\/es\/","title":"Taller de fisioter\u00e0pia respirat\u00f2ria a Blanquerna - Gran\u00e9s Batxillerat - Escuela especializada en Bachillerato en Barcelona","type":"rich","width":600,"height":338,"html":"<blockquote class=\"wp-embedded-content\" data-secret=\"cHMSabGVi9\"><a href=\"https:\/\/www.batxilleratgranes.com\/es\/taller-de-fisioterapia-respiratoria-a-blanquerna\/\">Taller de fisioter\u00e0pia respirat\u00f2ria a Blanquerna<\/a><\/blockquote><iframe sandbox=\"allow-scripts\" security=\"restricted\" src=\"https:\/\/www.batxilleratgranes.com\/es\/taller-de-fisioterapia-respiratoria-a-blanquerna\/embed\/#?secret=cHMSabGVi9\" width=\"600\" height=\"338\" title=\"&#8220;Taller de fisioter\u00e0pia respirat\u00f2ria a Blanquerna&#8221; &#8212; Gran\u00e9s Batxillerat - Escuela especializada en Bachillerato en Barcelona\" data-secret=\"cHMSabGVi9\" frameborder=\"0\" marginwidth=\"0\" marginheight=\"0\" scrolling=\"no\" class=\"wp-embedded-content\"><\/iframe><script>\n\/*! This file is auto-generated *\/\n!function(d,l){\"use strict\";l.querySelector&&d.addEventListener&&\"undefined\"!=typeof URL&&(d.wp=d.wp||{},d.wp.receiveEmbedMessage||(d.wp.receiveEmbedMessage=function(e){var t=e.data;if((t||t.secret||t.message||t.value)&&!\/[^a-zA-Z0-9]\/.test(t.secret)){for(var s,r,n,a=l.querySelectorAll('iframe[data-secret=\"'+t.secret+'\"]'),o=l.querySelectorAll('blockquote[data-secret=\"'+t.secret+'\"]'),c=new RegExp(\"^https?:$\",\"i\"),i=0;i<o.length;i++)o[i].style.display=\"none\";for(i=0;i<a.length;i++)s=a[i],e.source===s.contentWindow&&(s.removeAttribute(\"style\"),\"height\"===t.message?(1e3<(r=parseInt(t.value,10))?r=1e3:~~r<200&&(r=200),s.height=r):\"link\"===t.message&&(r=new URL(s.getAttribute(\"src\")),n=new URL(t.value),c.test(n.protocol))&&n.host===r.host&&l.activeElement===s&&(d.top.location.href=t.value))}},d.addEventListener(\"message\",d.wp.receiveEmbedMessage,!1),l.addEventListener(\"DOMContentLoaded\",function(){for(var e,t,s=l.querySelectorAll(\"iframe.wp-embedded-content\"),r=0;r<s.length;r++)(t=(e=s[r]).getAttribute(\"data-secret\"))||(t=Math.random().toString(36).substring(2,12),e.src+=\"#?secret=\"+t,e.setAttribute(\"data-secret\",t)),e.contentWindow.postMessage({message:\"ready\",secret:t},\"*\")},!1)))}(window,document);\n<\/script>\n","thumbnail_url":"https:\/\/www.batxilleratgranes.com\/wp-content\/uploads\/2018\/11\/destac.jpg","thumbnail_width":655,"thumbnail_height":606,"description":"Divendres passat, els nostres alumnes de Biologia i Salut de 1r de batxillerat van visitar la Facultat de Ci\u00e8ncies de la Salut Blanquerna. All\u00e0, Adri\u00e0 Navarro, professor del Grau de Fisioter\u00e0pia de la facultat,\u00a0els va impartir un taller de fisioter\u00e0pia respirat\u00f2ria per treballar la rehabilitaci\u00f3 i el manteniment dels malalts amb fibrosi qu\u00edstica. Aquesta visita&hellip;&nbsp;Read More &raquo;"}