{"id":178,"date":"2013-02-01T15:48:32","date_gmt":"2013-02-01T15:48:32","guid":{"rendered":"http:\/\/www.bachilleratogranes.com\/?page_id=178"},"modified":"2024-07-15T10:58:31","modified_gmt":"2024-07-15T10:58:31","slug":"historia-de-granes-bachillerato","status":"publish","type":"page","link":"https:\/\/www.batxilleratgranes.com\/es\/historia-de-granes-bachillerato\/","title":{"rendered":"Historia de Gran\u00e9s Batxillerat"},"content":{"rendered":"<div class=\"wpb-content-wrapper\"><p>[vc_section][vc_row][vc_column][vc_column_text][vc_custom_heading text=&#8221;Historia de Gran\u00e9s Batxillerat&#8221; font_container=&#8221;tag:h1|font_size:60px|text_align:center&#8221; use_theme_fonts=&#8221;yes&#8221; el_class=&#8221;classElemntTitlesResponsive&#8221;][vc_empty_space height=&#8221;30px&#8221;][\/vc_column_text][\/vc_column][\/vc_row][\/vc_section][vc_section][vc_row][vc_column][vc_column_text]<\/p>\n<h2 class=\"fontsizeparraft green\" style=\"text-align: center;\"><span style=\"color: #ffffff;\">1954<\/span><\/h2>\n<p>[\/vc_column_text][vc_single_image image=&#8221;26296&#8243; img_size=&#8221;full&#8221; alignment=&#8221;center&#8221; css=&#8221;.vc_custom_1632678348198{margin-top: -37px !important;margin-bottom: 10px !important;}&#8221;][vc_column_text]<\/p>\n<p class=\"fontsizeparraft\" style=\"text-align: center;\"><strong><span style=\"color: #00833d;\">Joan Gran\u00e9s Deulofeu<\/span><\/strong><br \/>\n<span style=\"color: #000000; font-weight: 300;\">Funda la <span style=\"color: #00833d;\">Acad\u00e8mia Gran\u00e9s<\/span>, con la finalidad exclusiva de preparar el ingreso en la Escola T\u00e9cnica Superior d\u2019Enginyers Industrials<\/span>[\/vc_column_text][vc_single_image image=&#8221;26296&#8243; img_size=&#8221;full&#8221; alignment=&#8221;center&#8221;][vc_column_text css=&#8221;.vc_custom_1632677641675{margin-top: 0px !important;margin-bottom: 0px !important;padding-top: 0px !important;padding-bottom: 0px !important;}&#8221;]<\/p>\n<h2 class=\"fontsizeparraft green\" style=\"text-align: center;\"><span style=\"color: #ffffff;\">1956<\/span><\/h2>\n<p>[\/vc_column_text][vc_single_image image=&#8221;26296&#8243; img_size=&#8221;full&#8221; alignment=&#8221;center&#8221;][vc_column_text]<\/p>\n<p class=\"fontsizeparraft\" style=\"text-align: center;\"><span style=\"color: #000000; font-weight: 300;\">Se ampl\u00eda la actividad educativa del centro con la preparaci\u00f3n del <span style=\"color: #00833d;\">curso Preuniversitario<\/span><\/span><\/p>\n<p>[\/vc_column_text][vc_single_image image=&#8221;26296&#8243; img_size=&#8221;full&#8221; alignment=&#8221;center&#8221;][vc_column_text]<\/p>\n<h2 class=\"fontsizeparraft green\" style=\"text-align: center;\"><span style=\"color: #ffffff;\">1957<\/span><\/h2>\n<p>[\/vc_column_text][vc_single_image image=&#8221;26296&#8243; img_size=&#8221;full&#8221; alignment=&#8221;center&#8221;][vc_column_text]<\/p>\n<p class=\"fontsizeparraft\" style=\"text-align: center;\"><span style=\"color: #000000; font-weight: 300;\">Un nuevo plan sustituye la prueba de ingreso para dos nuevos cursos:<br \/>\nel <span style=\"color: #00833d;\">Selectivo<\/span> y el de <span style=\"color: #00833d;\">Iniciaci\u00f3n<\/span>, y la Acad\u00e8mia Gran\u00e9s adapta su metodolog\u00eda en consonancia<\/span>[\/vc_column_text][vc_single_image image=&#8221;26296&#8243; img_size=&#8221;full&#8221; alignment=&#8221;center&#8221;][vc_column_text]<\/p>\n<h2 class=\"fontsizeparraft green\" style=\"text-align: center;\"><span style=\"color: #ffffff;\">1964<\/span><\/h2>\n<p>[\/vc_column_text][vc_single_image image=&#8221;26296&#8243; img_size=&#8221;full&#8221; alignment=&#8221;center&#8221;][vc_column_text]<\/p>\n<p class=\"fontsizeparraft\" style=\"text-align: center;\"><span style=\"color: #000000; font-weight: 300;\">Una nueva modificaci\u00f3n del plan de estudios suprime los cursos Selectivo e\u00a0 Iniciaci\u00f3n.<br \/>\nLa Acad\u00e8mia Gran\u00e9s se centra en el <span style=\"color: #00833d;\">curso Preuniversitario <\/span>y en la preparaci\u00f3n de los dos primeros cursos<br \/>\nde las carreras superiores de <span style=\"color: #00833d;\">Ingenier\u00eda Industrial y Arquitectura<\/span><\/span>[\/vc_column_text][\/vc_column][\/vc_row][\/vc_section][vc_section][vc_row][vc_column][vc_column_text]<\/p>\n<h2 class=\"fontsizeparraft green\" style=\"text-align: center;\"><span style=\"color: #ffffff;\">1969<\/span><\/h2>\n<p>[\/vc_column_text][vc_single_image image=&#8221;26296&#8243; img_size=&#8221;full&#8221; alignment=&#8221;center&#8221;][vc_column_text]<\/p>\n<p class=\"fontsizeparraft\" style=\"text-align: center;\"><span style=\"color: #000000; font-weight: 300;\"><span style=\"color: #00833d;\">Se inaugura el edificio del Passatge de la Concepci\u00f3, 15.<\/span><br \/>\nLa Acad\u00e8mia Gran\u00e9s empieza a ofrecer grupos de Preuniversitario de Letras<br \/>\nabriendo as\u00ed nuevos horizontes para un centro, hasta ahora, exclusivamente dedicado a les Ciencias.<br \/>\nTambi\u00e9n se ampl\u00eda la oferta educativa con la docencia del Bachillerato Superior<\/span>[\/vc_column_text][\/vc_column][\/vc_row][\/vc_section][vc_section][vc_row full_width=&#8221;stretch_row_content&#8221; css=&#8221;.vc_custom_1632678002048{padding-top: 60px !important;padding-bottom: 60px !important;background-image: url(https:\/\/www.batxilleratgranes.com\/wp-content\/uploads\/2013\/04\/Paissatge-de-la-concepcio.jpg?id=2783) !important;}&#8221;][vc_column][\/vc_column][\/vc_row][\/vc_section][vc_section][vc_row][vc_column][vc_single_image image=&#8221;26296&#8243; img_size=&#8221;full&#8221; alignment=&#8221;center&#8221;][vc_column_text]<\/p>\n<h2 class=\"fontsizeparraft green\" style=\"text-align: center;\"><span style=\"color: #ffffff;\">1970<\/span><\/h2>\n<p>[\/vc_column_text][vc_single_image image=&#8221;26296&#8243; img_size=&#8221;full&#8221; alignment=&#8221;center&#8221;][vc_column_text]<\/p>\n<p class=\"fontsizeparraft\" style=\"text-align: center;\"><span style=\"color: #000000; font-weight: 300;\">Se sustituye el Preuniversitario por el <span style=\"color: #00833d;\">COU<\/span> y se instaura el examen de <span style=\"color: #00833d;\">Selectividad <\/span>como la prueba de acceso universitaria. <\/span><span style=\"color: #000000; font-weight: 300;\">Una vez m\u00e1s, la Acad\u00e8mia Gran\u00e9s se adapta a los cambios normativos<\/span><\/p>\n<p>[\/vc_column_text][vc_single_image image=&#8221;26296&#8243; img_size=&#8221;full&#8221; alignment=&#8221;center&#8221;][vc_column_text]<\/p>\n<h2 class=\"fontsizeparraft green\" style=\"text-align: center;\"><span style=\"color: #ffffff;\">1975<\/span><\/h2>\n<p>[\/vc_column_text][vc_single_image image=&#8221;26296&#8243; img_size=&#8221;full&#8221; alignment=&#8221;center&#8221;][vc_column_text]<\/p>\n<p class=\"fontsizeparraft\" style=\"text-align: center;\"><span style=\"color: #000000; font-weight: 300;\">La implantaci\u00f3n del <span style=\"color: #00833d;\">BUP<span style=\"color: #000000;\">,<\/span><\/span> nuevo ciclo de tres cursos que ocupa el lugar del antiguo Bachillerato Superior, alarga un a\u00f1o la escolarizaci\u00f3n previa a la universidad<\/span><\/p>\n<p>[\/vc_column_text][vc_single_image image=&#8221;26296&#8243; img_size=&#8221;full&#8221; alignment=&#8221;center&#8221;][vc_column_text]<\/p>\n<h2 class=\"fontsizeparraft green\" style=\"text-align: center;\"><span style=\"color: #ffffff;\">1994<\/span><\/h2>\n<p>[\/vc_column_text][vc_single_image image=&#8221;26296&#8243; img_size=&#8221;full&#8221; alignment=&#8221;center&#8221;][vc_column_text]<\/p>\n<p class=\"fontsizeparraft\" style=\"text-align: center;\"><span style=\"color: #000000; font-weight: 300;\">Joan Gran\u00e9s Deulofeu recibe la <span style=\"color: #00833d;\">medalla Francesc Maci\u00e0<\/span><br \/>\nen reconocimiento a toda una vida de trabajo, intenso y fruct\u00edfero, al servicio de la docencia<\/span>[\/vc_column_text][vc_single_image image=&#8221;26296&#8243; img_size=&#8221;full&#8221; alignment=&#8221;center&#8221;][vc_column_text]<\/p>\n<h2 class=\"fontsizeparraft green\" style=\"text-align: center;\"><span style=\"color: #ffffff;\">1998<\/span><\/h2>\n<p>[\/vc_column_text][vc_single_image image=&#8221;26296&#8243; img_size=&#8221;full&#8221; alignment=&#8221;center&#8221;][vc_column_text]<\/p>\n<p class=\"fontsizeparraft\" style=\"text-align: center;\"><span style=\"color: #000000; font-weight: 300;\">Se elimina la EGB, el BUP y el COU y los sustituye la <span style=\"color: #00833d;\">Educaci\u00f3n Primaria, <span style=\"color: #000000;\">la <\/span>Educaci\u00f3n Secundaria (ESO)<\/span> y el nuevo <span style=\"color: #00833d;\">Bachillerato<\/span><\/span><\/p>\n<p>[\/vc_column_text][vc_single_image image=&#8221;26296&#8243; img_size=&#8221;full&#8221; alignment=&#8221;center&#8221;][vc_column_text]<\/p>\n<h2 class=\"fontsizeparraft green\" style=\"text-align: center;\"><span style=\"color: #ffffff;\">1999<\/span><\/h2>\n<p>[\/vc_column_text][vc_single_image image=&#8221;26296&#8243; img_size=&#8221;full&#8221; alignment=&#8221;center&#8221;][vc_column_text]<\/p>\n<p class=\"fontsizeparraft\" style=\"text-align: center;\"><span style=\"color: #000000; font-weight: 300;\">Bajo la denominaci\u00f3n <strong><span style=\"color: #00833d;\">GRAN\u00c9S BATXILLERAT<\/span><\/strong><br \/>\nel centro inicia una nueva etapa dedicada \u00edntegramente al nuevo Bachillerato<\/span>[\/vc_column_text][vc_single_image image=&#8221;26296&#8243; img_size=&#8221;full&#8221; alignment=&#8221;center&#8221;][vc_column_text]<\/p>\n<h2 class=\"fontsizeparraft green\" style=\"text-align: center;\"><span style=\"color: #ffffff;\">2012<\/span><\/h2>\n<p>[\/vc_column_text][vc_single_image image=&#8221;26296&#8243; img_size=&#8221;full&#8221; alignment=&#8221;center&#8221;][vc_column_text]<\/p>\n<p class=\"fontsizeparraft\" style=\"text-align: center;\"><span style=\"color: #000000; font-weight: 300;\">Ampliamos nuestra oferta de bachilleratos<br \/>\nincorporando el <span style=\"color: #00833d;\">Bachillerato de Artes Esc\u00e9nicas, M\u00fasica y Danza<\/span><\/span>[\/vc_column_text][vc_single_image image=&#8221;26296&#8243; img_size=&#8221;full&#8221; alignment=&#8221;center&#8221;][vc_column_text]<\/p>\n<h2 class=\"fontsizeparraft green\" style=\"text-align: center;\"><span style=\"color: #ffffff;\">2014<\/span><\/h2>\n<p>[\/vc_column_text][vc_single_image image=&#8221;26296&#8243; img_size=&#8221;full&#8221; alignment=&#8221;center&#8221;][vc_column_text]<\/p>\n<p class=\"fontsizeparraft\" style=\"text-align: center;\"><span style=\"color: #000000; font-weight: 300;\"><strong><span style=\"color: #00833d;\">\u00a1ANIVERSARIO 60 A\u00d1OS DE LA GRAN\u00c9S!<\/span><\/strong><br \/>\nHan pasado 60 a\u00f1os desde la fundaci\u00f3n, los alumnos formados en la casa se cuentan por decenas de miles y el centro continua su labor educativa con \u00e9xito y reconocimiento.<br \/>\nGran\u00e9s Batxillerat promueve y ayuda a los alumnos en su camino de acceso a la universidad<\/span>[\/vc_column_text][\/vc_column][\/vc_row][\/vc_section][vc_section][vc_row][vc_column][vc_column_text]<\/p>\n<h2 class=\"fontsizeparraft green\" style=\"text-align: center;\"><span style=\"color: #ffffff;\">2015<\/span><\/h2>\n<p>[\/vc_column_text][vc_single_image image=&#8221;26296&#8243; img_size=&#8221;full&#8221; alignment=&#8221;center&#8221;][vc_column_text]<\/p>\n<p class=\"fontsizeparraft\" style=\"text-align: center;\">Ofrecemos un nuevo abanico de <span style=\"color: #000000; font-weight: 300;\"><span style=\"color: #00833d;\">materias optativas<\/span><\/span> con el objetivo de conectar el aula con el mundo real. Se trata de un laboratorio metodol\u00f3gico para investigar nuevas maneras de aprender. Se trabaja la autonom\u00eda del alumno y se impulsan las actividades fuera del aula como parte fundamental de la actividad docente.<\/p>\n<p>[\/vc_column_text][vc_single_image image=&#8221;26296&#8243; img_size=&#8221;full&#8221; alignment=&#8221;center&#8221;][vc_column_text]<\/p>\n<h2 class=\"fontsizeparraft green\" style=\"text-align: center;\"><span style=\"color: #ffffff;\">2018<\/span><\/h2>\n<p>[\/vc_column_text][vc_single_image image=&#8221;26296&#8243; img_size=&#8221;full&#8221; alignment=&#8221;center&#8221;][vc_column_text]<\/p>\n<p style=\"text-align: center;\">Se introduce el <span style=\"color: #000000; font-weight: 300;\"><span style=\"color: #00833d;\">Aprendizaje Basado en Proyectos (ABP)<\/span><\/span> en la etapa de Bachillerato y se ofrecen itinerarios especializados que se adaptan a las inquietudes de los alumnos:<\/p>\n<p style=\"text-align: center;\"><a href=\"https:\/\/www.batxilleratgranes.com\/es\/bachillerato-tecnologia\/\">Nuevas Tecnolog\u00edas Interactivas<\/a><\/p>\n<p style=\"text-align: center;\"><a href=\"https:\/\/www.batxilleratgranes.com\/es\/bachillerato-en-ciencias-de-la-salud\/\">Ciencias de la Salud<\/a><\/p>\n<p style=\"text-align: center;\"><a href=\"https:\/\/www.batxilleratgranes.com\/es\/bachillerato-en-empresa-y-marqueting\/\">Empresa y Marketing<\/a><\/p>\n<p style=\"text-align: center;\"><a href=\"https:\/\/www.batxilleratgranes.com\/es\/bachillerato-comunicacion-periodismo\/\">Comunicaci\u00f3n y Periodismo<\/a><\/p>\n<p style=\"text-align: center;\"><a href=\"https:\/\/www.batxilleratgranes.com\/es\/bachillerato-artes-escenicas\/\">Artes Esc\u00e9nicas<\/a><\/p>\n<p>[\/vc_column_text][vc_single_image image=&#8221;26296&#8243; img_size=&#8221;full&#8221; alignment=&#8221;center&#8221;][vc_column_text]<\/p>\n<h2 class=\"fontsizeparraft green\" style=\"text-align: center;\"><span style=\"color: #ffffff;\">2023<\/span><\/h2>\n<p>[\/vc_column_text][vc_single_image image=&#8221;26296&#8243; img_size=&#8221;full&#8221; alignment=&#8221;center&#8221;][vc_column_text css=&#8221;&#8221;]<\/p>\n<p style=\"text-align: center;\">Se introduce la modalidad de <span style=\"color: #000000; font-weight: 300;\"><span style=\"color: #00833d;\"><a href=\"https:\/\/www.batxilleratgranes.com\/es\/bachillerato-musica\/\">bachillerato Musical<\/a>.<\/span><\/span> Un itinerario pensado por alumnos desean orientar su carrera profesional hacia la interpretaci\u00f3n y producci\u00f3n musical.<\/p>\n<p>[\/vc_column_text][\/vc_column][\/vc_row][\/vc_section][vc_section][\/vc_section]<\/p>\n<\/div>","protected":false},"excerpt":{"rendered":"<p>[vc_section][vc_row][vc_column][vc_column_text][vc_custom_heading text=&#8221;Historia de Gran\u00e9s Batxillerat&#8221; font_container=&#8221;tag:h1|font_size:60px|text_align:center&#8221; use_theme_fonts=&#8221;yes&#8221; el_class=&#8221;classElemntTitlesResponsive&#8221;][vc_empty_space height=&#8221;30px&#8221;][\/vc_column_text][\/vc_column][\/vc_row][\/vc_section][vc_section][vc_row][vc_column][vc_column_text] 1954 [\/vc_column_text][vc_single_image image=&#8221;26296&#8243; img_size=&#8221;full&#8221; alignment=&#8221;center&#8221; css=&#8221;.vc_custom_1632678348198{margin-top: -37px !important;margin-bottom: 10px !important;}&#8221;][vc_column_text] Joan Gran\u00e9s Deulofeu Funda la Acad\u00e8mia Gran\u00e9s, con la finalidad exclusiva de preparar el ingreso en la Escola T\u00e9cnica Superior d\u2019Enginyers Industrials[\/vc_column_text][vc_single_image image=&#8221;26296&#8243; img_size=&#8221;full&#8221; alignment=&#8221;center&#8221;][vc_column_text css=&#8221;.vc_custom_1632677641675{margin-top: 0px !important;margin-bottom: 0px !important;padding-top: 0px !important;padding-bottom: 0px !important;}&#8221;] 1956 [\/vc_column_text][vc_single_image&hellip;&nbsp;<a href=\"https:\/\/www.batxilleratgranes.com\/es\/historia-de-granes-bachillerato\/\" class=\"\" rel=\"bookmark\">Read More &raquo;<span class=\"screen-reader-text\">Historia de Gran\u00e9s Batxillerat<\/span><\/a><\/p>\n","protected":false},"author":2,"featured_media":0,"parent":0,"menu_order":0,"comment_status":"closed","ping_status":"closed","template":"","meta":{"neve_meta_sidebar":"","neve_meta_container":"","neve_meta_enable_content_width":"off","neve_meta_content_width":100,"neve_meta_title_alignment":"","neve_meta_author_avatar":"","neve_post_elements_order":"","neve_meta_disable_header":"","neve_meta_disable_footer":"","neve_meta_disable_title":"","footnotes":""},"class_list":["post-178","page","type-page","status-publish","hentry"],"yoast_head":"<!-- This site is optimized with the Yoast SEO plugin v23.4 - https:\/\/yoast.com\/wordpress\/plugins\/seo\/ -->\n<title>Hist\u00f2ria Gran\u00e9s Batxillerat - El Centre | Gran\u00e9s Batxillerat<\/title>\n<meta name=\"description\" content=\"Gran\u00e9s Batxillerat \u00e9s un centre hist\u00f2ric que prepara als alumnes des de 1954. Preparem als alumnes per l&#039;acc\u00e9s a la universitat i als CFGS.\" \/>\n<meta name=\"robots\" content=\"index, follow, max-snippet:-1, max-image-preview:large, max-video-preview:-1\" \/>\n<link rel=\"canonical\" href=\"https:\/\/www.batxilleratgranes.com\/es\/historia-de-granes-bachillerato\/\" \/>\n<meta property=\"og:locale\" content=\"es_ES\" \/>\n<meta property=\"og:type\" content=\"article\" \/>\n<meta property=\"og:title\" content=\"Hist\u00f2ria Gran\u00e9s Batxillerat - El Centre | Gran\u00e9s Batxillerat\" \/>\n<meta property=\"og:description\" content=\"Gran\u00e9s Batxillerat \u00e9s un centre hist\u00f2ric que prepara als alumnes des de 1954. Preparem als alumnes per l&#039;acc\u00e9s a la universitat i als CFGS.\" \/>\n<meta property=\"og:url\" content=\"https:\/\/www.batxilleratgranes.com\/es\/historia-de-granes-bachillerato\/\" \/>\n<meta property=\"og:site_name\" content=\"Gran\u00e9s Batxillerat - Escuela especializada en Bachillerato en Barcelona\" \/>\n<meta property=\"article:modified_time\" content=\"2024-07-15T10:58:31+00:00\" \/>\n<meta name=\"twitter:card\" content=\"summary_large_image\" \/>\n<meta name=\"twitter:label1\" content=\"Est. reading time\" \/>\n\t<meta name=\"twitter:data1\" content=\"4 minutes\" \/>\n<script type=\"application\/ld+json\" class=\"yoast-schema-graph\">{\"@context\":\"https:\/\/schema.org\",\"@graph\":[{\"@type\":\"WebPage\",\"@id\":\"https:\/\/www.batxilleratgranes.com\/es\/historia-de-granes-bachillerato\/\",\"url\":\"https:\/\/www.batxilleratgranes.com\/es\/historia-de-granes-bachillerato\/\",\"name\":\"Hist\u00f2ria Gran\u00e9s Batxillerat - El Centre | Gran\u00e9s Batxillerat\",\"isPartOf\":{\"@id\":\"https:\/\/www.batxilleratgranes.com\/es\/#website\"},\"datePublished\":\"2013-02-01T15:48:32+00:00\",\"dateModified\":\"2024-07-15T10:58:31+00:00\",\"description\":\"Gran\u00e9s Batxillerat \u00e9s un centre hist\u00f2ric que prepara als alumnes des de 1954. Preparem als alumnes per l'acc\u00e9s a la universitat i als CFGS.\",\"breadcrumb\":{\"@id\":\"https:\/\/www.batxilleratgranes.com\/es\/historia-de-granes-bachillerato\/#breadcrumb\"},\"inLanguage\":\"es\",\"potentialAction\":[{\"@type\":\"ReadAction\",\"target\":[\"https:\/\/www.batxilleratgranes.com\/es\/historia-de-granes-bachillerato\/\"]}]},{\"@type\":\"BreadcrumbList\",\"@id\":\"https:\/\/www.batxilleratgranes.com\/es\/historia-de-granes-bachillerato\/#breadcrumb\",\"itemListElement\":[{\"@type\":\"ListItem\",\"position\":1,\"name\":\"Inici\",\"item\":\"https:\/\/www.batxilleratgranes.com\/es\/\"},{\"@type\":\"ListItem\",\"position\":2,\"name\":\"Historia de Gran\u00e9s Batxillerat\"}]},{\"@type\":\"WebSite\",\"@id\":\"https:\/\/www.batxilleratgranes.com\/es\/#website\",\"url\":\"https:\/\/www.batxilleratgranes.com\/es\/\",\"name\":\"Gran\u00e9s Batxillerat - Escuela especializada en Bachillerato en Barcelona\",\"description\":\"Escola especialitzada en Batxillerat a Barcelona\",\"publisher\":{\"@id\":\"https:\/\/www.batxilleratgranes.com\/es\/#organization\"},\"potentialAction\":[{\"@type\":\"SearchAction\",\"target\":{\"@type\":\"EntryPoint\",\"urlTemplate\":\"https:\/\/www.batxilleratgranes.com\/es\/?s={search_term_string}\"},\"query-input\":{\"@type\":\"PropertyValueSpecification\",\"valueRequired\":true,\"valueName\":\"search_term_string\"}}],\"inLanguage\":\"es\"},{\"@type\":\"Organization\",\"@id\":\"https:\/\/www.batxilleratgranes.com\/es\/#organization\",\"name\":\"Gran\u00e9s Batxillerat - Escuela especializada en Bachillerato en Barcelona\",\"url\":\"https:\/\/www.batxilleratgranes.com\/es\/\",\"logo\":{\"@type\":\"ImageObject\",\"inLanguage\":\"es\",\"@id\":\"https:\/\/www.batxilleratgranes.com\/es\/#\/schema\/logo\/image\/\",\"url\":\"https:\/\/www.batxilleratgranes.com\/wp-content\/uploads\/2013\/01\/granes1.png\",\"contentUrl\":\"https:\/\/www.batxilleratgranes.com\/wp-content\/uploads\/2013\/01\/granes1.png\",\"width\":292,\"height\":85,\"caption\":\"Gran\u00e9s Batxillerat - Escuela especializada en Bachillerato en Barcelona\"},\"image\":{\"@id\":\"https:\/\/www.batxilleratgranes.com\/es\/#\/schema\/logo\/image\/\"}}]}<\/script>\n<!-- \/ Yoast SEO plugin. -->","yoast_head_json":{"title":"Hist\u00f2ria Gran\u00e9s Batxillerat - El Centre | Gran\u00e9s Batxillerat","description":"Gran\u00e9s Batxillerat \u00e9s un centre hist\u00f2ric que prepara als alumnes des de 1954. Preparem als alumnes per l'acc\u00e9s a la universitat i als CFGS.","robots":{"index":"index","follow":"follow","max-snippet":"max-snippet:-1","max-image-preview":"max-image-preview:large","max-video-preview":"max-video-preview:-1"},"canonical":"https:\/\/www.batxilleratgranes.com\/es\/historia-de-granes-bachillerato\/","og_locale":"es_ES","og_type":"article","og_title":"Hist\u00f2ria Gran\u00e9s Batxillerat - El Centre | Gran\u00e9s Batxillerat","og_description":"Gran\u00e9s Batxillerat \u00e9s un centre hist\u00f2ric que prepara als alumnes des de 1954. Preparem als alumnes per l'acc\u00e9s a la universitat i als CFGS.","og_url":"https:\/\/www.batxilleratgranes.com\/es\/historia-de-granes-bachillerato\/","og_site_name":"Gran\u00e9s Batxillerat - Escuela especializada en Bachillerato en Barcelona","article_modified_time":"2024-07-15T10:58:31+00:00","twitter_card":"summary_large_image","twitter_misc":{"Est. reading time":"4 minutes"},"schema":{"@context":"https:\/\/schema.org","@graph":[{"@type":"WebPage","@id":"https:\/\/www.batxilleratgranes.com\/es\/historia-de-granes-bachillerato\/","url":"https:\/\/www.batxilleratgranes.com\/es\/historia-de-granes-bachillerato\/","name":"Hist\u00f2ria Gran\u00e9s Batxillerat - El Centre | Gran\u00e9s Batxillerat","isPartOf":{"@id":"https:\/\/www.batxilleratgranes.com\/es\/#website"},"datePublished":"2013-02-01T15:48:32+00:00","dateModified":"2024-07-15T10:58:31+00:00","description":"Gran\u00e9s Batxillerat \u00e9s un centre hist\u00f2ric que prepara als alumnes des de 1954. Preparem als alumnes per l'acc\u00e9s a la universitat i als CFGS.","breadcrumb":{"@id":"https:\/\/www.batxilleratgranes.com\/es\/historia-de-granes-bachillerato\/#breadcrumb"},"inLanguage":"es","potentialAction":[{"@type":"ReadAction","target":["https:\/\/www.batxilleratgranes.com\/es\/historia-de-granes-bachillerato\/"]}]},{"@type":"BreadcrumbList","@id":"https:\/\/www.batxilleratgranes.com\/es\/historia-de-granes-bachillerato\/#breadcrumb","itemListElement":[{"@type":"ListItem","position":1,"name":"Inici","item":"https:\/\/www.batxilleratgranes.com\/es\/"},{"@type":"ListItem","position":2,"name":"Historia de Gran\u00e9s Batxillerat"}]},{"@type":"WebSite","@id":"https:\/\/www.batxilleratgranes.com\/es\/#website","url":"https:\/\/www.batxilleratgranes.com\/es\/","name":"Gran\u00e9s Batxillerat - Escuela especializada en Bachillerato en Barcelona","description":"Escola especialitzada en Batxillerat a Barcelona","publisher":{"@id":"https:\/\/www.batxilleratgranes.com\/es\/#organization"},"potentialAction":[{"@type":"SearchAction","target":{"@type":"EntryPoint","urlTemplate":"https:\/\/www.batxilleratgranes.com\/es\/?s={search_term_string}"},"query-input":{"@type":"PropertyValueSpecification","valueRequired":true,"valueName":"search_term_string"}}],"inLanguage":"es"},{"@type":"Organization","@id":"https:\/\/www.batxilleratgranes.com\/es\/#organization","name":"Gran\u00e9s Batxillerat - Escuela especializada en Bachillerato en Barcelona","url":"https:\/\/www.batxilleratgranes.com\/es\/","logo":{"@type":"ImageObject","inLanguage":"es","@id":"https:\/\/www.batxilleratgranes.com\/es\/#\/schema\/logo\/image\/","url":"https:\/\/www.batxilleratgranes.com\/wp-content\/uploads\/2013\/01\/granes1.png","contentUrl":"https:\/\/www.batxilleratgranes.com\/wp-content\/uploads\/2013\/01\/granes1.png","width":292,"height":85,"caption":"Gran\u00e9s Batxillerat - Escuela especializada en Bachillerato en Barcelona"},"image":{"@id":"https:\/\/www.batxilleratgranes.com\/es\/#\/schema\/logo\/image\/"}}]}},"_links":{"self":[{"href":"https:\/\/www.batxilleratgranes.com\/es\/wp-json\/wp\/v2\/pages\/178"}],"collection":[{"href":"https:\/\/www.batxilleratgranes.com\/es\/wp-json\/wp\/v2\/pages"}],"about":[{"href":"https:\/\/www.batxilleratgranes.com\/es\/wp-json\/wp\/v2\/types\/page"}],"author":[{"embeddable":true,"href":"https:\/\/www.batxilleratgranes.com\/es\/wp-json\/wp\/v2\/users\/2"}],"replies":[{"embeddable":true,"href":"https:\/\/www.batxilleratgranes.com\/es\/wp-json\/wp\/v2\/comments?post=178"}],"version-history":[{"count":27,"href":"https:\/\/www.batxilleratgranes.com\/es\/wp-json\/wp\/v2\/pages\/178\/revisions"}],"predecessor-version":[{"id":53586,"href":"https:\/\/www.batxilleratgranes.com\/es\/wp-json\/wp\/v2\/pages\/178\/revisions\/53586"}],"wp:attachment":[{"href":"https:\/\/www.batxilleratgranes.com\/es\/wp-json\/wp\/v2\/media?parent=178"}],"curies":[{"name":"wp","href":"https:\/\/api.w.org\/{rel}","templated":true}]}}