{"id":190,"date":"2013-02-01T16:13:13","date_gmt":"2013-02-01T16:13:13","guid":{"rendered":"http:\/\/www.bachilleratogranes.com\/?page_id=190"},"modified":"2022-07-15T12:40:53","modified_gmt":"2022-07-15T12:40:53","slug":"modalidades","status":"publish","type":"page","link":"https:\/\/www.batxilleratgranes.com\/es\/modalidades\/","title":{"rendered":"Modalidades"},"content":{"rendered":"<div class=\"wpb-content-wrapper\"><p>[vc_section][vc_row][vc_column][vc_column_text][vc_custom_heading text=&#8221;Modalidades_&#8221; font_container=&#8221;tag:h1|font_size:60px|text_align:center&#8221; use_theme_fonts=&#8221;yes&#8221; el_class=&#8221;classElemntTitlesResponsive&#8221;][vc_empty_space height=&#8221;60px&#8221;][\/vc_column_text][\/vc_column][\/vc_row][\/vc_section][vc_section][vc_row][vc_column][vc_column_text]<span class=\"fontsizeparraf\" style=\"color: #000000; font-weight: 300;\">Las modalidades del bachillerato tienen como finalidad proporcionar una formaci\u00f3n de car\u00e1cter espec\u00edfico que oriente en el \u00e1mbito de conocimiento escogido, desarrolle las competencias que tienen m\u00e1s relaci\u00f3n con \u00e9ste, prepare para una variedad de estudios posteriores y favorezca la inserci\u00f3n en un campo laboral determinado.<\/span><\/p>\n<p><span class=\"fontsizeparraf\" style=\"color: #000000; font-weight: 300;\">Existe relaci\u00f3n entre la modalidad que escoger\u00e1s, los grandes \u00e1mbitos del saber y lo que aprender\u00e1s durante la educaci\u00f3n superior a la que tendr\u00e1s acceso cuando acabes el bachillerato (grados universitarios o ciclos formativos de grado superior).<\/span><\/p>\n<p><span class=\"fontsizeparraf\" style=\"color: #000000; font-weight: 300;\">Es importante que consideres tus preferencias y capacidades para elegir la modalidad que mejor se adapte a tu potencial. En Gran\u00e9s Batxillerat desarrollar\u00e1s y completar\u00e1s tu curr\u00edculum con la ayuda de nuestro equipo docente y adquirir\u00e1s las t\u00e9cnicas y los procedimientos para poder prepararte para los estudios posteriores. Tus tutores te orientar\u00e1n en esta labor tan decisiva para tu futuro.<\/span>[\/vc_column_text][\/vc_column][\/vc_row][\/vc_section][vc_section][vc_row][vc_column][vc_custom_heading text=&#8221;Tres modalidades_&#8221; font_container=&#8221;tag:h2|text_align:center|color:%2300833d&#8221; use_theme_fonts=&#8221;yes&#8221; el_class=&#8221;customClassBoxer&#8221;][vc_row_inner equal_height=&#8221;yes&#8221; gap=&#8221;15&#8243; css=&#8221;.vc_custom_1579850892857{margin-right: 20% !important;margin-left: 20% !important;}&#8221; el_id=&#8221;elementrowmargins&#8221;][vc_column_inner width=&#8221;1\/3&#8243;][vc_column_text]<\/p>\n<div>\n<p><img loading=\"lazy\" decoding=\"async\" class=\"alignnone size-full wp-image-19241\" src=\"https:\/\/www.batxilleratgranes.com\/wp-content\/uploads\/2020\/10\/modalitats-08.jpg\" alt=\"\" width=\"334\" height=\"332\" \/><\/p>\n<div style=\"width: 100%; background-color: #00833d; color: white; text-align: center;\">Modalidad<br \/>\nde Ciencias<br \/>\ny Tecnolog\u00eda<\/div>\n<\/div>\n<p>[\/vc_column_text][\/vc_column_inner][vc_column_inner width=&#8221;1\/3&#8243;][vc_column_text]<img loading=\"lazy\" decoding=\"async\" class=\"alignnone wp-image-19244 size-full\" src=\"https:\/\/www.batxilleratgranes.com\/wp-content\/uploads\/2020\/10\/modalitats-09.jpg\" alt=\"\" width=\"334\" height=\"332\" \/><\/p>\n<div style=\"width: 100%; background-color: #00833d; color: white; text-align: center;\">Modalidad<br \/>\nde Humanidades<br \/>\ny Ciencias Sociales<\/div>\n<p>[\/vc_column_text][\/vc_column_inner][vc_column_inner width=&#8221;1\/3&#8243;][vc_column_text]<img loading=\"lazy\" decoding=\"async\" class=\"alignnone wp-image-19246 size-full\" src=\"https:\/\/www.batxilleratgranes.com\/wp-content\/uploads\/2020\/10\/modalitats-10.jpg\" alt=\"\" width=\"334\" height=\"332\" \/><\/p>\n<div style=\"width: 100%; background-color: #00833d; color: white; text-align: center;\">Modalidad de Artes v\u00eda<br \/>\nde Artes Esc\u00e9nicas,<br \/>\nM\u00fasica y Danza<\/div>\n<p>[\/vc_column_text][\/vc_column_inner][\/vc_row_inner][\/vc_column][\/vc_row][\/vc_section][vc_section css=&#8221;.vc_custom_1573734905529{margin-top: 35px !important;margin-bottom: 35px !important;padding-bottom: 35px !important;background-color: #00833d !important;}&#8221;][vc_row][vc_column][vc_custom_heading text=&#8221;Modalidad de Ciencias y Tecnolog\u00eda&#8221; font_container=&#8221;tag:h2|text_align:center|color:%23ffffff&#8221; use_theme_fonts=&#8221;yes&#8221; css=&#8221;.vc_custom_1633956928623{margin-top: 0px !important;margin-bottom: 0px !important;padding-top: 0px !important;padding-bottom: 0px !important;}&#8221; el_class=&#8221;customClassBoxer2&#8243;][\/vc_column][\/vc_row][\/vc_section][vc_section][vc_row][vc_column][vc_column_text]<span class=\"fontsizeparraf\" style=\"color: #000000; font-weight: 300;\">\u00bfTe interesan las ciencias emp\u00edricas (f\u00edsica, qu\u00edmica, biolog\u00eda), las matem\u00e1ticas, las ingenier\u00edas y la arquitectura, los estudios relacionados con contenidos biosanitarios y de la salud, el mundo de los procesos tecnol\u00f3gicos y de los materiales, instrumentos, aparatos y m\u00e1quinas utilizadas en la producci\u00f3n de bienes y servicios?<\/span><\/p>\n<p><span class=\"fontsizeparraf\" style=\"color: #000000; font-weight: 300;\">[\/vc_column_text][vc_custom_heading text=&#8221;\u00bfQu\u00e9 te aportar\u00e1 esta modalidad?_&#8221; font_container=&#8221;tag:h2|text_align:left|color:%2300833d&#8221; use_theme_fonts=&#8221;yes&#8221; el_class=&#8221;customClassBoxer2&#8243;][vc_column_text]<span class=\"fontsizeparraf\" style=\"color: #000000; font-weight: 300;\">Profundizar\u00e1s en las ciencias y las tecnolog\u00edas y te familiarizar\u00e1s con los m\u00e9todos rigurosos y cr\u00edticos de trabajo, que te permitan valorar de una manera cr\u00edtica la relaci\u00f3n entre ciencia, tecnolog\u00eda y sociedad.<\/span><em><span class=\"fontsizeparraf\" style=\"color: #000000; font-weight: 300;\"><br \/>\n<\/span><\/em><\/span><\/p>\n<p><span class=\"fontsizeparraf\" style=\"color: #000000; font-weight: 300;\">Potenciar\u00e1s la observaci\u00f3n, el an\u00e1lisis, la investigaci\u00f3n, el razonamiento l\u00f3gico abstracto, la s\u00edntesis de la informaci\u00f3n tecnicocient\u00edfica, y las habilidades procedimentales relacionadas con la investigaci\u00f3n y con el uso del material de laboratorio&#8230;<\/span><\/p>\n<p><span class=\"fontsizeparraf\" style=\"color: #000000; font-weight: 300;\">Utilizar\u00e1s los m\u00e9todos de trabajo y las t\u00e9cnicas cient\u00edficas y tecnol\u00f3gicas que te permitir\u00e1n un acercamiento riguroso y cr\u00edtico a la realidad tecnol\u00f3gica, industrial y de la salud; as\u00ed como al dise\u00f1o.<\/span>[\/vc_column_text][vc_custom_heading text=&#8221;Salidas_&#8221; font_container=&#8221;tag:h2|text_align:left|color:%2300833d&#8221; use_theme_fonts=&#8221;yes&#8221; el_class=&#8221;customClassBoxer2&#8243;][vc_column_text]Previa superaci\u00f3n de las PAU (Pruebas de Acceso a la Universidad) tendr\u00e9is la preparaci\u00f3n necesaria para acceder preferentemente a los estudios de las ramas de conocimiento de: ciencias, ciencias de la salud e ingenier\u00eda y arquitectura.<\/p>\n<p>Tambi\u00e9n, aprobando este bachillerato, podr\u00e9is acceder a CFGS con formaci\u00f3n de T\u00e9cnico especialista en familias profesionales como qu\u00edmica, sanidad, seguridad y medio ambiente, industrias alimentarias, actividades f\u00edsicas y deportivas, edificaci\u00f3n y obra civil.[\/vc_column_text][vc_single_image image=&#8221;19260&#8243; img_size=&#8221;full&#8221; el_class=&#8221;oneclass&#8221;][vc_single_image image=&#8221;19262&#8243; img_size=&#8221;full&#8221;][\/vc_column][\/vc_row][\/vc_section][vc_section css=&#8221;.vc_custom_1573735015734{margin-top: 35px !important;margin-bottom: 35px !important;padding-bottom: 35px !important;background-color: #00833d !important;}&#8221;][vc_row][vc_column][vc_custom_heading text=&#8221;Modalidad de Humanidades<br \/>\ny Ciencias Sociales&#8221; font_container=&#8221;tag:h2|text_align:center|color:%23ffffff&#8221; use_theme_fonts=&#8221;yes&#8221; css=&#8221;.vc_custom_1636029858098{margin-top: 0px !important;margin-bottom: 0px !important;padding-top: 0px !important;padding-bottom: 0px !important;}&#8221; el_class=&#8221;customClassBoxer2&#8243;][\/vc_column][\/vc_row][\/vc_section][vc_section][vc_row][vc_column][vc_column_text]\u00bfTe interesa la pol\u00edtica, la comunicaci\u00f3n, la justicia, la econom\u00eda y la empresa, la educaci\u00f3n, la historia o la sociolog\u00eda?<br \/>\n\u00a1Esta es, pues, tu modalidad![\/vc_column_text][vc_custom_heading text=&#8221;\u00bfQu\u00e9 te aportar\u00e1 esta modalidad?_&#8221; font_container=&#8221;tag:h2|text_align:left|color:%2300833d&#8221; use_theme_fonts=&#8221;yes&#8221; el_class=&#8221;customClassBoxer2&#8243;][vc_column_text]<span class=\"fontsizeparraf\" style=\"color: #000000; font-weight: 300;\">Acanzar\u00e1s una visi\u00f3n global e integrada de los elementos que conforman la sociedad y la cultura, y descubrir\u00e1s las relaciones entre ellos. Ser\u00e1s consciente de la dimensi\u00f3n hist\u00f3rica y cambiante de la lengua, la literatura, el arte, la pol\u00edtica,\u2026, as\u00ed como de la realidad econ\u00f3mica y del mundo de la empresa.<\/span><\/p>\n<p><span class=\"fontsizeparraf\" style=\"color: #000000; font-weight: 300;\">Potenciar\u00e1s el an\u00e1lisis, la interpretaci\u00f3n, el sentido cr\u00edtico y la formaci\u00f3n de opini\u00f3n propia en las diferentes asignaturas. Tambi\u00e9n trabajar\u00e1s la capacidad de confeccionar esquemas, diagramas, res\u00famenes y fichas, las exposiciones orales y debates, la utilizaci\u00f3n de fuentes bibliogr\u00e1ficas,\u2026.<br \/>\n<\/span><\/p>\n<p><span class=\"fontsizeparraf\" style=\"color: #000000; font-weight: 300;\">Profundizar\u00e1s en el pasado y en el presente del fen\u00f3meno humano, en su historia, sociedad y cultura y en los m\u00e9todos de trabajo y las t\u00e9cnicas que permiten un acercamiento riguroso y cr\u00edtico a la realidad humana, econ\u00f3mica y social.<\/span>[\/vc_column_text][vc_custom_heading text=&#8221;Salidas_&#8221; font_container=&#8221;tag:h2|text_align:left|color:%2300833d&#8221; use_theme_fonts=&#8221;yes&#8221; el_class=&#8221;customClassBoxer2&#8243;][vc_column_text]Previa superaci\u00f3n del examen de las PAU tendr\u00e9is la preparaci\u00f3n para acceder a los estudios en las ramas de conocimiento de: Artes y Humanidades y Ciencias Sociales y Jur\u00eddicas.<\/p>\n<p>Por otro lado, aprobando este bachillerato podr\u00e9is acceder a CFGS con formaci\u00f3n de T\u00e9cnico especialista en sectores profesionales como por ejemplo la administraci\u00f3n y gesti\u00f3n, comercio y marketing, hosteler\u00eda y turismo, servicios socioculturales y a la comunidad.[\/vc_column_text][vc_single_image image=&#8221;19260&#8243; img_size=&#8221;full&#8221; el_class=&#8221;oneclass&#8221;][vc_single_image image=&#8221;19262&#8243; img_size=&#8221;full&#8221;][\/vc_column][\/vc_row][\/vc_section][vc_section css=&#8221;.vc_custom_1573735078057{margin-top: 35px !important;margin-bottom: 35px !important;padding-bottom: 35px !important;background-color: #00833d !important;}&#8221;][vc_row][vc_column][vc_custom_heading text=&#8221;Modalidad de ARTES v\u00eda<br \/>\nde Artes Esc\u00e9nicas, M\u00fasica y Danza&#8221; font_container=&#8221;tag:h2|text_align:center|color:%23ffffff&#8221; use_theme_fonts=&#8221;yes&#8221; css=&#8221;.vc_custom_1633957312636{margin-top: 0px !important;margin-bottom: 0px !important;padding-top: 0px !important;padding-bottom: 0px !important;}&#8221; el_class=&#8221;customClassBoxer2&#8243;][\/vc_column][\/vc_row][\/vc_section][vc_section css=&#8221;.vc_custom_1573735238650{margin-bottom: 35px !important;}&#8221;][vc_row][vc_column][vc_column_text]<span class=\"fontsizeparraf\" style=\"color: #000000; font-weight: 300;\">\u00bfTe interesan las artes esc\u00e9nicas, el an\u00e1lisis musical, la historia de la m\u00fasica y de la danza, la cultura audiovisual, la literatura,\u2026?<\/span>[\/vc_column_text][vc_custom_heading text=&#8221;\u00bfQu\u00e9 te aportar\u00e1 esta modalidad?_&#8221; font_container=&#8221;tag:h2|text_align:left|color:%2300833d&#8221; use_theme_fonts=&#8221;yes&#8221; el_class=&#8221;customClassBoxer2&#8243;][vc_column_text]<span class=\"fontsizeparraf\" style=\"color: #000000; font-weight: 300;\">Alcanzar\u00e1s capacidades de comprensi\u00f3n cr\u00edtica de las artes esc\u00e9nicas, la m\u00fasica, el teatro y la danza y la capacidad para valorar y realizar representaciones y espect\u00e1culos art\u00edsticos, esc\u00e9nicos y musicales.<\/span><\/p>\n<p><span class=\"fontsizeparraf\" style=\"color: #000000; font-weight: 300;\"> Los estudios de esta modalidad est\u00e1n relacionados con el afino de la sensibilidad, la expresividad corporal y la creatividad necesarias para la comunicaci\u00f3n esc\u00e9nica, el discurso musical y la danza.<\/span><\/p>\n<p><span class=\"fontsizeparraf\" style=\"color: #000000; font-weight: 300;\">Podr\u00e1s desarrollar la educaci\u00f3n perceptiva y de la sensibilidad. Este itinerario facilita la simultaneidad de cursar estudios de m\u00fasica y danza.<\/span>[\/vc_column_text][vc_custom_heading text=&#8221;Salidas_&#8221; font_container=&#8221;tag:h2|text_align:left|color:%2300833d&#8221; use_theme_fonts=&#8221;yes&#8221; el_class=&#8221;customClassBoxer2&#8243;][vc_column_text]Previa superaci\u00f3n de las PAU tendr\u00e1s la preparaci\u00f3n para acceder a los estudios de la rama de conocimiento de artes y humanidades.<\/p>\n<p>Aprobando este bachillerato, tambi\u00e9n podr\u00e1s acceder a\u00a0CFGS\u00a0con formaci\u00f3n de T\u00e9cnico especialista en imagen y sonido, comunicaci\u00f3n y servicios socioculturales.[\/vc_column_text][vc_single_image image=&#8221;19260&#8243; img_size=&#8221;full&#8221; el_class=&#8221;oneclass&#8221;][vc_single_image image=&#8221;19262&#8243; img_size=&#8221;full&#8221;][\/vc_column][\/vc_row][\/vc_section]<\/p>\n<\/div>","protected":false},"excerpt":{"rendered":"<p>[vc_section][vc_row][vc_column][vc_column_text][vc_custom_heading text=&#8221;Modalidades_&#8221; font_container=&#8221;tag:h1|font_size:60px|text_align:center&#8221; use_theme_fonts=&#8221;yes&#8221; el_class=&#8221;classElemntTitlesResponsive&#8221;][vc_empty_space height=&#8221;60px&#8221;][\/vc_column_text][\/vc_column][\/vc_row][\/vc_section][vc_section][vc_row][vc_column][vc_column_text]Las modalidades del bachillerato tienen como finalidad proporcionar una formaci\u00f3n de car\u00e1cter espec\u00edfico que oriente en el \u00e1mbito de conocimiento escogido, desarrolle las competencias que tienen m\u00e1s relaci\u00f3n con \u00e9ste, prepare para una variedad de estudios posteriores y favorezca la inserci\u00f3n en un campo laboral determinado. Existe relaci\u00f3n entre la&hellip;&nbsp;<a href=\"https:\/\/www.batxilleratgranes.com\/es\/modalidades\/\" class=\"\" rel=\"bookmark\">Read More &raquo;<span class=\"screen-reader-text\">Modalidades<\/span><\/a><\/p>\n","protected":false},"author":2,"featured_media":0,"parent":0,"menu_order":0,"comment_status":"closed","ping_status":"closed","template":"","meta":{"neve_meta_sidebar":"","neve_meta_container":"","neve_meta_enable_content_width":"off","neve_meta_content_width":100,"neve_meta_title_alignment":"","neve_meta_author_avatar":"","neve_post_elements_order":"","neve_meta_disable_header":"","neve_meta_disable_footer":"","neve_meta_disable_title":"","footnotes":""},"class_list":["post-190","page","type-page","status-publish","hentry"],"yoast_head":"<!-- This site is optimized with the Yoast SEO plugin v23.4 - https:\/\/yoast.com\/wordpress\/plugins\/seo\/ -->\n<title>Modalitats - Batxillerat | Gran\u00e9s Batxillerat<\/title>\n<meta name=\"description\" content=\"Les Modalitats del batxillerat tenen com a finalitat proporcionar una formaci\u00f3 de car\u00e0cter espec\u00edfic que orienti en l\u2019\u00e0mbit de coneixement escollit.\" \/>\n<meta name=\"robots\" content=\"index, follow, max-snippet:-1, max-image-preview:large, max-video-preview:-1\" \/>\n<link rel=\"canonical\" href=\"https:\/\/www.batxilleratgranes.com\/es\/modalidades\/\" \/>\n<meta property=\"og:locale\" content=\"es_ES\" \/>\n<meta property=\"og:type\" content=\"article\" \/>\n<meta property=\"og:title\" content=\"Modalitats - Batxillerat | Gran\u00e9s Batxillerat\" \/>\n<meta property=\"og:description\" content=\"Les Modalitats del batxillerat tenen com a finalitat proporcionar una formaci\u00f3 de car\u00e0cter espec\u00edfic que orienti en l\u2019\u00e0mbit de coneixement escollit.\" \/>\n<meta property=\"og:url\" content=\"https:\/\/www.batxilleratgranes.com\/es\/modalidades\/\" \/>\n<meta property=\"og:site_name\" content=\"Gran\u00e9s Batxillerat - Escuela especializada en Bachillerato en Barcelona\" \/>\n<meta property=\"article:modified_time\" content=\"2022-07-15T12:40:53+00:00\" \/>\n<meta property=\"og:image\" content=\"https:\/\/www.batxilleratgranes.com\/wp-content\/uploads\/2020\/10\/modalitats-08.jpg\" \/>\n<meta name=\"twitter:card\" content=\"summary_large_image\" \/>\n<meta name=\"twitter:label1\" content=\"Est. reading time\" \/>\n\t<meta name=\"twitter:data1\" content=\"6 minutes\" \/>\n<script type=\"application\/ld+json\" class=\"yoast-schema-graph\">{\"@context\":\"https:\/\/schema.org\",\"@graph\":[{\"@type\":\"WebPage\",\"@id\":\"https:\/\/www.batxilleratgranes.com\/es\/modalidades\/\",\"url\":\"https:\/\/www.batxilleratgranes.com\/es\/modalidades\/\",\"name\":\"Modalitats - Batxillerat | Gran\u00e9s Batxillerat\",\"isPartOf\":{\"@id\":\"https:\/\/www.batxilleratgranes.com\/es\/#website\"},\"primaryImageOfPage\":{\"@id\":\"https:\/\/www.batxilleratgranes.com\/es\/modalidades\/#primaryimage\"},\"image\":{\"@id\":\"https:\/\/www.batxilleratgranes.com\/es\/modalidades\/#primaryimage\"},\"thumbnailUrl\":\"https:\/\/www.batxilleratgranes.com\/wp-content\/uploads\/2020\/10\/modalitats-08.jpg\",\"datePublished\":\"2013-02-01T16:13:13+00:00\",\"dateModified\":\"2022-07-15T12:40:53+00:00\",\"description\":\"Les Modalitats del batxillerat tenen com a finalitat proporcionar una formaci\u00f3 de car\u00e0cter espec\u00edfic que orienti en l\u2019\u00e0mbit de coneixement escollit.\",\"breadcrumb\":{\"@id\":\"https:\/\/www.batxilleratgranes.com\/es\/modalidades\/#breadcrumb\"},\"inLanguage\":\"es\",\"potentialAction\":[{\"@type\":\"ReadAction\",\"target\":[\"https:\/\/www.batxilleratgranes.com\/es\/modalidades\/\"]}]},{\"@type\":\"ImageObject\",\"inLanguage\":\"es\",\"@id\":\"https:\/\/www.batxilleratgranes.com\/es\/modalidades\/#primaryimage\",\"url\":\"https:\/\/www.batxilleratgranes.com\/wp-content\/uploads\/2020\/10\/modalitats-08.jpg\",\"contentUrl\":\"https:\/\/www.batxilleratgranes.com\/wp-content\/uploads\/2020\/10\/modalitats-08.jpg\"},{\"@type\":\"BreadcrumbList\",\"@id\":\"https:\/\/www.batxilleratgranes.com\/es\/modalidades\/#breadcrumb\",\"itemListElement\":[{\"@type\":\"ListItem\",\"position\":1,\"name\":\"Inici\",\"item\":\"https:\/\/www.batxilleratgranes.com\/es\/\"},{\"@type\":\"ListItem\",\"position\":2,\"name\":\"Modalidades\"}]},{\"@type\":\"WebSite\",\"@id\":\"https:\/\/www.batxilleratgranes.com\/es\/#website\",\"url\":\"https:\/\/www.batxilleratgranes.com\/es\/\",\"name\":\"Gran\u00e9s Batxillerat - Escuela especializada en Bachillerato en Barcelona\",\"description\":\"Escola especialitzada en Batxillerat a Barcelona\",\"publisher\":{\"@id\":\"https:\/\/www.batxilleratgranes.com\/es\/#organization\"},\"potentialAction\":[{\"@type\":\"SearchAction\",\"target\":{\"@type\":\"EntryPoint\",\"urlTemplate\":\"https:\/\/www.batxilleratgranes.com\/es\/?s={search_term_string}\"},\"query-input\":{\"@type\":\"PropertyValueSpecification\",\"valueRequired\":true,\"valueName\":\"search_term_string\"}}],\"inLanguage\":\"es\"},{\"@type\":\"Organization\",\"@id\":\"https:\/\/www.batxilleratgranes.com\/es\/#organization\",\"name\":\"Gran\u00e9s Batxillerat - Escuela especializada en Bachillerato en Barcelona\",\"url\":\"https:\/\/www.batxilleratgranes.com\/es\/\",\"logo\":{\"@type\":\"ImageObject\",\"inLanguage\":\"es\",\"@id\":\"https:\/\/www.batxilleratgranes.com\/es\/#\/schema\/logo\/image\/\",\"url\":\"https:\/\/www.batxilleratgranes.com\/wp-content\/uploads\/2013\/01\/granes1.png\",\"contentUrl\":\"https:\/\/www.batxilleratgranes.com\/wp-content\/uploads\/2013\/01\/granes1.png\",\"width\":292,\"height\":85,\"caption\":\"Gran\u00e9s Batxillerat - Escuela especializada en Bachillerato en Barcelona\"},\"image\":{\"@id\":\"https:\/\/www.batxilleratgranes.com\/es\/#\/schema\/logo\/image\/\"}}]}<\/script>\n<!-- \/ Yoast SEO plugin. -->","yoast_head_json":{"title":"Modalitats - Batxillerat | Gran\u00e9s Batxillerat","description":"Les Modalitats del batxillerat tenen com a finalitat proporcionar una formaci\u00f3 de car\u00e0cter espec\u00edfic que orienti en l\u2019\u00e0mbit de coneixement escollit.","robots":{"index":"index","follow":"follow","max-snippet":"max-snippet:-1","max-image-preview":"max-image-preview:large","max-video-preview":"max-video-preview:-1"},"canonical":"https:\/\/www.batxilleratgranes.com\/es\/modalidades\/","og_locale":"es_ES","og_type":"article","og_title":"Modalitats - Batxillerat | Gran\u00e9s Batxillerat","og_description":"Les Modalitats del batxillerat tenen com a finalitat proporcionar una formaci\u00f3 de car\u00e0cter espec\u00edfic que orienti en l\u2019\u00e0mbit de coneixement escollit.","og_url":"https:\/\/www.batxilleratgranes.com\/es\/modalidades\/","og_site_name":"Gran\u00e9s Batxillerat - Escuela especializada en Bachillerato en Barcelona","article_modified_time":"2022-07-15T12:40:53+00:00","og_image":[{"url":"https:\/\/www.batxilleratgranes.com\/wp-content\/uploads\/2020\/10\/modalitats-08.jpg"}],"twitter_card":"summary_large_image","twitter_misc":{"Est. reading time":"6 minutes"},"schema":{"@context":"https:\/\/schema.org","@graph":[{"@type":"WebPage","@id":"https:\/\/www.batxilleratgranes.com\/es\/modalidades\/","url":"https:\/\/www.batxilleratgranes.com\/es\/modalidades\/","name":"Modalitats - Batxillerat | Gran\u00e9s Batxillerat","isPartOf":{"@id":"https:\/\/www.batxilleratgranes.com\/es\/#website"},"primaryImageOfPage":{"@id":"https:\/\/www.batxilleratgranes.com\/es\/modalidades\/#primaryimage"},"image":{"@id":"https:\/\/www.batxilleratgranes.com\/es\/modalidades\/#primaryimage"},"thumbnailUrl":"https:\/\/www.batxilleratgranes.com\/wp-content\/uploads\/2020\/10\/modalitats-08.jpg","datePublished":"2013-02-01T16:13:13+00:00","dateModified":"2022-07-15T12:40:53+00:00","description":"Les Modalitats del batxillerat tenen com a finalitat proporcionar una formaci\u00f3 de car\u00e0cter espec\u00edfic que orienti en l\u2019\u00e0mbit de coneixement escollit.","breadcrumb":{"@id":"https:\/\/www.batxilleratgranes.com\/es\/modalidades\/#breadcrumb"},"inLanguage":"es","potentialAction":[{"@type":"ReadAction","target":["https:\/\/www.batxilleratgranes.com\/es\/modalidades\/"]}]},{"@type":"ImageObject","inLanguage":"es","@id":"https:\/\/www.batxilleratgranes.com\/es\/modalidades\/#primaryimage","url":"https:\/\/www.batxilleratgranes.com\/wp-content\/uploads\/2020\/10\/modalitats-08.jpg","contentUrl":"https:\/\/www.batxilleratgranes.com\/wp-content\/uploads\/2020\/10\/modalitats-08.jpg"},{"@type":"BreadcrumbList","@id":"https:\/\/www.batxilleratgranes.com\/es\/modalidades\/#breadcrumb","itemListElement":[{"@type":"ListItem","position":1,"name":"Inici","item":"https:\/\/www.batxilleratgranes.com\/es\/"},{"@type":"ListItem","position":2,"name":"Modalidades"}]},{"@type":"WebSite","@id":"https:\/\/www.batxilleratgranes.com\/es\/#website","url":"https:\/\/www.batxilleratgranes.com\/es\/","name":"Gran\u00e9s Batxillerat - Escuela especializada en Bachillerato en Barcelona","description":"Escola especialitzada en Batxillerat a Barcelona","publisher":{"@id":"https:\/\/www.batxilleratgranes.com\/es\/#organization"},"potentialAction":[{"@type":"SearchAction","target":{"@type":"EntryPoint","urlTemplate":"https:\/\/www.batxilleratgranes.com\/es\/?s={search_term_string}"},"query-input":{"@type":"PropertyValueSpecification","valueRequired":true,"valueName":"search_term_string"}}],"inLanguage":"es"},{"@type":"Organization","@id":"https:\/\/www.batxilleratgranes.com\/es\/#organization","name":"Gran\u00e9s Batxillerat - Escuela especializada en Bachillerato en Barcelona","url":"https:\/\/www.batxilleratgranes.com\/es\/","logo":{"@type":"ImageObject","inLanguage":"es","@id":"https:\/\/www.batxilleratgranes.com\/es\/#\/schema\/logo\/image\/","url":"https:\/\/www.batxilleratgranes.com\/wp-content\/uploads\/2013\/01\/granes1.png","contentUrl":"https:\/\/www.batxilleratgranes.com\/wp-content\/uploads\/2013\/01\/granes1.png","width":292,"height":85,"caption":"Gran\u00e9s Batxillerat - Escuela especializada en Bachillerato en Barcelona"},"image":{"@id":"https:\/\/www.batxilleratgranes.com\/es\/#\/schema\/logo\/image\/"}}]}},"_links":{"self":[{"href":"https:\/\/www.batxilleratgranes.com\/es\/wp-json\/wp\/v2\/pages\/190"}],"collection":[{"href":"https:\/\/www.batxilleratgranes.com\/es\/wp-json\/wp\/v2\/pages"}],"about":[{"href":"https:\/\/www.batxilleratgranes.com\/es\/wp-json\/wp\/v2\/types\/page"}],"author":[{"embeddable":true,"href":"https:\/\/www.batxilleratgranes.com\/es\/wp-json\/wp\/v2\/users\/2"}],"replies":[{"embeddable":true,"href":"https:\/\/www.batxilleratgranes.com\/es\/wp-json\/wp\/v2\/comments?post=190"}],"version-history":[{"count":32,"href":"https:\/\/www.batxilleratgranes.com\/es\/wp-json\/wp\/v2\/pages\/190\/revisions"}],"predecessor-version":[{"id":42636,"href":"https:\/\/www.batxilleratgranes.com\/es\/wp-json\/wp\/v2\/pages\/190\/revisions\/42636"}],"wp:attachment":[{"href":"https:\/\/www.batxilleratgranes.com\/es\/wp-json\/wp\/v2\/media?parent=190"}],"curies":[{"name":"wp","href":"https:\/\/api.w.org\/{rel}","templated":true}]}}