{"id":2045,"date":"2013-03-20T09:42:35","date_gmt":"2013-03-20T09:42:35","guid":{"rendered":"http:\/\/www.bachilleratogranes.com\/?page_id=2045"},"modified":"2025-07-22T08:22:09","modified_gmt":"2025-07-22T08:22:09","slug":"acceso-universidad","status":"publish","type":"page","link":"https:\/\/www.batxilleratgranes.com\/es\/acceso-universidad\/","title":{"rendered":"Acceso a la universidad"},"content":{"rendered":"<div class=\"wpb-content-wrapper\"><p>[vc_section][vc_row][vc_column][vc_column_text][vc_custom_heading text=&#8221;Acceso a la universidad&#8221; font_container=&#8221;tag:h1|font_size:60px|text_align:center&#8221; use_theme_fonts=&#8221;yes&#8221; el_class=&#8221;classElemntTitlesResponsive&#8221;][vc_empty_space height=&#8221;30px&#8221;]<\/p>\n<p class=\"fontsizeparraft\" style=\"text-align: center; font-weight: 300;\"><span style=\"color: #000000;\">A continuaci\u00f3n os facilitamos los diferentes enlaces de inter\u00e9s relacionados con el proceso de preinscripci\u00f3n y acceso a la Universidad:<\/span><\/p>\n<p>[\/vc_column_text][\/vc_column][\/vc_row][\/vc_section][vc_section][vc_row equal_height=&#8221;yes&#8221;][vc_column width=&#8221;1\/2&#8243; css=&#8221;.vc_custom_1574166347421{padding-right: 15% !important;padding-bottom: 10% !important;padding-left: 15% !important;}&#8221;][vc_column_text css=&#8221;&#8221;]<\/p>\n<h3 class=\"headersClasserSub\"><strong><span style=\"color: #00833d;\">Notas de corte<br \/>\nJunio 2025_<\/span><\/strong><\/h3>\n<p>[\/vc_column_text][vc_btn title=&#8221;ACCEDE&#8221; style=&#8221;classic&#8221; shape=&#8221;square&#8221; link=&#8221;url:https%3A%2F%2Funiversitats.gencat.cat%2Fca%2Fpreinscripcions%2Fsobre-preinscripcio%2Fnotes-tall%2F|title:https%3A%2F%2Funiversitats.gencat.cat%2Fca%2Fpreinscripcions%2Fsobre-preinscripcio%2Fnotes-tall%2F&#8221;][\/vc_column][vc_column width=&#8221;1\/2&#8243;][vc_column_text]<\/p>\n<h3 class=\"headersClasserSub\"><strong><span style=\"color: #00833d;\"><span style=\"color: #000000;\">Cuadro de <\/span><span style=\"color: #000000;\">ponderaciones de las PAU<\/span><\/span><\/strong><\/h3>\n<p>[\/vc_column_text][vc_btn title=&#8221;ACCEDE&#8221; style=&#8221;classic&#8221; shape=&#8221;square&#8221; css=&#8221;&#8221; link=&#8221;url:https%3A%2F%2Fwww.batxilleratgranes.com%2Fwp-content%2Fuploads%2F2025%2F05%2FPonderacions-2026_v5.pdf|title:https%3A%2F%2Funiversitats.gencat.cat%2Fca%2Fpreinscripcions%2Fsobre-preinscripcio%2Fponderacions%2F&#8221;][\/vc_column][\/vc_row][vc_row equal_height=&#8221;yes&#8221;][vc_column width=&#8221;1\/2&#8243; css=&#8221;.vc_custom_1574166347421{padding-right: 15% !important;padding-bottom: 10% !important;padding-left: 15% !important;}&#8221;][vc_column_text]<\/p>\n<h3 class=\"headersClasserSub\"><strong><span style=\"color: #00833d;\"><span style=\"color: #000000;\">Accesnet, preinscripci\u00f3n universitaria<\/span><\/span><\/strong><\/h3>\n<p>[\/vc_column_text][vc_btn title=&#8221;ACCEDE&#8221; style=&#8221;classic&#8221; shape=&#8221;square&#8221; link=&#8221;url:https%3A%2F%2Faccesuniversitat.gencat.cat%2F|title:https%3A%2F%2Faccesuniversitat.gencat.cat%2F||&#8221;][\/vc_column][vc_column width=&#8221;1\/2&#8243;][vc_column_text]<\/p>\n<h3 class=\"headersClasserSub\"><strong><span style=\"color: #00833d;\">Acceso y admisi\u00f3n<br \/>\na la universidad_<\/span><\/strong><\/h3>\n<p>[\/vc_column_text][vc_btn title=&#8221;ACCEDE&#8221; style=&#8221;classic&#8221; shape=&#8221;square&#8221; css=&#8221;&#8221; link=&#8221;url:https%3A%2F%2Fagora.xtec.cat%2Fiesroquetes%2Fwp-content%2Fuploads%2Fusu997%2F2025%2F02%2FAcces-i-Admissio-a-Universitat-2025_v5-Centres.pdf|title:https%3A%2F%2Fagora.xtec.cat%2Fiesroquetes%2Fwp-content%2Fuploads%2Fusu997%2F2025%2F02%2FAcces-i-Admissio-a-Universitat-2025_v5-Centres.pdf&#8221;][\/vc_column][\/vc_row][\/vc_section]<\/p>\n<\/div>","protected":false},"excerpt":{"rendered":"<p>[vc_section][vc_row][vc_column][vc_column_text][vc_custom_heading text=&#8221;Acceso a la universidad&#8221; font_container=&#8221;tag:h1|font_size:60px|text_align:center&#8221; use_theme_fonts=&#8221;yes&#8221; el_class=&#8221;classElemntTitlesResponsive&#8221;][vc_empty_space height=&#8221;30px&#8221;] A continuaci\u00f3n os facilitamos los diferentes enlaces de inter\u00e9s relacionados con el proceso de preinscripci\u00f3n y acceso a la Universidad: [\/vc_column_text][\/vc_column][\/vc_row][\/vc_section][vc_section][vc_row equal_height=&#8221;yes&#8221;][vc_column width=&#8221;1\/2&#8243; css=&#8221;.vc_custom_1574166347421{padding-right: 15% !important;padding-bottom: 10% !important;padding-left: 15% !important;}&#8221;][vc_column_text css=&#8221;&#8221;] Notas de corte Junio 2025_ [\/vc_column_text][vc_btn title=&#8221;ACCEDE&#8221; style=&#8221;classic&#8221; shape=&#8221;square&#8221; link=&#8221;url:https%3A%2F%2Funiversitats.gencat.cat%2Fca%2Fpreinscripcions%2Fsobre-preinscripcio%2Fnotes-tall%2F|title:https%3A%2F%2Funiversitats.gencat.cat%2Fca%2Fpreinscripcions%2Fsobre-preinscripcio%2Fnotes-tall%2F&#8221;][\/vc_column][vc_column width=&#8221;1\/2&#8243;][vc_column_text] Cuadro de ponderaciones de&hellip;&nbsp;<a href=\"https:\/\/www.batxilleratgranes.com\/es\/acceso-universidad\/\" class=\"\" rel=\"bookmark\">Read More &raquo;<span class=\"screen-reader-text\">Acceso a la universidad<\/span><\/a><\/p>\n","protected":false},"author":2,"featured_media":0,"parent":0,"menu_order":0,"comment_status":"closed","ping_status":"closed","template":"","meta":{"neve_meta_sidebar":"","neve_meta_container":"","neve_meta_enable_content_width":"off","neve_meta_content_width":100,"neve_meta_title_alignment":"","neve_meta_author_avatar":"","neve_post_elements_order":"","neve_meta_disable_header":"","neve_meta_disable_footer":"","neve_meta_disable_title":"","footnotes":""},"class_list":["post-2045","page","type-page","status-publish","hentry"],"yoast_head":"<!-- This site is optimized with the Yoast SEO plugin v23.4 - https:\/\/yoast.com\/wordpress\/plugins\/seo\/ -->\n<title>Acc\u00e9s a la Universitat - Universitat | Gran\u00e9s Batxillerat<\/title>\n<meta name=\"description\" content=\"A Gran\u00e9s Batxillerat, el centre referent de Batxillerat a Barcelona, us oferim alguns enlla\u00e7os sobre el proc\u00e9s de preinscripci\u00f3 i l&#039;acc\u00e9s a la Universitat.\" \/>\n<meta name=\"robots\" content=\"index, follow, max-snippet:-1, max-image-preview:large, max-video-preview:-1\" \/>\n<link rel=\"canonical\" href=\"https:\/\/www.batxilleratgranes.com\/es\/acceso-universidad\/\" \/>\n<meta property=\"og:locale\" content=\"es_ES\" \/>\n<meta property=\"og:type\" content=\"article\" \/>\n<meta property=\"og:title\" content=\"Acc\u00e9s a la Universitat - Universitat | Gran\u00e9s Batxillerat\" \/>\n<meta property=\"og:description\" content=\"A Gran\u00e9s Batxillerat, el centre referent de Batxillerat a Barcelona, us oferim alguns enlla\u00e7os sobre el proc\u00e9s de preinscripci\u00f3 i l&#039;acc\u00e9s a la Universitat.\" \/>\n<meta property=\"og:url\" content=\"https:\/\/www.batxilleratgranes.com\/es\/acceso-universidad\/\" \/>\n<meta property=\"og:site_name\" content=\"Gran\u00e9s Batxillerat - Escuela especializada en Bachillerato en Barcelona\" \/>\n<meta property=\"article:modified_time\" content=\"2025-07-22T08:22:09+00:00\" \/>\n<meta name=\"twitter:card\" content=\"summary_large_image\" \/>\n<meta name=\"twitter:label1\" content=\"Est. reading time\" \/>\n\t<meta name=\"twitter:data1\" content=\"1 minute\" \/>\n<script type=\"application\/ld+json\" class=\"yoast-schema-graph\">{\"@context\":\"https:\/\/schema.org\",\"@graph\":[{\"@type\":\"WebPage\",\"@id\":\"https:\/\/www.batxilleratgranes.com\/es\/acceso-universidad\/\",\"url\":\"https:\/\/www.batxilleratgranes.com\/es\/acceso-universidad\/\",\"name\":\"Acc\u00e9s a la Universitat - Universitat | Gran\u00e9s Batxillerat\",\"isPartOf\":{\"@id\":\"https:\/\/www.batxilleratgranes.com\/es\/#website\"},\"datePublished\":\"2013-03-20T09:42:35+00:00\",\"dateModified\":\"2025-07-22T08:22:09+00:00\",\"description\":\"A Gran\u00e9s Batxillerat, el centre referent de Batxillerat a Barcelona, us oferim alguns enlla\u00e7os sobre el proc\u00e9s de preinscripci\u00f3 i l'acc\u00e9s a la Universitat.\",\"breadcrumb\":{\"@id\":\"https:\/\/www.batxilleratgranes.com\/es\/acceso-universidad\/#breadcrumb\"},\"inLanguage\":\"es\",\"potentialAction\":[{\"@type\":\"ReadAction\",\"target\":[\"https:\/\/www.batxilleratgranes.com\/es\/acceso-universidad\/\"]}]},{\"@type\":\"BreadcrumbList\",\"@id\":\"https:\/\/www.batxilleratgranes.com\/es\/acceso-universidad\/#breadcrumb\",\"itemListElement\":[{\"@type\":\"ListItem\",\"position\":1,\"name\":\"Inici\",\"item\":\"https:\/\/www.batxilleratgranes.com\/es\/\"},{\"@type\":\"ListItem\",\"position\":2,\"name\":\"Acceso a la universidad\"}]},{\"@type\":\"WebSite\",\"@id\":\"https:\/\/www.batxilleratgranes.com\/es\/#website\",\"url\":\"https:\/\/www.batxilleratgranes.com\/es\/\",\"name\":\"Gran\u00e9s Batxillerat - Escuela especializada en Bachillerato en Barcelona\",\"description\":\"Escola especialitzada en Batxillerat a Barcelona\",\"publisher\":{\"@id\":\"https:\/\/www.batxilleratgranes.com\/es\/#organization\"},\"potentialAction\":[{\"@type\":\"SearchAction\",\"target\":{\"@type\":\"EntryPoint\",\"urlTemplate\":\"https:\/\/www.batxilleratgranes.com\/es\/?s={search_term_string}\"},\"query-input\":{\"@type\":\"PropertyValueSpecification\",\"valueRequired\":true,\"valueName\":\"search_term_string\"}}],\"inLanguage\":\"es\"},{\"@type\":\"Organization\",\"@id\":\"https:\/\/www.batxilleratgranes.com\/es\/#organization\",\"name\":\"Gran\u00e9s Batxillerat - Escuela especializada en Bachillerato en Barcelona\",\"url\":\"https:\/\/www.batxilleratgranes.com\/es\/\",\"logo\":{\"@type\":\"ImageObject\",\"inLanguage\":\"es\",\"@id\":\"https:\/\/www.batxilleratgranes.com\/es\/#\/schema\/logo\/image\/\",\"url\":\"https:\/\/www.batxilleratgranes.com\/wp-content\/uploads\/2013\/01\/granes1.png\",\"contentUrl\":\"https:\/\/www.batxilleratgranes.com\/wp-content\/uploads\/2013\/01\/granes1.png\",\"width\":292,\"height\":85,\"caption\":\"Gran\u00e9s Batxillerat - Escuela especializada en Bachillerato en Barcelona\"},\"image\":{\"@id\":\"https:\/\/www.batxilleratgranes.com\/es\/#\/schema\/logo\/image\/\"}}]}<\/script>\n<!-- \/ Yoast SEO plugin. -->","yoast_head_json":{"title":"Acc\u00e9s a la Universitat - Universitat | Gran\u00e9s Batxillerat","description":"A Gran\u00e9s Batxillerat, el centre referent de Batxillerat a Barcelona, us oferim alguns enlla\u00e7os sobre el proc\u00e9s de preinscripci\u00f3 i l'acc\u00e9s a la Universitat.","robots":{"index":"index","follow":"follow","max-snippet":"max-snippet:-1","max-image-preview":"max-image-preview:large","max-video-preview":"max-video-preview:-1"},"canonical":"https:\/\/www.batxilleratgranes.com\/es\/acceso-universidad\/","og_locale":"es_ES","og_type":"article","og_title":"Acc\u00e9s a la Universitat - Universitat | Gran\u00e9s Batxillerat","og_description":"A Gran\u00e9s Batxillerat, el centre referent de Batxillerat a Barcelona, us oferim alguns enlla\u00e7os sobre el proc\u00e9s de preinscripci\u00f3 i l'acc\u00e9s a la Universitat.","og_url":"https:\/\/www.batxilleratgranes.com\/es\/acceso-universidad\/","og_site_name":"Gran\u00e9s Batxillerat - Escuela especializada en Bachillerato en Barcelona","article_modified_time":"2025-07-22T08:22:09+00:00","twitter_card":"summary_large_image","twitter_misc":{"Est. reading time":"1 minute"},"schema":{"@context":"https:\/\/schema.org","@graph":[{"@type":"WebPage","@id":"https:\/\/www.batxilleratgranes.com\/es\/acceso-universidad\/","url":"https:\/\/www.batxilleratgranes.com\/es\/acceso-universidad\/","name":"Acc\u00e9s a la Universitat - Universitat | Gran\u00e9s Batxillerat","isPartOf":{"@id":"https:\/\/www.batxilleratgranes.com\/es\/#website"},"datePublished":"2013-03-20T09:42:35+00:00","dateModified":"2025-07-22T08:22:09+00:00","description":"A Gran\u00e9s Batxillerat, el centre referent de Batxillerat a Barcelona, us oferim alguns enlla\u00e7os sobre el proc\u00e9s de preinscripci\u00f3 i l'acc\u00e9s a la Universitat.","breadcrumb":{"@id":"https:\/\/www.batxilleratgranes.com\/es\/acceso-universidad\/#breadcrumb"},"inLanguage":"es","potentialAction":[{"@type":"ReadAction","target":["https:\/\/www.batxilleratgranes.com\/es\/acceso-universidad\/"]}]},{"@type":"BreadcrumbList","@id":"https:\/\/www.batxilleratgranes.com\/es\/acceso-universidad\/#breadcrumb","itemListElement":[{"@type":"ListItem","position":1,"name":"Inici","item":"https:\/\/www.batxilleratgranes.com\/es\/"},{"@type":"ListItem","position":2,"name":"Acceso a la universidad"}]},{"@type":"WebSite","@id":"https:\/\/www.batxilleratgranes.com\/es\/#website","url":"https:\/\/www.batxilleratgranes.com\/es\/","name":"Gran\u00e9s Batxillerat - Escuela especializada en Bachillerato en Barcelona","description":"Escola especialitzada en Batxillerat a Barcelona","publisher":{"@id":"https:\/\/www.batxilleratgranes.com\/es\/#organization"},"potentialAction":[{"@type":"SearchAction","target":{"@type":"EntryPoint","urlTemplate":"https:\/\/www.batxilleratgranes.com\/es\/?s={search_term_string}"},"query-input":{"@type":"PropertyValueSpecification","valueRequired":true,"valueName":"search_term_string"}}],"inLanguage":"es"},{"@type":"Organization","@id":"https:\/\/www.batxilleratgranes.com\/es\/#organization","name":"Gran\u00e9s Batxillerat - Escuela especializada en Bachillerato en Barcelona","url":"https:\/\/www.batxilleratgranes.com\/es\/","logo":{"@type":"ImageObject","inLanguage":"es","@id":"https:\/\/www.batxilleratgranes.com\/es\/#\/schema\/logo\/image\/","url":"https:\/\/www.batxilleratgranes.com\/wp-content\/uploads\/2013\/01\/granes1.png","contentUrl":"https:\/\/www.batxilleratgranes.com\/wp-content\/uploads\/2013\/01\/granes1.png","width":292,"height":85,"caption":"Gran\u00e9s Batxillerat - Escuela especializada en Bachillerato en Barcelona"},"image":{"@id":"https:\/\/www.batxilleratgranes.com\/es\/#\/schema\/logo\/image\/"}}]}},"_links":{"self":[{"href":"https:\/\/www.batxilleratgranes.com\/es\/wp-json\/wp\/v2\/pages\/2045"}],"collection":[{"href":"https:\/\/www.batxilleratgranes.com\/es\/wp-json\/wp\/v2\/pages"}],"about":[{"href":"https:\/\/www.batxilleratgranes.com\/es\/wp-json\/wp\/v2\/types\/page"}],"author":[{"embeddable":true,"href":"https:\/\/www.batxilleratgranes.com\/es\/wp-json\/wp\/v2\/users\/2"}],"replies":[{"embeddable":true,"href":"https:\/\/www.batxilleratgranes.com\/es\/wp-json\/wp\/v2\/comments?post=2045"}],"version-history":[{"count":34,"href":"https:\/\/www.batxilleratgranes.com\/es\/wp-json\/wp\/v2\/pages\/2045\/revisions"}],"predecessor-version":[{"id":58095,"href":"https:\/\/www.batxilleratgranes.com\/es\/wp-json\/wp\/v2\/pages\/2045\/revisions\/58095"}],"wp:attachment":[{"href":"https:\/\/www.batxilleratgranes.com\/es\/wp-json\/wp\/v2\/media?parent=2045"}],"curies":[{"name":"wp","href":"https:\/\/api.w.org\/{rel}","templated":true}]}}