{"id":220,"date":"2013-02-04T15:16:06","date_gmt":"2013-02-04T15:16:06","guid":{"rendered":"http:\/\/www.bachilleratogranes.com\/?page_id=220"},"modified":"2022-07-15T11:18:37","modified_gmt":"2022-07-15T11:18:37","slug":"orientacion-universitaria","status":"publish","type":"page","link":"https:\/\/www.batxilleratgranes.com\/es\/orientacion-universitaria\/","title":{"rendered":"Orientaci\u00f3n universitaria"},"content":{"rendered":"<div class=\"wpb-content-wrapper\"><p>[vc_section full_width=&#8221;stretch_row_content&#8221; css=&#8221;.vc_custom_1631462497812{background-image: url(https:\/\/www.batxilleratgranes.com\/wp-content\/uploads\/2020\/10\/orientacio\u0301-universitaria-02.jpg?id=) !important;}&#8221;][vc_row][vc_column][vc_column_text][vc_custom_heading text=&#8221;Orientaci\u00f3n universitaria&#8221; font_container=&#8221;tag:h2|font_size:60|text_align:center|color:%23000000&#8243; use_theme_fonts=&#8221;yes&#8221; el_class=&#8221;titleHeaderpage&#8221;][vc_empty_space height=&#8221;80px&#8221;][\/vc_column_text][\/vc_column][\/vc_row][\/vc_section][vc_section][vc_row][vc_column][vc_column_text]<\/p>\n<p class=\"fontsizetup\" style=\"text-align: center;\">Una de las grandes prioridades de Gran\u00e9s Batxillerat es ayudar a nuestros alumnos a decidir cu\u00e1l ha de ser su futuro. En esta l\u00ednea, trabajamos en los siguientes \u00e1mbitos:<\/p>\n<p>[\/vc_column_text][\/vc_column][\/vc_row][\/vc_section][vc_section full_width=&#8221;stretch_row_content&#8221; css=&#8221;.vc_custom_1631462784580{margin-top: 35px !important;}&#8221;][vc_row equal_height=&#8221;yes&#8221;][vc_column width=&#8221;1\/3&#8243; css=&#8221;.vc_custom_1631462801642{padding-top: 15% !important;padding-right: 15% !important;padding-bottom: 15% !important;padding-left: 15% !important;background-color: #000000 !important;}&#8221;][vc_custom_heading text=&#8221;1. Tutor\u00edas_&#8221; font_container=&#8221;tag:h2|font_size:30|text_align:left|color:%23ffffff&#8221; use_theme_fonts=&#8221;yes&#8221; el_class=&#8221;classTextAlign&#8221;][vc_column_text]<span style=\"color: #ffffff;\"><span class=\"fontsizetup\">_<\/span><span class=\"fontsizetup\"><strong>G<\/strong><\/span><span class=\"fontsizetup\"><strong>uiamos a nuestros alumnos<\/strong><\/span><span class=\"fontsizetup\"> hacia la pr\u00f3xima etapa, <strong>universitaria o en Ciclos Formativos<\/strong>, explicando las opciones que existen, las que mejor encajan en su perfil y resolviendo sus dudas.<\/span><\/span><\/p>\n<p><span style=\"color: #ffffff;\"><span class=\"fontsizetup\">_<\/span><span class=\"fontsizetup\"><strong>Se realizan tutor\u00edas<\/strong>\u00a0<strong>lectivas<\/strong>, donde se facilita informaci\u00f3n gen\u00e9rica referente al mundo universitario, y <strong>personalizadas<\/strong>, donde se proporcionan gu\u00edas concretas a cada caso.<\/span><\/span>[\/vc_column_text][\/vc_column][vc_column width=&#8221;1\/3&#8243; css=&#8221;.vc_custom_1631462810893{padding-top: 15% !important;padding-right: 15% !important;padding-bottom: 15% !important;padding-left: 15% !important;}&#8221;][vc_custom_heading text=&#8221;2. Itinerarios_&#8221; font_container=&#8221;tag:h2|font_size:30|text_align:left|color:%23000000&#8243; use_theme_fonts=&#8221;yes&#8221; el_class=&#8221;classTextAlign&#8221;][vc_column_text]<span class=\"fontsizetup\" style=\"color: #000000;\">_Ofrecemos diversos itinerarios especializados que permitir\u00e1n al alumno formarse en aquello que el alumno realmente es.<\/span><\/p>\n<p><span class=\"fontsizetup\" style=\"color: #000000;\">_Ayudamos a escoger el itinerario m\u00e1s adecuado en funci\u00f3n de la salida laboral o universitaria con la que el alumno sienta m\u00e1s afinidad.<\/span>[\/vc_column_text][\/vc_column][vc_column width=&#8221;1\/3&#8243; css=&#8221;.vc_custom_1631462821485{padding-top: 15% !important;padding-right: 15% !important;padding-bottom: 15% !important;padding-left: 15% !important;background-color: #00833d !important;}&#8221;][vc_custom_heading text=&#8221;3. Proyectos_&#8221; font_container=&#8221;tag:h2|font_size:30|text_align:left|color:%23ffffff&#8221; use_theme_fonts=&#8221;yes&#8221; css=&#8221;.vc_custom_1633955307327{margin-bottom: 10% !important;}&#8221; el_class=&#8221;classTextAlign&#8221;][vc_column_text]<span style=\"color: #ffffff;\"><span class=\"fontsizetup\">_N<\/span><span class=\"fontsizetup\">uestras materias vinculadas a los proyectos son eminentemente pr\u00e1cticas y cercanas a las inquietudes de nuestros alumnos.<\/span><\/span><\/p>\n<p><span style=\"color: #ffffff;\"><span class=\"fontsizetup\">_Acercan al alumno al mundo universitario y laboral. Tenemos acuerdos con diversas universidades donde el alumno puede conocer mejor en qu\u00e9 consistir\u00e1n determinados estudios universitarios y las salidas profesionales que se derivan de los mismos.<\/span><\/span>[\/vc_column_text][\/vc_column][\/vc_row][vc_row equal_height=&#8221;yes&#8221;][vc_column width=&#8221;1\/3&#8243; css=&#8221;.vc_custom_1631462830804{padding-top: 15% !important;padding-right: 15% !important;padding-bottom: 15% !important;padding-left: 15% !important;}&#8221;][vc_custom_heading text=&#8221;4. Trabajo<br \/>\nde investigaci\u00f3n (TR)_&#8221; font_container=&#8221;tag:h2|font_size:30|text_align:left|color:%23000000&#8243; use_theme_fonts=&#8221;yes&#8221; css=&#8221;.vc_custom_1633955391352{margin-bottom: 10% !important;}&#8221; el_class=&#8221;classTextAlign&#8221;][vc_column_text]<span class=\"fontsizetup\" style=\"color: #00833d;\">_<\/span><span class=\"fontsizetup\" style=\"color: #000000;\">Recomendamos que nuestros alumnos hagan su TR relacionado con la rama de conocimiento que les interesa para corroborar sus motivaciones, competencias e inter\u00e9s por el tema escogido.<\/span><\/p>\n<p><span class=\"fontsizetup\" style=\"color: #00833d;\">_<\/span><span class=\"fontsizetup\" style=\"color: #000000;\">Vinculado con el mundo universitario y laboral, gracias a los grupos de investigaci\u00f3n, universidades y empresas con las que colaboramos.<\/span>[\/vc_column_text][\/vc_column][vc_column width=&#8221;1\/3&#8243; css=&#8221;.vc_custom_1631462841676{padding-top: 15% !important;padding-right: 15% !important;padding-bottom: 15% !important;padding-left: 15% !important;background-color: #00833d !important;}&#8221;][vc_custom_heading text=&#8221;5. Jornada<br \/>\nuniversitaria_&#8221; font_container=&#8221;tag:h2|font_size:30|text_align:left|color:%23ffffff&#8221; use_theme_fonts=&#8221;yes&#8221; css=&#8221;.vc_custom_1633955431816{margin-bottom: 10% !important;}&#8221; el_class=&#8221;classTextAlign&#8221;][vc_column_text]<span class=\"fontsizetup\" style=\"color: #ffffff;\">_Organizamos una Jornada con la participaci\u00f3n de las escuelas universitarias por las que nuestros alumnos tienen inter\u00e9s. Vienen a hacer presentaciones de sus grados a nuestra escuela y resuelven las dudas que puedan tener nuestros alumnos. En el \u00faltimo curso participaron m\u00e1s de treinta grados y estudios superiores. <\/span>[\/vc_column_text][\/vc_column][vc_column width=&#8221;1\/3&#8243;][\/vc_column][\/vc_row][\/vc_section]<\/p>\n<\/div>","protected":false},"excerpt":{"rendered":"<p>[vc_section full_width=&#8221;stretch_row_content&#8221; css=&#8221;.vc_custom_1631462497812{background-image: url(https:\/\/www.batxilleratgranes.com\/wp-content\/uploads\/2020\/10\/orientacio\u0301-universitaria-02.jpg?id=) !important;}&#8221;][vc_row][vc_column][vc_column_text][vc_custom_heading text=&#8221;Orientaci\u00f3n universitaria&#8221; font_container=&#8221;tag:h2|font_size:60|text_align:center|color:%23000000&#8243; use_theme_fonts=&#8221;yes&#8221; el_class=&#8221;titleHeaderpage&#8221;][vc_empty_space height=&#8221;80px&#8221;][\/vc_column_text][\/vc_column][\/vc_row][\/vc_section][vc_section][vc_row][vc_column][vc_column_text] Una de las grandes prioridades de Gran\u00e9s Batxillerat es ayudar a nuestros alumnos a decidir cu\u00e1l ha de ser su futuro. En esta l\u00ednea, trabajamos en los siguientes \u00e1mbitos: [\/vc_column_text][\/vc_column][\/vc_row][\/vc_section][vc_section full_width=&#8221;stretch_row_content&#8221; css=&#8221;.vc_custom_1631462784580{margin-top: 35px !important;}&#8221;][vc_row equal_height=&#8221;yes&#8221;][vc_column width=&#8221;1\/3&#8243; css=&#8221;.vc_custom_1631462801642{padding-top: 15% !important;padding-right: 15% !important;padding-bottom: 15% !important;padding-left: 15%&hellip;&nbsp;<a href=\"https:\/\/www.batxilleratgranes.com\/es\/orientacion-universitaria\/\" class=\"\" rel=\"bookmark\">Read More &raquo;<span class=\"screen-reader-text\">Orientaci\u00f3n universitaria<\/span><\/a><\/p>\n","protected":false},"author":2,"featured_media":0,"parent":0,"menu_order":0,"comment_status":"closed","ping_status":"closed","template":"","meta":{"neve_meta_sidebar":"","neve_meta_container":"","neve_meta_enable_content_width":"off","neve_meta_content_width":100,"neve_meta_title_alignment":"","neve_meta_author_avatar":"","neve_post_elements_order":"","neve_meta_disable_header":"","neve_meta_disable_footer":"","neve_meta_disable_title":"","footnotes":""},"class_list":["post-220","page","type-page","status-publish","hentry"],"yoast_head":"<!-- This site is optimized with the Yoast SEO plugin v23.4 - https:\/\/yoast.com\/wordpress\/plugins\/seo\/ -->\n<title>Orientaci\u00f3 Universit\u00e0ria - Com treballem | Gran\u00e9s Batxillerat<\/title>\n<meta name=\"description\" content=\"Gran\u00e9s Batxillerat, centre referent de Batxillerat a Barcelona, disposa d&#039; itineraris i assessorament personalitzats per orientar l&#039;acc\u00e9s a la universitat\" \/>\n<meta name=\"robots\" content=\"index, follow, max-snippet:-1, max-image-preview:large, max-video-preview:-1\" \/>\n<link rel=\"canonical\" href=\"https:\/\/www.batxilleratgranes.com\/es\/orientacion-universitaria\/\" \/>\n<meta property=\"og:locale\" content=\"es_ES\" \/>\n<meta property=\"og:type\" content=\"article\" \/>\n<meta property=\"og:title\" content=\"Orientaci\u00f3 Universit\u00e0ria - Com treballem | Gran\u00e9s Batxillerat\" \/>\n<meta property=\"og:description\" content=\"Gran\u00e9s Batxillerat, centre referent de Batxillerat a Barcelona, disposa d&#039; itineraris i assessorament personalitzats per orientar l&#039;acc\u00e9s a la universitat\" \/>\n<meta property=\"og:url\" content=\"https:\/\/www.batxilleratgranes.com\/es\/orientacion-universitaria\/\" \/>\n<meta property=\"og:site_name\" content=\"Gran\u00e9s Batxillerat - Escuela especializada en Bachillerato en Barcelona\" \/>\n<meta property=\"article:modified_time\" content=\"2022-07-15T11:18:37+00:00\" \/>\n<meta name=\"twitter:card\" content=\"summary_large_image\" \/>\n<meta name=\"twitter:label1\" content=\"Est. reading time\" \/>\n\t<meta name=\"twitter:data1\" content=\"2 minutes\" \/>\n<script type=\"application\/ld+json\" class=\"yoast-schema-graph\">{\"@context\":\"https:\/\/schema.org\",\"@graph\":[{\"@type\":\"WebPage\",\"@id\":\"https:\/\/www.batxilleratgranes.com\/es\/orientacion-universitaria\/\",\"url\":\"https:\/\/www.batxilleratgranes.com\/es\/orientacion-universitaria\/\",\"name\":\"Orientaci\u00f3 Universit\u00e0ria - Com treballem | Gran\u00e9s Batxillerat\",\"isPartOf\":{\"@id\":\"https:\/\/www.batxilleratgranes.com\/es\/#website\"},\"datePublished\":\"2013-02-04T15:16:06+00:00\",\"dateModified\":\"2022-07-15T11:18:37+00:00\",\"description\":\"Gran\u00e9s Batxillerat, centre referent de Batxillerat a Barcelona, disposa d' itineraris i assessorament personalitzats per orientar l'acc\u00e9s a la universitat\",\"breadcrumb\":{\"@id\":\"https:\/\/www.batxilleratgranes.com\/es\/orientacion-universitaria\/#breadcrumb\"},\"inLanguage\":\"es\",\"potentialAction\":[{\"@type\":\"ReadAction\",\"target\":[\"https:\/\/www.batxilleratgranes.com\/es\/orientacion-universitaria\/\"]}]},{\"@type\":\"BreadcrumbList\",\"@id\":\"https:\/\/www.batxilleratgranes.com\/es\/orientacion-universitaria\/#breadcrumb\",\"itemListElement\":[{\"@type\":\"ListItem\",\"position\":1,\"name\":\"Inici\",\"item\":\"https:\/\/www.batxilleratgranes.com\/es\/\"},{\"@type\":\"ListItem\",\"position\":2,\"name\":\"Orientaci\u00f3n universitaria\"}]},{\"@type\":\"WebSite\",\"@id\":\"https:\/\/www.batxilleratgranes.com\/es\/#website\",\"url\":\"https:\/\/www.batxilleratgranes.com\/es\/\",\"name\":\"Gran\u00e9s Batxillerat - Escuela especializada en Bachillerato en Barcelona\",\"description\":\"Escola especialitzada en Batxillerat a Barcelona\",\"publisher\":{\"@id\":\"https:\/\/www.batxilleratgranes.com\/es\/#organization\"},\"potentialAction\":[{\"@type\":\"SearchAction\",\"target\":{\"@type\":\"EntryPoint\",\"urlTemplate\":\"https:\/\/www.batxilleratgranes.com\/es\/?s={search_term_string}\"},\"query-input\":{\"@type\":\"PropertyValueSpecification\",\"valueRequired\":true,\"valueName\":\"search_term_string\"}}],\"inLanguage\":\"es\"},{\"@type\":\"Organization\",\"@id\":\"https:\/\/www.batxilleratgranes.com\/es\/#organization\",\"name\":\"Gran\u00e9s Batxillerat - Escuela especializada en Bachillerato en Barcelona\",\"url\":\"https:\/\/www.batxilleratgranes.com\/es\/\",\"logo\":{\"@type\":\"ImageObject\",\"inLanguage\":\"es\",\"@id\":\"https:\/\/www.batxilleratgranes.com\/es\/#\/schema\/logo\/image\/\",\"url\":\"https:\/\/www.batxilleratgranes.com\/wp-content\/uploads\/2013\/01\/granes1.png\",\"contentUrl\":\"https:\/\/www.batxilleratgranes.com\/wp-content\/uploads\/2013\/01\/granes1.png\",\"width\":292,\"height\":85,\"caption\":\"Gran\u00e9s Batxillerat - Escuela especializada en Bachillerato en Barcelona\"},\"image\":{\"@id\":\"https:\/\/www.batxilleratgranes.com\/es\/#\/schema\/logo\/image\/\"}}]}<\/script>\n<!-- \/ Yoast SEO plugin. -->","yoast_head_json":{"title":"Orientaci\u00f3 Universit\u00e0ria - Com treballem | Gran\u00e9s Batxillerat","description":"Gran\u00e9s Batxillerat, centre referent de Batxillerat a Barcelona, disposa d' itineraris i assessorament personalitzats per orientar l'acc\u00e9s a la universitat","robots":{"index":"index","follow":"follow","max-snippet":"max-snippet:-1","max-image-preview":"max-image-preview:large","max-video-preview":"max-video-preview:-1"},"canonical":"https:\/\/www.batxilleratgranes.com\/es\/orientacion-universitaria\/","og_locale":"es_ES","og_type":"article","og_title":"Orientaci\u00f3 Universit\u00e0ria - Com treballem | Gran\u00e9s Batxillerat","og_description":"Gran\u00e9s Batxillerat, centre referent de Batxillerat a Barcelona, disposa d' itineraris i assessorament personalitzats per orientar l'acc\u00e9s a la universitat","og_url":"https:\/\/www.batxilleratgranes.com\/es\/orientacion-universitaria\/","og_site_name":"Gran\u00e9s Batxillerat - Escuela especializada en Bachillerato en Barcelona","article_modified_time":"2022-07-15T11:18:37+00:00","twitter_card":"summary_large_image","twitter_misc":{"Est. reading time":"2 minutes"},"schema":{"@context":"https:\/\/schema.org","@graph":[{"@type":"WebPage","@id":"https:\/\/www.batxilleratgranes.com\/es\/orientacion-universitaria\/","url":"https:\/\/www.batxilleratgranes.com\/es\/orientacion-universitaria\/","name":"Orientaci\u00f3 Universit\u00e0ria - Com treballem | Gran\u00e9s Batxillerat","isPartOf":{"@id":"https:\/\/www.batxilleratgranes.com\/es\/#website"},"datePublished":"2013-02-04T15:16:06+00:00","dateModified":"2022-07-15T11:18:37+00:00","description":"Gran\u00e9s Batxillerat, centre referent de Batxillerat a Barcelona, disposa d' itineraris i assessorament personalitzats per orientar l'acc\u00e9s a la universitat","breadcrumb":{"@id":"https:\/\/www.batxilleratgranes.com\/es\/orientacion-universitaria\/#breadcrumb"},"inLanguage":"es","potentialAction":[{"@type":"ReadAction","target":["https:\/\/www.batxilleratgranes.com\/es\/orientacion-universitaria\/"]}]},{"@type":"BreadcrumbList","@id":"https:\/\/www.batxilleratgranes.com\/es\/orientacion-universitaria\/#breadcrumb","itemListElement":[{"@type":"ListItem","position":1,"name":"Inici","item":"https:\/\/www.batxilleratgranes.com\/es\/"},{"@type":"ListItem","position":2,"name":"Orientaci\u00f3n universitaria"}]},{"@type":"WebSite","@id":"https:\/\/www.batxilleratgranes.com\/es\/#website","url":"https:\/\/www.batxilleratgranes.com\/es\/","name":"Gran\u00e9s Batxillerat - Escuela especializada en Bachillerato en Barcelona","description":"Escola especialitzada en Batxillerat a Barcelona","publisher":{"@id":"https:\/\/www.batxilleratgranes.com\/es\/#organization"},"potentialAction":[{"@type":"SearchAction","target":{"@type":"EntryPoint","urlTemplate":"https:\/\/www.batxilleratgranes.com\/es\/?s={search_term_string}"},"query-input":{"@type":"PropertyValueSpecification","valueRequired":true,"valueName":"search_term_string"}}],"inLanguage":"es"},{"@type":"Organization","@id":"https:\/\/www.batxilleratgranes.com\/es\/#organization","name":"Gran\u00e9s Batxillerat - Escuela especializada en Bachillerato en Barcelona","url":"https:\/\/www.batxilleratgranes.com\/es\/","logo":{"@type":"ImageObject","inLanguage":"es","@id":"https:\/\/www.batxilleratgranes.com\/es\/#\/schema\/logo\/image\/","url":"https:\/\/www.batxilleratgranes.com\/wp-content\/uploads\/2013\/01\/granes1.png","contentUrl":"https:\/\/www.batxilleratgranes.com\/wp-content\/uploads\/2013\/01\/granes1.png","width":292,"height":85,"caption":"Gran\u00e9s Batxillerat - Escuela especializada en Bachillerato en Barcelona"},"image":{"@id":"https:\/\/www.batxilleratgranes.com\/es\/#\/schema\/logo\/image\/"}}]}},"_links":{"self":[{"href":"https:\/\/www.batxilleratgranes.com\/es\/wp-json\/wp\/v2\/pages\/220"}],"collection":[{"href":"https:\/\/www.batxilleratgranes.com\/es\/wp-json\/wp\/v2\/pages"}],"about":[{"href":"https:\/\/www.batxilleratgranes.com\/es\/wp-json\/wp\/v2\/types\/page"}],"author":[{"embeddable":true,"href":"https:\/\/www.batxilleratgranes.com\/es\/wp-json\/wp\/v2\/users\/2"}],"replies":[{"embeddable":true,"href":"https:\/\/www.batxilleratgranes.com\/es\/wp-json\/wp\/v2\/comments?post=220"}],"version-history":[{"count":25,"href":"https:\/\/www.batxilleratgranes.com\/es\/wp-json\/wp\/v2\/pages\/220\/revisions"}],"predecessor-version":[{"id":42624,"href":"https:\/\/www.batxilleratgranes.com\/es\/wp-json\/wp\/v2\/pages\/220\/revisions\/42624"}],"wp:attachment":[{"href":"https:\/\/www.batxilleratgranes.com\/es\/wp-json\/wp\/v2\/media?parent=220"}],"curies":[{"name":"wp","href":"https:\/\/api.w.org\/{rel}","templated":true}]}}