{"id":228,"date":"2013-02-04T16:53:11","date_gmt":"2013-02-04T16:53:11","guid":{"rendered":"http:\/\/www.bachilleratogranes.com\/?page_id=228"},"modified":"2023-06-22T10:43:48","modified_gmt":"2023-06-22T10:43:48","slug":"universidad","status":"publish","type":"page","link":"https:\/\/www.batxilleratgranes.com\/es\/universidad\/","title":{"rendered":"Universidad"},"content":{"rendered":"<div class=\"wpb-content-wrapper\"><p>[vc_section][vc_row][vc_column][vc_column_text][vc_custom_heading text=&#8221;Universidad&#8221; font_container=&#8221;tag:h1|font_size:60px|text_align:center&#8221; use_theme_fonts=&#8221;yes&#8221; el_class=&#8221;classElemntTitlesResponsive&#8221;][vc_empty_space height=&#8221;20px&#8221;][\/vc_column_text][\/vc_column][\/vc_row][\/vc_section][vc_section css=&#8221;.vc_custom_1587463062367{margin-top: 4% !important;margin-bottom: 4% !important;}&#8221;][vc_row][vc_column][vc_column_text]<img loading=\"lazy\" decoding=\"async\" class=\"size-full wp-image-19499 aligncenter\" src=\"https:\/\/www.batxilleratgranes.com\/wp-content\/uploads\/2020\/10\/llistat-graus-universitaris-02.png\" alt=\"\" width=\"48\" height=\"38\" \/><\/p>\n<p class=\"fontsizeparraf\" style=\"text-align: center; font-weight: bold;\"><span style=\"color: #000000;\">Una de las grandes prioridades de Gran\u00e9s Batxillerat<\/span><br \/>\n<span class=\"fontsizeparraf\" style=\"color: #000000;\">es ayudar a nuestros alumnos a decidir cu\u00e1l debe ser su futuro.<\/span><br \/>\n<span class=\"fontsizeparraf\" style=\"color: #000000;\">Para ello es esencial acercarles toda la informaci\u00f3n<\/span><br \/>\n<span class=\"fontsizeparraf\" style=\"color: #000000;\">necesaria y la m\u00e1xima atenci\u00f3n y apoyo para lograrlo juntos.&#8221;<\/span>[\/vc_column_text][vc_column_text]<\/p>\n<p class=\"fontsizeparraf\" style=\"text-align: justify;\"><span style=\"color: #000000; font-weight: 300;\">Esto pasa por un proceso de acompa\u00f1amiento que tiene <strong> por objetivo:<\/strong><\/span><\/p>\n<p class=\"fontsizeparraf\" style=\"text-align: justify;\"><span style=\"color: #000000; font-weight: 300;\"><strong><span style=\"color: #00833d;\">1 \u2013<\/span> <\/strong>Conseguir un mayor autoconocimiento personal de las afinidades y competencias por parte de cada uno de nuestros alumnos<\/span><\/p>\n<p class=\"fontsizeparraf\" style=\"text-align: justify;\"><span style=\"color: #000000; font-weight: 300;\"><strong><span style=\"color: #00833d;\">2 \u2013<\/span><\/strong> Facilitar informaci\u00f3n de las diferentes opciones de grados universitarios y sus salidas profesionales, as\u00ed como de los ciclos formativos de grado superior<\/span><\/p>\n<p class=\"fontsizeparraf\" style=\"text-align: justify;\"><span style=\"color: #000000; font-weight: 300;\"><strong><span style=\"color: #00833d;\">3 \u2013<\/span><\/strong> Dar la opci\u00f3n de conocer el \u00e1rea de conocimiento elegida con m\u00e1s detalle<\/span><\/p>\n<p>[\/vc_column_text][vc_column_text]<\/p>\n<p style=\"text-align: justify;\"><span class=\"fontsizeparraf\" style=\"color: #000000; font-weight: 300;\">Es importante durante el Bachillerato dedicar esfuerzos en la <strong>orientaci\u00f3n universitaria<\/strong>, ya que estamos en un momento esencial para que nuestros alumnos hagan una elecci\u00f3n fundamentada de su futuro.<\/span><\/p>\n<p style=\"text-align: justify;\"><span class=\"fontsizeparraf\" style=\"color: #000000; font-weight: 300;\">Cada uno de nuestros alumnos tiene sus preferencias y vocaci\u00f3n, generalmente unidas a unas capacidades predominantes en este \u00e1mbito. Ayudarles a descubrir esta afinidad es b\u00e1sico, pero tambi\u00e9n lo es ofrecer la oportunidad de contrastarlo.<br \/>\n<\/span><\/p>\n<p style=\"text-align: justify;\"><span class=\"fontsizeparraf\" style=\"color: #000000; font-weight: 300;\">Queremos que nuestros alumnos conozcan la <strong> oferta de grados universitarios <span class=\"fontsizeparraf\" style=\"color: # 000000; font-weight: 300;\">y de las <strong>salidas profesionales<\/strong> que pueden encontrar posteriormente en cualquier <span style=\"color: # 000000; font-weight: 300;\">de las 5 \u00e1reas de conocimiento universitarias:<br \/>\n<\/span><\/span><\/strong><\/span>[\/vc_column_text][\/vc_column][\/vc_row][\/vc_section][vc_section full_width=&#8221;stretch_row_content&#8221;][vc_row][vc_column width=&#8221;1\/5&#8243; css=&#8221;.vc_custom_1632678672009{padding-right: 0px !important;padding-left: 0px !important;background-color: #000000 !important;}&#8221;][vc_column_text]<\/p>\n<p style=\"text-align: center;\"><span style=\"color: #ffffff;\"><span style=\"color: white; font-weight: bold;\">Artes<\/span><br \/>\n<span style=\"color: white; font-weight: bold;\">y Humanidades<\/span><span style=\"color: #00833d; font-weight: bold;\">_<\/span><\/span>[\/vc_column_text][\/vc_column][vc_column width=&#8221;1\/5&#8243;][vc_column_text]<\/p>\n<p style=\"text-align: center;\"><span style=\"color: #ffffff;\"><span style=\"color: black; font-weight: bold;\">Ciencias Sociales<\/span><br \/>\n<span style=\"color: black; font-weight: bold;\">y Jur\u00eddicas<\/span><span style=\"color: #00833d; font-weight: bold;\">_<\/span><\/span>[\/vc_column_text][\/vc_column][vc_column width=&#8221;1\/5&#8243; css=&#8221;.vc_custom_1632678707630{background-color: #00833d !important;}&#8221;][vc_column_text]<\/p>\n<p style=\"text-align: center;\"><span style=\"color: #ffffff;\"><span style=\"color: white; font-weight: bold;\">Ciencias de la<\/span><br \/>\n<span style=\"color: white; font-weight: bold;\">Salud<\/span><span style=\"color: #00833d; font-weight: bold;\">_<\/span><\/span>[\/vc_column_text][\/vc_column][vc_column width=&#8221;1\/5&#8243;][vc_column_text]<\/p>\n<p style=\"text-align: center;\"><span style=\"color: #ffffff;\"><span style=\"color: #000000; font-weight: bold;\">Ciencias<span style=\"color: #00833d; font-weight: bold;\">_<\/span><\/span><\/span><\/p>\n<p>[\/vc_column_text][\/vc_column][vc_column width=&#8221;1\/5&#8243; css=&#8221;.vc_custom_1632678731003{background-color: #000000 !important;}&#8221;][vc_column_text]<\/p>\n<p style=\"text-align: center;\"><span style=\"color: #ffffff;\"><span style=\"color: white; font-weight: bold;\">Ingenier\u00eda<\/span><br \/>\n<span style=\"color: white; font-weight: bold;\">y Arquitectura<\/span><span style=\"color: #00833d; font-weight: bold;\">_<\/span><\/span>[\/vc_column_text][\/vc_column][\/vc_row][\/vc_section][vc_section css=&#8221;.vc_custom_1574859086457{margin-top: 7% !important;margin-bottom: 7% !important;}&#8221;][vc_row][vc_column][vc_column_text]<\/p>\n<p style=\"text-align: justify;\"><span style=\"color: #000000;\">Esta orientaci\u00f3n universitaria la desarrollamos a trav\u00e9s del trabajo de investigaci\u00f3n, <\/span><span style=\"color: #000000; font-weight: 300;\">las materias optativas que ofrecemos, las tutor\u00edas y la jornada de orientaci\u00f3n universitaria,<\/span> <span style=\"color: #000000; font-weight: 300;\">en la que <span style=\"color: #00833d;\"><strong>se dan cita anualmente en nuestro centro un buen n\u00famero de escuelas universitarias y instituciones diferentes.<\/strong><\/span><\/span><\/p>\n<p style=\"text-align: justify;\"><span style=\"color: #000000; font-weight: 300;\">Queremos que nuestros alumnos conozcan de cerca los grados universitarios por los que se interesen <\/span><span style=\"color: #000000; font-weight: 300;\">y las salidas profesionales que pueden encontrar posteriormente. Por ello, en Gran\u00e9s Batxillerat <\/span><span style=\"color: #00833d;\"><strong>tenemos acuerdos de colaboraci\u00f3n con diferentes escuelas universitarias, centros de investigaci\u00f3n y empresas.<\/strong><\/span><\/p>\n<p style=\"text-align: justify;\"><span style=\"color: #000000; font-weight: 300;\">Estos acuerdos permiten a nuestros alumnos acceder a estos centros, ver en qu\u00e9 \u00e1mbitos trabajan<\/span><span style=\"color: #000000; font-weight: 300;\"> y qu\u00e9 significa cursar un determinado grado universitario, al tiempo que intentamos <span style=\"color: # 000000; font-weight: 300;\">que se hagan una idea de lo que significa trabajar en esta profesi\u00f3n .\u00a0<\/span><\/span><\/p>\n<p style=\"text-align: justify;\"><span style=\"color: #000000; font-weight: 300;\"> Por eso, nuestros alumnos pueden desarrollar su trabajo de investigaci\u00f3n, TR, <span style=\"color: # 000000; font-weight: 300;\">fuera de la escuela, en uno de estos centros, para profundizar en el \u00e1rea de conocimiento de su inter\u00e9s.<\/span> <span style=\"color: #000000; font-weight: 300;\">Asimismo, el <\/span><span style=\"color: #00833d;\"><strong> TR siempre estar\u00e1 tutorizado por un profesor de nuestro centro. <span style=\"font-weight: 300; color: #000000;\">Queremos que los alumnos orienten su TR para que les permita acercarse a aquel grado universitario <\/span><\/strong><\/span><strong><span style=\"color: # 000000; font-weight: 300;\"><span style=\"color: # 000000; font-weight: 300;\">o salida profesional que m\u00e1s les atraiga.\u00a0<\/span><\/span><\/strong><\/span><\/p>\n<p style=\"text-align: justify;\"><span style=\"color: #000000; font-weight: 300;\">A continuaci\u00f3n dispon\u00e9is de enlaces a informaci\u00f3n relevante relacionada con este \u00e1mbito:<\/span><\/p>\n<p style=\"text-align: justify;\"><strong><span style=\"color: #000000;\"><span style=\"color: #00833d;\">\u00b7<\/span> <a href=\"https:\/\/universitats.gencat.cat\/ca\/estudis-universitaris\/universitats-catalanes\/\">Universidades en Catalunya<\/a><\/span><\/strong><br \/>\n<strong><span style=\"color: #000000;\"><span style=\"color: #00833d;\">\u00b7<\/span><a href=\"https:\/\/accesuniversitat.gencat.cat\/accesuniversitat\/login\" target=\"_blank\" rel=\"noopener noreferrer\">Accesnet, preincripci\u00f3n universitaria<\/a><\/span><\/strong><br \/>\n<strong><span style=\"color: #000000;\"><span style=\"color: #00833d;\">\u00b7<\/span><a href=\"https:\/\/universitats.gencat.cat\/ca\/estudis-universitaris\/cercador-estudis-universitaris\/\" target=\"_blank\" rel=\"noopener noreferrer\">\u00bfQu\u00e9 quiero y qu\u00e9 puedo estudiar?<\/a><\/span><\/strong><br \/>\n<strong><span style=\"color: #000000;\"><span style=\"color: #00833d;\">\u00b7<\/span><a href=\"http:\/\/universitats.gencat.cat\/ca\/inici\" target=\"_blank\" rel=\"noopener noreferrer\">Oferta formativa<\/a><\/span><\/strong><br \/>\n<strong><span style=\"color: #000000;\"><span style=\"color: #00833d;\">\u00b7<\/span><a href=\"https:\/\/jovecat.gencat.cat\/ca\/temes\/educacio_i_formacio\/estudiar-a-l-estranger\/\" target=\"_blank\" rel=\"noopener noreferrer\">Estudiar en el extranjero<\/a><\/span><\/strong><\/p>\n<p>[\/vc_column_text][\/vc_column][\/vc_row][\/vc_section]<\/p>\n<\/div>","protected":false},"excerpt":{"rendered":"<p>[vc_section][vc_row][vc_column][vc_column_text][vc_custom_heading text=&#8221;Universidad&#8221; font_container=&#8221;tag:h1|font_size:60px|text_align:center&#8221; use_theme_fonts=&#8221;yes&#8221; el_class=&#8221;classElemntTitlesResponsive&#8221;][vc_empty_space height=&#8221;20px&#8221;][\/vc_column_text][\/vc_column][\/vc_row][\/vc_section][vc_section css=&#8221;.vc_custom_1587463062367{margin-top: 4% !important;margin-bottom: 4% !important;}&#8221;][vc_row][vc_column][vc_column_text] Una de las grandes prioridades de Gran\u00e9s Batxillerat es ayudar a nuestros alumnos a decidir cu\u00e1l debe ser su futuro. Para ello es esencial acercarles toda la informaci\u00f3n necesaria y la m\u00e1xima atenci\u00f3n y apoyo para lograrlo juntos.&#8221;[\/vc_column_text][vc_column_text] Esto pasa por un proceso de&hellip;&nbsp;<a href=\"https:\/\/www.batxilleratgranes.com\/es\/universidad\/\" class=\"\" rel=\"bookmark\">Read More &raquo;<span class=\"screen-reader-text\">Universidad<\/span><\/a><\/p>\n","protected":false},"author":2,"featured_media":0,"parent":0,"menu_order":0,"comment_status":"closed","ping_status":"closed","template":"","meta":{"neve_meta_sidebar":"","neve_meta_container":"","neve_meta_enable_content_width":"off","neve_meta_content_width":100,"neve_meta_title_alignment":"","neve_meta_author_avatar":"","neve_post_elements_order":"","neve_meta_disable_header":"","neve_meta_disable_footer":"","neve_meta_disable_title":"","footnotes":""},"class_list":["post-228","page","type-page","status-publish","hentry"],"yoast_head":"<!-- This site is optimized with the Yoast SEO plugin v23.4 - https:\/\/yoast.com\/wordpress\/plugins\/seo\/ -->\n<title>Universitat | Gran\u00e9s Batxillerat - El teu batxillerat a Barcelona<\/title>\n<meta name=\"description\" content=\"A Gran\u00e9s Batxillerat, el centre referent de Batxillerat a Barcelona, potenciem les capacitats dels alumne i els pareparem pel seu acc\u00e9s a la Universitat.\" \/>\n<meta name=\"robots\" content=\"index, follow, max-snippet:-1, max-image-preview:large, max-video-preview:-1\" \/>\n<link rel=\"canonical\" href=\"https:\/\/www.batxilleratgranes.com\/es\/universidad\/\" \/>\n<meta property=\"og:locale\" content=\"es_ES\" \/>\n<meta property=\"og:type\" content=\"article\" \/>\n<meta property=\"og:title\" content=\"Universitat | Gran\u00e9s Batxillerat - El teu batxillerat a Barcelona\" \/>\n<meta property=\"og:description\" content=\"A Gran\u00e9s Batxillerat, el centre referent de Batxillerat a Barcelona, potenciem les capacitats dels alumne i els pareparem pel seu acc\u00e9s a la Universitat.\" \/>\n<meta property=\"og:url\" content=\"https:\/\/www.batxilleratgranes.com\/es\/universidad\/\" \/>\n<meta property=\"og:site_name\" content=\"Gran\u00e9s Batxillerat - Escuela especializada en Bachillerato en Barcelona\" \/>\n<meta property=\"article:modified_time\" content=\"2023-06-22T10:43:48+00:00\" \/>\n<meta property=\"og:image\" content=\"https:\/\/www.batxilleratgranes.com\/wp-content\/uploads\/2020\/10\/llistat-graus-universitaris-02.png\" \/>\n<meta name=\"twitter:card\" content=\"summary_large_image\" \/>\n<meta name=\"twitter:label1\" content=\"Est. reading time\" \/>\n\t<meta name=\"twitter:data1\" content=\"3 minutes\" \/>\n<script type=\"application\/ld+json\" class=\"yoast-schema-graph\">{\"@context\":\"https:\/\/schema.org\",\"@graph\":[{\"@type\":\"WebPage\",\"@id\":\"https:\/\/www.batxilleratgranes.com\/es\/universidad\/\",\"url\":\"https:\/\/www.batxilleratgranes.com\/es\/universidad\/\",\"name\":\"Universitat | Gran\u00e9s Batxillerat - El teu batxillerat a Barcelona\",\"isPartOf\":{\"@id\":\"https:\/\/www.batxilleratgranes.com\/es\/#website\"},\"primaryImageOfPage\":{\"@id\":\"https:\/\/www.batxilleratgranes.com\/es\/universidad\/#primaryimage\"},\"image\":{\"@id\":\"https:\/\/www.batxilleratgranes.com\/es\/universidad\/#primaryimage\"},\"thumbnailUrl\":\"https:\/\/www.batxilleratgranes.com\/wp-content\/uploads\/2020\/10\/llistat-graus-universitaris-02.png\",\"datePublished\":\"2013-02-04T16:53:11+00:00\",\"dateModified\":\"2023-06-22T10:43:48+00:00\",\"description\":\"A Gran\u00e9s Batxillerat, el centre referent de Batxillerat a Barcelona, potenciem les capacitats dels alumne i els pareparem pel seu acc\u00e9s a la Universitat.\",\"breadcrumb\":{\"@id\":\"https:\/\/www.batxilleratgranes.com\/es\/universidad\/#breadcrumb\"},\"inLanguage\":\"es\",\"potentialAction\":[{\"@type\":\"ReadAction\",\"target\":[\"https:\/\/www.batxilleratgranes.com\/es\/universidad\/\"]}]},{\"@type\":\"ImageObject\",\"inLanguage\":\"es\",\"@id\":\"https:\/\/www.batxilleratgranes.com\/es\/universidad\/#primaryimage\",\"url\":\"https:\/\/www.batxilleratgranes.com\/wp-content\/uploads\/2020\/10\/llistat-graus-universitaris-02.png\",\"contentUrl\":\"https:\/\/www.batxilleratgranes.com\/wp-content\/uploads\/2020\/10\/llistat-graus-universitaris-02.png\"},{\"@type\":\"BreadcrumbList\",\"@id\":\"https:\/\/www.batxilleratgranes.com\/es\/universidad\/#breadcrumb\",\"itemListElement\":[{\"@type\":\"ListItem\",\"position\":1,\"name\":\"Inici\",\"item\":\"https:\/\/www.batxilleratgranes.com\/es\/\"},{\"@type\":\"ListItem\",\"position\":2,\"name\":\"Universidad\"}]},{\"@type\":\"WebSite\",\"@id\":\"https:\/\/www.batxilleratgranes.com\/es\/#website\",\"url\":\"https:\/\/www.batxilleratgranes.com\/es\/\",\"name\":\"Gran\u00e9s Batxillerat - Escuela especializada en Bachillerato en Barcelona\",\"description\":\"Escola especialitzada en Batxillerat a Barcelona\",\"publisher\":{\"@id\":\"https:\/\/www.batxilleratgranes.com\/es\/#organization\"},\"potentialAction\":[{\"@type\":\"SearchAction\",\"target\":{\"@type\":\"EntryPoint\",\"urlTemplate\":\"https:\/\/www.batxilleratgranes.com\/es\/?s={search_term_string}\"},\"query-input\":{\"@type\":\"PropertyValueSpecification\",\"valueRequired\":true,\"valueName\":\"search_term_string\"}}],\"inLanguage\":\"es\"},{\"@type\":\"Organization\",\"@id\":\"https:\/\/www.batxilleratgranes.com\/es\/#organization\",\"name\":\"Gran\u00e9s Batxillerat - Escuela especializada en Bachillerato en Barcelona\",\"url\":\"https:\/\/www.batxilleratgranes.com\/es\/\",\"logo\":{\"@type\":\"ImageObject\",\"inLanguage\":\"es\",\"@id\":\"https:\/\/www.batxilleratgranes.com\/es\/#\/schema\/logo\/image\/\",\"url\":\"https:\/\/www.batxilleratgranes.com\/wp-content\/uploads\/2013\/01\/granes1.png\",\"contentUrl\":\"https:\/\/www.batxilleratgranes.com\/wp-content\/uploads\/2013\/01\/granes1.png\",\"width\":292,\"height\":85,\"caption\":\"Gran\u00e9s Batxillerat - Escuela especializada en Bachillerato en Barcelona\"},\"image\":{\"@id\":\"https:\/\/www.batxilleratgranes.com\/es\/#\/schema\/logo\/image\/\"}}]}<\/script>\n<!-- \/ Yoast SEO plugin. -->","yoast_head_json":{"title":"Universitat | Gran\u00e9s Batxillerat - El teu batxillerat a Barcelona","description":"A Gran\u00e9s Batxillerat, el centre referent de Batxillerat a Barcelona, potenciem les capacitats dels alumne i els pareparem pel seu acc\u00e9s a la Universitat.","robots":{"index":"index","follow":"follow","max-snippet":"max-snippet:-1","max-image-preview":"max-image-preview:large","max-video-preview":"max-video-preview:-1"},"canonical":"https:\/\/www.batxilleratgranes.com\/es\/universidad\/","og_locale":"es_ES","og_type":"article","og_title":"Universitat | Gran\u00e9s Batxillerat - El teu batxillerat a Barcelona","og_description":"A Gran\u00e9s Batxillerat, el centre referent de Batxillerat a Barcelona, potenciem les capacitats dels alumne i els pareparem pel seu acc\u00e9s a la Universitat.","og_url":"https:\/\/www.batxilleratgranes.com\/es\/universidad\/","og_site_name":"Gran\u00e9s Batxillerat - Escuela especializada en Bachillerato en Barcelona","article_modified_time":"2023-06-22T10:43:48+00:00","og_image":[{"url":"https:\/\/www.batxilleratgranes.com\/wp-content\/uploads\/2020\/10\/llistat-graus-universitaris-02.png"}],"twitter_card":"summary_large_image","twitter_misc":{"Est. reading time":"3 minutes"},"schema":{"@context":"https:\/\/schema.org","@graph":[{"@type":"WebPage","@id":"https:\/\/www.batxilleratgranes.com\/es\/universidad\/","url":"https:\/\/www.batxilleratgranes.com\/es\/universidad\/","name":"Universitat | Gran\u00e9s Batxillerat - El teu batxillerat a Barcelona","isPartOf":{"@id":"https:\/\/www.batxilleratgranes.com\/es\/#website"},"primaryImageOfPage":{"@id":"https:\/\/www.batxilleratgranes.com\/es\/universidad\/#primaryimage"},"image":{"@id":"https:\/\/www.batxilleratgranes.com\/es\/universidad\/#primaryimage"},"thumbnailUrl":"https:\/\/www.batxilleratgranes.com\/wp-content\/uploads\/2020\/10\/llistat-graus-universitaris-02.png","datePublished":"2013-02-04T16:53:11+00:00","dateModified":"2023-06-22T10:43:48+00:00","description":"A Gran\u00e9s Batxillerat, el centre referent de Batxillerat a Barcelona, potenciem les capacitats dels alumne i els pareparem pel seu acc\u00e9s a la Universitat.","breadcrumb":{"@id":"https:\/\/www.batxilleratgranes.com\/es\/universidad\/#breadcrumb"},"inLanguage":"es","potentialAction":[{"@type":"ReadAction","target":["https:\/\/www.batxilleratgranes.com\/es\/universidad\/"]}]},{"@type":"ImageObject","inLanguage":"es","@id":"https:\/\/www.batxilleratgranes.com\/es\/universidad\/#primaryimage","url":"https:\/\/www.batxilleratgranes.com\/wp-content\/uploads\/2020\/10\/llistat-graus-universitaris-02.png","contentUrl":"https:\/\/www.batxilleratgranes.com\/wp-content\/uploads\/2020\/10\/llistat-graus-universitaris-02.png"},{"@type":"BreadcrumbList","@id":"https:\/\/www.batxilleratgranes.com\/es\/universidad\/#breadcrumb","itemListElement":[{"@type":"ListItem","position":1,"name":"Inici","item":"https:\/\/www.batxilleratgranes.com\/es\/"},{"@type":"ListItem","position":2,"name":"Universidad"}]},{"@type":"WebSite","@id":"https:\/\/www.batxilleratgranes.com\/es\/#website","url":"https:\/\/www.batxilleratgranes.com\/es\/","name":"Gran\u00e9s Batxillerat - Escuela especializada en Bachillerato en Barcelona","description":"Escola especialitzada en Batxillerat a Barcelona","publisher":{"@id":"https:\/\/www.batxilleratgranes.com\/es\/#organization"},"potentialAction":[{"@type":"SearchAction","target":{"@type":"EntryPoint","urlTemplate":"https:\/\/www.batxilleratgranes.com\/es\/?s={search_term_string}"},"query-input":{"@type":"PropertyValueSpecification","valueRequired":true,"valueName":"search_term_string"}}],"inLanguage":"es"},{"@type":"Organization","@id":"https:\/\/www.batxilleratgranes.com\/es\/#organization","name":"Gran\u00e9s Batxillerat - Escuela especializada en Bachillerato en Barcelona","url":"https:\/\/www.batxilleratgranes.com\/es\/","logo":{"@type":"ImageObject","inLanguage":"es","@id":"https:\/\/www.batxilleratgranes.com\/es\/#\/schema\/logo\/image\/","url":"https:\/\/www.batxilleratgranes.com\/wp-content\/uploads\/2013\/01\/granes1.png","contentUrl":"https:\/\/www.batxilleratgranes.com\/wp-content\/uploads\/2013\/01\/granes1.png","width":292,"height":85,"caption":"Gran\u00e9s Batxillerat - Escuela especializada en Bachillerato en Barcelona"},"image":{"@id":"https:\/\/www.batxilleratgranes.com\/es\/#\/schema\/logo\/image\/"}}]}},"_links":{"self":[{"href":"https:\/\/www.batxilleratgranes.com\/es\/wp-json\/wp\/v2\/pages\/228"}],"collection":[{"href":"https:\/\/www.batxilleratgranes.com\/es\/wp-json\/wp\/v2\/pages"}],"about":[{"href":"https:\/\/www.batxilleratgranes.com\/es\/wp-json\/wp\/v2\/types\/page"}],"author":[{"embeddable":true,"href":"https:\/\/www.batxilleratgranes.com\/es\/wp-json\/wp\/v2\/users\/2"}],"replies":[{"embeddable":true,"href":"https:\/\/www.batxilleratgranes.com\/es\/wp-json\/wp\/v2\/comments?post=228"}],"version-history":[{"count":43,"href":"https:\/\/www.batxilleratgranes.com\/es\/wp-json\/wp\/v2\/pages\/228\/revisions"}],"predecessor-version":[{"id":49666,"href":"https:\/\/www.batxilleratgranes.com\/es\/wp-json\/wp\/v2\/pages\/228\/revisions\/49666"}],"wp:attachment":[{"href":"https:\/\/www.batxilleratgranes.com\/es\/wp-json\/wp\/v2\/media?parent=228"}],"curies":[{"name":"wp","href":"https:\/\/api.w.org\/{rel}","templated":true}]}}