{"id":30,"date":"2013-01-29T14:42:29","date_gmt":"2013-01-29T14:42:29","guid":{"rendered":"http:\/\/www.bachilleratogranes.com\/?page_id=30"},"modified":"2022-07-14T08:54:00","modified_gmt":"2022-07-14T08:54:00","slug":"bienvenida-de-la-direccion","status":"publish","type":"page","link":"https:\/\/www.batxilleratgranes.com\/es\/bienvenida-de-la-direccion\/","title":{"rendered":"Bienvenida de la direcci\u00f3n"},"content":{"rendered":"<div class=\"wpb-content-wrapper\"><p>[vc_section][vc_row][vc_column][vc_column_text][vc_custom_heading text=&#8221;Bienvenida de la direcci\u00f3n&#8221; font_container=&#8221;tag:h1|font_size:60px|text_align:center&#8221; use_theme_fonts=&#8221;yes&#8221; el_class=&#8221;classElemntTitlesResponsive&#8221;][vc_empty_space height=&#8221;30px&#8221;][\/vc_column_text][\/vc_column][\/vc_row][\/vc_section][vc_section][vc_row][vc_column][vc_column_text]Me complace daros la bienvenida a Gran\u00e9s Batxillerat, deseando que la informaci\u00f3n que encontr\u00e9is en nuestra web os sea de utilidad.<\/p>\n<p>En Gran\u00e9s Batxillerat llevamos m\u00e1s de 65 a\u00f1os acompa\u00f1ando a nuestros alumnos con el objetivo compartido de acceder a la Universidad con \u00e9xito. Nuestra experiencia nos permite guiarlos en este camino, as\u00ed como, desde hace un tiempo, hacia los Ciclos Formativos de Grado Superior, CFGS. Esto nos convierte en un centro referente de bachillerato en Barcelona..<\/p>\n<p>Por un lado, nuestro proyecto pedag\u00f3gico se orienta a que nuestros alumnos adquieran los conocimientos necesarios, los h\u00e1bitos y la metodolog\u00eda de trabajo para superar sin sorpresas, la adaptaci\u00f3n y el acceso a la universidad.<\/p>\n<p>Por otra parte, y m\u00e1s importante para nosotros, es ayudar a sus hijos a elegir su propio camino. El bachillerato es el punto de partida, no s\u00f3lo del acceso a la universidad, sino sobre todo de su futuro profesional. Por eso, todo el equipo del centro trabaja d\u00eda a d\u00eda para orientar a nuestros alumnos en su desarrollo personal y para potenciar sus competencias.<\/p>\n<p>Este es el momento m\u00e1s oportuno para que su hijo descubra la dimensi\u00f3n de sus capacidades innatas y consiga la plena conciencia. El encaje entre el tipo de inteligencia predominante, las inquietudes personales y el perfil profesional id\u00f3neo es esencial para poder desarrollarse con \u00e9xito profesionalmente. Para conseguirlo, hemos definido los itinerarios de cada una de las modalidades para trabajar unas competencias concretas a trav\u00e9s del aprendizaje basado en proyectos. Adem\u00e1s, lo hacemos con la colaboraci\u00f3n de las universidades.<\/p>\n<p>Por ello, todo nuestro equipo da un trato personal y cercano a cada uno de nuestros alumnos, sin anclarnos en el expediente acad\u00e9mico previo y siempre mirando por su futuro. Aqu\u00ed no cuenta qu\u00e9 hayan hecho en el pasado, sino qu\u00e9 quieren hacer con su futuro.<\/p>\n<p>Nos ponemos a su lado y al lado de sus hijos, para apoyarnos mutuamente y conseguir superar satisfactoriamente el desnivel entre la ESO y la universidad o los CFGS. Es el reto que hemos hecho nuestro, que nos define como instituci\u00f3n y que se ha convertido en nuestra pasi\u00f3n.<\/p>\n<p>Bienvenidos a Gran\u00e9s Batxillerat.<\/p>\n<p>Xavier Jov\u00e9<br \/>\nDirector[\/vc_column_text][\/vc_column][\/vc_row][\/vc_section][vc_section full_width=&#8221;stretch_row&#8221; css=&#8221;.vc_custom_1574073234468{margin-top: 35px !important;}&#8221;][vc_row full_width=&#8221;stretch_row_content_no_spaces&#8221;][vc_column][vc_single_image image=&#8221;328&#8243; img_size=&#8221;full&#8221; alignment=&#8221;center&#8221;][\/vc_column][\/vc_row][\/vc_section]<\/p>\n<\/div>","protected":false},"excerpt":{"rendered":"<p>[vc_section][vc_row][vc_column][vc_column_text][vc_custom_heading text=&#8221;Bienvenida de la direcci\u00f3n&#8221; font_container=&#8221;tag:h1|font_size:60px|text_align:center&#8221; use_theme_fonts=&#8221;yes&#8221; el_class=&#8221;classElemntTitlesResponsive&#8221;][vc_empty_space height=&#8221;30px&#8221;][\/vc_column_text][\/vc_column][\/vc_row][\/vc_section][vc_section][vc_row][vc_column][vc_column_text]Me complace daros la bienvenida a Gran\u00e9s Batxillerat, deseando que la informaci\u00f3n que encontr\u00e9is en nuestra web os sea de utilidad. En Gran\u00e9s Batxillerat llevamos m\u00e1s de 65 a\u00f1os acompa\u00f1ando a nuestros alumnos con el objetivo compartido de acceder a la Universidad con \u00e9xito. Nuestra experiencia nos&hellip;&nbsp;<a href=\"https:\/\/www.batxilleratgranes.com\/es\/bienvenida-de-la-direccion\/\" class=\"\" rel=\"bookmark\">Read More &raquo;<span class=\"screen-reader-text\">Bienvenida de la direcci\u00f3n<\/span><\/a><\/p>\n","protected":false},"author":1,"featured_media":1200,"parent":0,"menu_order":0,"comment_status":"closed","ping_status":"closed","template":"","meta":{"neve_meta_sidebar":"","neve_meta_container":"","neve_meta_enable_content_width":"off","neve_meta_content_width":100,"neve_meta_title_alignment":"","neve_meta_author_avatar":"","neve_post_elements_order":"","neve_meta_disable_header":"","neve_meta_disable_footer":"","neve_meta_disable_title":"","footnotes":""},"class_list":["post-30","page","type-page","status-publish","has-post-thumbnail","hentry"],"yoast_head":"<!-- This site is optimized with the Yoast SEO plugin v23.4 - https:\/\/yoast.com\/wordpress\/plugins\/seo\/ -->\n<title>Benvinguda de la direcci\u00f3 - El Centre | Gran\u00e9s Batxillerat<\/title>\n<meta name=\"description\" content=\"Gran\u00e9s Batxillerat \u00e9s un centre referent de Batxillerat a Barcelona especialitzat en preparar als l&#039;alumnes en el seu acc\u00e9s a la universitat i als CFGS.\" \/>\n<meta name=\"robots\" content=\"index, follow, max-snippet:-1, max-image-preview:large, max-video-preview:-1\" \/>\n<link rel=\"canonical\" href=\"https:\/\/www.batxilleratgranes.com\/es\/bienvenida-de-la-direccion\/\" \/>\n<meta property=\"og:locale\" content=\"es_ES\" \/>\n<meta property=\"og:type\" content=\"article\" \/>\n<meta property=\"og:title\" content=\"Benvinguda de la direcci\u00f3 - El Centre | Gran\u00e9s Batxillerat\" \/>\n<meta property=\"og:description\" content=\"Gran\u00e9s Batxillerat \u00e9s un centre referent de Batxillerat a Barcelona especialitzat en preparar als l&#039;alumnes en el seu acc\u00e9s a la universitat i als CFGS.\" \/>\n<meta property=\"og:url\" content=\"https:\/\/www.batxilleratgranes.com\/es\/bienvenida-de-la-direccion\/\" \/>\n<meta property=\"og:site_name\" content=\"Gran\u00e9s Batxillerat - Escuela especializada en Bachillerato en Barcelona\" \/>\n<meta property=\"article:modified_time\" content=\"2022-07-14T08:54:00+00:00\" \/>\n<meta property=\"og:image\" content=\"https:\/\/www.batxilleratgranes.com\/wp-content\/uploads\/2013\/02\/DSC_0638.jpg\" \/>\n\t<meta property=\"og:image:width\" content=\"1024\" \/>\n\t<meta property=\"og:image:height\" content=\"678\" \/>\n\t<meta property=\"og:image:type\" content=\"image\/jpeg\" \/>\n<meta name=\"twitter:card\" content=\"summary_large_image\" \/>\n<meta name=\"twitter:label1\" content=\"Est. reading time\" \/>\n\t<meta name=\"twitter:data1\" content=\"2 minutes\" \/>\n<script type=\"application\/ld+json\" class=\"yoast-schema-graph\">{\"@context\":\"https:\/\/schema.org\",\"@graph\":[{\"@type\":\"WebPage\",\"@id\":\"https:\/\/www.batxilleratgranes.com\/es\/bienvenida-de-la-direccion\/\",\"url\":\"https:\/\/www.batxilleratgranes.com\/es\/bienvenida-de-la-direccion\/\",\"name\":\"Benvinguda de la direcci\u00f3 - El Centre | Gran\u00e9s Batxillerat\",\"isPartOf\":{\"@id\":\"https:\/\/www.batxilleratgranes.com\/es\/#website\"},\"primaryImageOfPage\":{\"@id\":\"https:\/\/www.batxilleratgranes.com\/es\/bienvenida-de-la-direccion\/#primaryimage\"},\"image\":{\"@id\":\"https:\/\/www.batxilleratgranes.com\/es\/bienvenida-de-la-direccion\/#primaryimage\"},\"thumbnailUrl\":\"https:\/\/www.batxilleratgranes.com\/wp-content\/uploads\/2013\/02\/DSC_0638.jpg\",\"datePublished\":\"2013-01-29T14:42:29+00:00\",\"dateModified\":\"2022-07-14T08:54:00+00:00\",\"description\":\"Gran\u00e9s Batxillerat \u00e9s un centre referent de Batxillerat a Barcelona especialitzat en preparar als l'alumnes en el seu acc\u00e9s a la universitat i als CFGS.\",\"breadcrumb\":{\"@id\":\"https:\/\/www.batxilleratgranes.com\/es\/bienvenida-de-la-direccion\/#breadcrumb\"},\"inLanguage\":\"es\",\"potentialAction\":[{\"@type\":\"ReadAction\",\"target\":[\"https:\/\/www.batxilleratgranes.com\/es\/bienvenida-de-la-direccion\/\"]}]},{\"@type\":\"ImageObject\",\"inLanguage\":\"es\",\"@id\":\"https:\/\/www.batxilleratgranes.com\/es\/bienvenida-de-la-direccion\/#primaryimage\",\"url\":\"https:\/\/www.batxilleratgranes.com\/wp-content\/uploads\/2013\/02\/DSC_0638.jpg\",\"contentUrl\":\"https:\/\/www.batxilleratgranes.com\/wp-content\/uploads\/2013\/02\/DSC_0638.jpg\",\"width\":1024,\"height\":678,\"caption\":\"bachillerato barcelona\"},{\"@type\":\"BreadcrumbList\",\"@id\":\"https:\/\/www.batxilleratgranes.com\/es\/bienvenida-de-la-direccion\/#breadcrumb\",\"itemListElement\":[{\"@type\":\"ListItem\",\"position\":1,\"name\":\"Inici\",\"item\":\"https:\/\/www.batxilleratgranes.com\/es\/\"},{\"@type\":\"ListItem\",\"position\":2,\"name\":\"Bienvenida de la direcci\u00f3n\"}]},{\"@type\":\"WebSite\",\"@id\":\"https:\/\/www.batxilleratgranes.com\/es\/#website\",\"url\":\"https:\/\/www.batxilleratgranes.com\/es\/\",\"name\":\"Gran\u00e9s Batxillerat - Escuela especializada en Bachillerato en Barcelona\",\"description\":\"Escola especialitzada en Batxillerat a Barcelona\",\"publisher\":{\"@id\":\"https:\/\/www.batxilleratgranes.com\/es\/#organization\"},\"potentialAction\":[{\"@type\":\"SearchAction\",\"target\":{\"@type\":\"EntryPoint\",\"urlTemplate\":\"https:\/\/www.batxilleratgranes.com\/es\/?s={search_term_string}\"},\"query-input\":{\"@type\":\"PropertyValueSpecification\",\"valueRequired\":true,\"valueName\":\"search_term_string\"}}],\"inLanguage\":\"es\"},{\"@type\":\"Organization\",\"@id\":\"https:\/\/www.batxilleratgranes.com\/es\/#organization\",\"name\":\"Gran\u00e9s Batxillerat - Escuela especializada en Bachillerato en Barcelona\",\"url\":\"https:\/\/www.batxilleratgranes.com\/es\/\",\"logo\":{\"@type\":\"ImageObject\",\"inLanguage\":\"es\",\"@id\":\"https:\/\/www.batxilleratgranes.com\/es\/#\/schema\/logo\/image\/\",\"url\":\"https:\/\/www.batxilleratgranes.com\/wp-content\/uploads\/2013\/01\/granes1.png\",\"contentUrl\":\"https:\/\/www.batxilleratgranes.com\/wp-content\/uploads\/2013\/01\/granes1.png\",\"width\":292,\"height\":85,\"caption\":\"Gran\u00e9s Batxillerat - Escuela especializada en Bachillerato en Barcelona\"},\"image\":{\"@id\":\"https:\/\/www.batxilleratgranes.com\/es\/#\/schema\/logo\/image\/\"}}]}<\/script>\n<!-- \/ Yoast SEO plugin. -->","yoast_head_json":{"title":"Benvinguda de la direcci\u00f3 - El Centre | Gran\u00e9s Batxillerat","description":"Gran\u00e9s Batxillerat \u00e9s un centre referent de Batxillerat a Barcelona especialitzat en preparar als l'alumnes en el seu acc\u00e9s a la universitat i als CFGS.","robots":{"index":"index","follow":"follow","max-snippet":"max-snippet:-1","max-image-preview":"max-image-preview:large","max-video-preview":"max-video-preview:-1"},"canonical":"https:\/\/www.batxilleratgranes.com\/es\/bienvenida-de-la-direccion\/","og_locale":"es_ES","og_type":"article","og_title":"Benvinguda de la direcci\u00f3 - El Centre | Gran\u00e9s Batxillerat","og_description":"Gran\u00e9s Batxillerat \u00e9s un centre referent de Batxillerat a Barcelona especialitzat en preparar als l'alumnes en el seu acc\u00e9s a la universitat i als CFGS.","og_url":"https:\/\/www.batxilleratgranes.com\/es\/bienvenida-de-la-direccion\/","og_site_name":"Gran\u00e9s Batxillerat - Escuela especializada en Bachillerato en Barcelona","article_modified_time":"2022-07-14T08:54:00+00:00","og_image":[{"width":1024,"height":678,"url":"https:\/\/www.batxilleratgranes.com\/wp-content\/uploads\/2013\/02\/DSC_0638.jpg","type":"image\/jpeg"}],"twitter_card":"summary_large_image","twitter_misc":{"Est. reading time":"2 minutes"},"schema":{"@context":"https:\/\/schema.org","@graph":[{"@type":"WebPage","@id":"https:\/\/www.batxilleratgranes.com\/es\/bienvenida-de-la-direccion\/","url":"https:\/\/www.batxilleratgranes.com\/es\/bienvenida-de-la-direccion\/","name":"Benvinguda de la direcci\u00f3 - El Centre | Gran\u00e9s Batxillerat","isPartOf":{"@id":"https:\/\/www.batxilleratgranes.com\/es\/#website"},"primaryImageOfPage":{"@id":"https:\/\/www.batxilleratgranes.com\/es\/bienvenida-de-la-direccion\/#primaryimage"},"image":{"@id":"https:\/\/www.batxilleratgranes.com\/es\/bienvenida-de-la-direccion\/#primaryimage"},"thumbnailUrl":"https:\/\/www.batxilleratgranes.com\/wp-content\/uploads\/2013\/02\/DSC_0638.jpg","datePublished":"2013-01-29T14:42:29+00:00","dateModified":"2022-07-14T08:54:00+00:00","description":"Gran\u00e9s Batxillerat \u00e9s un centre referent de Batxillerat a Barcelona especialitzat en preparar als l'alumnes en el seu acc\u00e9s a la universitat i als CFGS.","breadcrumb":{"@id":"https:\/\/www.batxilleratgranes.com\/es\/bienvenida-de-la-direccion\/#breadcrumb"},"inLanguage":"es","potentialAction":[{"@type":"ReadAction","target":["https:\/\/www.batxilleratgranes.com\/es\/bienvenida-de-la-direccion\/"]}]},{"@type":"ImageObject","inLanguage":"es","@id":"https:\/\/www.batxilleratgranes.com\/es\/bienvenida-de-la-direccion\/#primaryimage","url":"https:\/\/www.batxilleratgranes.com\/wp-content\/uploads\/2013\/02\/DSC_0638.jpg","contentUrl":"https:\/\/www.batxilleratgranes.com\/wp-content\/uploads\/2013\/02\/DSC_0638.jpg","width":1024,"height":678,"caption":"bachillerato barcelona"},{"@type":"BreadcrumbList","@id":"https:\/\/www.batxilleratgranes.com\/es\/bienvenida-de-la-direccion\/#breadcrumb","itemListElement":[{"@type":"ListItem","position":1,"name":"Inici","item":"https:\/\/www.batxilleratgranes.com\/es\/"},{"@type":"ListItem","position":2,"name":"Bienvenida de la direcci\u00f3n"}]},{"@type":"WebSite","@id":"https:\/\/www.batxilleratgranes.com\/es\/#website","url":"https:\/\/www.batxilleratgranes.com\/es\/","name":"Gran\u00e9s Batxillerat - Escuela especializada en Bachillerato en Barcelona","description":"Escola especialitzada en Batxillerat a Barcelona","publisher":{"@id":"https:\/\/www.batxilleratgranes.com\/es\/#organization"},"potentialAction":[{"@type":"SearchAction","target":{"@type":"EntryPoint","urlTemplate":"https:\/\/www.batxilleratgranes.com\/es\/?s={search_term_string}"},"query-input":{"@type":"PropertyValueSpecification","valueRequired":true,"valueName":"search_term_string"}}],"inLanguage":"es"},{"@type":"Organization","@id":"https:\/\/www.batxilleratgranes.com\/es\/#organization","name":"Gran\u00e9s Batxillerat - Escuela especializada en Bachillerato en Barcelona","url":"https:\/\/www.batxilleratgranes.com\/es\/","logo":{"@type":"ImageObject","inLanguage":"es","@id":"https:\/\/www.batxilleratgranes.com\/es\/#\/schema\/logo\/image\/","url":"https:\/\/www.batxilleratgranes.com\/wp-content\/uploads\/2013\/01\/granes1.png","contentUrl":"https:\/\/www.batxilleratgranes.com\/wp-content\/uploads\/2013\/01\/granes1.png","width":292,"height":85,"caption":"Gran\u00e9s Batxillerat - Escuela especializada en Bachillerato en Barcelona"},"image":{"@id":"https:\/\/www.batxilleratgranes.com\/es\/#\/schema\/logo\/image\/"}}]}},"_links":{"self":[{"href":"https:\/\/www.batxilleratgranes.com\/es\/wp-json\/wp\/v2\/pages\/30"}],"collection":[{"href":"https:\/\/www.batxilleratgranes.com\/es\/wp-json\/wp\/v2\/pages"}],"about":[{"href":"https:\/\/www.batxilleratgranes.com\/es\/wp-json\/wp\/v2\/types\/page"}],"author":[{"embeddable":true,"href":"https:\/\/www.batxilleratgranes.com\/es\/wp-json\/wp\/v2\/users\/1"}],"replies":[{"embeddable":true,"href":"https:\/\/www.batxilleratgranes.com\/es\/wp-json\/wp\/v2\/comments?post=30"}],"version-history":[{"count":32,"href":"https:\/\/www.batxilleratgranes.com\/es\/wp-json\/wp\/v2\/pages\/30\/revisions"}],"predecessor-version":[{"id":42555,"href":"https:\/\/www.batxilleratgranes.com\/es\/wp-json\/wp\/v2\/pages\/30\/revisions\/42555"}],"wp:featuredmedia":[{"embeddable":true,"href":"https:\/\/www.batxilleratgranes.com\/es\/wp-json\/wp\/v2\/media\/1200"}],"wp:attachment":[{"href":"https:\/\/www.batxilleratgranes.com\/es\/wp-json\/wp\/v2\/media?parent=30"}],"curies":[{"name":"wp","href":"https:\/\/api.w.org\/{rel}","templated":true}]}}