{"id":34,"date":"2013-01-29T14:43:52","date_gmt":"2013-01-29T14:43:52","guid":{"rendered":"http:\/\/www.bachilleratogranes.com\/?page_id=34"},"modified":"2022-08-25T09:19:19","modified_gmt":"2022-08-25T09:19:19","slug":"definicion-del-centro","status":"publish","type":"page","link":"https:\/\/www.batxilleratgranes.com\/es\/definicion-del-centro\/","title":{"rendered":"Definici\u00f3 del centre"},"content":{"rendered":"<div class=\"wpb-content-wrapper\"><p>[vc_section full_width=&#8221;stretch_row_content&#8221;][vc_row css=&#8221;.vc_custom_1632676275250{background-image: url(https:\/\/www.batxilleratgranes.com\/wp-content\/uploads\/2020\/10\/definicio\u0301-centre-04.jpg?id=26277) !important;}&#8221;][vc_column][vc_column_text][vc_custom_heading text=&#8221;Definici\u00f3n del centro&#8221; font_container=&#8221;tag:h1|font_size:60px|text_align:center&#8221; use_theme_fonts=&#8221;yes&#8221; el_class=&#8221;classElemntTitlesResponsive&#8221;][vc_empty_space height=&#8221;30px&#8221;][\/vc_column_text][\/vc_column][\/vc_row][\/vc_section][vc_section css=&#8221;.vc_custom_1574076440710{padding-bottom: 35px !important;}&#8221;][vc_row css=&#8221;.vc_custom_1632676319665{margin-top: 20px !important;}&#8221;][vc_column offset=&#8221;vc_hidden-sm vc_hidden-xs&#8221;][vc_column_text]<\/p>\n<p class=\"fontsizeparraf\" style=\"text-align: center;\"><span style=\"color: #000000;\"><span style=\"color: #00833d;\">Gran\u00e9s Batxillerat<\/span> es una escuela <span style=\"color: #00833d;\">privada especializada en la formaci\u00f3n preuniversitaria<\/span> no obligatoria.<br \/>\nActualmente, esta formaci\u00f3n se concreta en los dos cursos de Bachillerato.<br \/>\n<\/span>[\/vc_column_text][vc_column_text el_class=&#8221;mainte&#8221; css=&#8221;.vc_custom_1661418956897{margin-bottom: 60px !important;}&#8221;]<\/p>\n<div class=\"title_definicio\">\u00bfCu\u00e1l es la misi\u00f3n principal de nuestro centro?<\/div>\n<p><span style=\"color: #000000; font-weight: 300;\"><span style=\"color: #00833d;\">_<\/span>Ponernos al servicio del <strong><span style=\"color: #00833d;\">desarrollo de las habilidades intelectuales y acad\u00e9mica<\/span> <\/strong>de nuestros alumnos y potenciar sus capacidades.<\/span><\/p>\n<p><strong><span style=\"color: #00833d;\">_Asentar la confianza<\/span><\/strong> en s\u00ed mismos y la madurez de nuestros alumnos, ofreciendo todo el apoyo que sea necesario.<\/p>\n<p><strong><span style=\"color: #00833d;\">_Prepararlos para poder afrontar las decisiones<\/span><\/strong> que tendr\u00e1n que tomar en los pr\u00f3ximos a\u00f1os y que marcar\u00e1n su futuro.[\/vc_column_text][vc_column_text el_class=&#8221;espcte&#8221; css=&#8221;.vc_custom_1661419162966{margin-top: 20px !important;margin-bottom: 60px !important;}&#8221;]<\/p>\n<div class=\"title_definicio\">\u00bfQu\u00e8 implica la especializaci\u00f3n en esta etapa?<\/div>\n<p><span style=\"color: #000000; font-weight: 300;\"><span style=\"color: #00833d;\">_<\/span>Centrar todo nuestro esfuerzo en este \u00fanico nivel con el objetivo de <strong><span style=\"color: #00833d;\">optimizar la metodolog\u00eda de ense\u00f1anza<\/span><\/strong> ofrecida a nuestros alumnos.<\/span><\/p>\n<p><strong><span style=\"color: #00833d;\">_Contamos con profesores experimentados en esta etapa educativa y en adolescencia<\/span> <\/strong>que proporcionan a los alumnos la madurez intelectual y humana necesaria para encaminar su futuro con \u00e9xito.<\/p>\n<p><strong><span style=\"color: #00833d;\">_Ofrecer una oferta de itinerarios especializados,<\/span> <\/strong>para que cada alumno pueda formarse en aquello que realmente es y prepararse para acceder a cada uno de los grados universitarios.<\/p>\n<p><span style=\"color: #000000; font-weight: 300;\"><span style=\"color: #00833d; font-weight: 300;\"><strong>_Que todos los alumnos de primero de bachillerato sean nuevos en el centro<\/strong>,<\/span> de manera que la integraci\u00f3n en el grupo y en nuestro centro la hacen todos a la vez y todos empiezan sin etiquetas.<\/span><\/p>\n<p><span style=\"color: #000000; font-weight: 300;\"><span style=\"color: #00833d; font-weight: 300;\">_<\/span> Disponer de la experi\u00e8ncia de <strong><span style=\"color: #00833d;\">profesores expertos en las diferentes \u00e1reas de conocimientos.<\/span><\/strong><\/span>[\/vc_column_text][vc_column_text el_class=&#8221;privte&#8221; css=&#8221;.vc_custom_1658657996481{margin-top: 20px !important;margin-bottom: 20px !important;}&#8221;]<\/p>\n<div class=\"title_definicio\">\u00bfQu\u00e9 implica ser una instituci\u00f3n acad\u00e9mica privada?<\/div>\n<p><span style=\"color: #000000; font-weight: 300;\"><span style=\"color: #00833d;\">_<\/span>Disponer de la flexibilidad necesaria para poder <strong><span style=\"color: #00833d;\">articular proyectos docentes de calidad<\/span><\/strong> a largo plazo y adaptarse a las demandas del alumnado y de sus familias.<\/p>\n<p><span style=\"color: #00833d; font-weight: 300;\"><span style=\"color: #000000;\"><span style=\"color: #00833d;\">_<\/span>Partir de la independencia econ\u00f3mica y organizativa que permite contar con un<\/span><strong><span style=\"color: #00833d;\"> equipo profesional flexible, entusiasta y cohesionado apasionado por el rigor acad\u00e9mico y profesional.<\/span>[\/vc_column_text][\/vc_column][\/vc_row][\/vc_section]<\/p>\n<\/div>","protected":false},"excerpt":{"rendered":"<p>[vc_section full_width=&#8221;stretch_row_content&#8221;][vc_row css=&#8221;.vc_custom_1632676275250{background-image: url(https:\/\/www.batxilleratgranes.com\/wp-content\/uploads\/2020\/10\/definicio\u0301-centre-04.jpg?id=26277) !important;}&#8221;][vc_column][vc_column_text][vc_custom_heading text=&#8221;Definici\u00f3n del centro&#8221; font_container=&#8221;tag:h1|font_size:60px|text_align:center&#8221; use_theme_fonts=&#8221;yes&#8221; el_class=&#8221;classElemntTitlesResponsive&#8221;][vc_empty_space height=&#8221;30px&#8221;][\/vc_column_text][\/vc_column][\/vc_row][\/vc_section][vc_section css=&#8221;.vc_custom_1574076440710{padding-bottom: 35px !important;}&#8221;][vc_row css=&#8221;.vc_custom_1632676319665{margin-top: 20px !important;}&#8221;][vc_column offset=&#8221;vc_hidden-sm vc_hidden-xs&#8221;][vc_column_text] Gran\u00e9s Batxillerat es una escuela privada especializada en la formaci\u00f3n preuniversitaria no obligatoria. Actualmente, esta formaci\u00f3n se concreta en los dos cursos de Bachillerato. [\/vc_column_text][vc_column_text el_class=&#8221;mainte&#8221; css=&#8221;.vc_custom_1661418956897{margin-bottom: 60px !important;}&#8221;] \u00bfCu\u00e1l es la misi\u00f3n principal de&hellip;&nbsp;<a href=\"https:\/\/www.batxilleratgranes.com\/es\/definicion-del-centro\/\" class=\"\" rel=\"bookmark\">Read More &raquo;<span class=\"screen-reader-text\">Definici\u00f3 del centre<\/span><\/a><\/p>\n","protected":false},"author":1,"featured_media":0,"parent":0,"menu_order":0,"comment_status":"closed","ping_status":"closed","template":"","meta":{"neve_meta_sidebar":"","neve_meta_container":"","neve_meta_enable_content_width":"off","neve_meta_content_width":100,"neve_meta_title_alignment":"","neve_meta_author_avatar":"","neve_post_elements_order":"","neve_meta_disable_header":"","neve_meta_disable_footer":"","neve_meta_disable_title":"","footnotes":""},"class_list":["post-34","page","type-page","status-publish","hentry"],"yoast_head":"<!-- This site is optimized with the Yoast SEO plugin v23.4 - https:\/\/yoast.com\/wordpress\/plugins\/seo\/ -->\n<title>Definici\u00f3 del Centre - El Centre | Gran\u00e9s Batxillerat<\/title>\n<meta name=\"description\" content=\"Gran\u00e9s Batxillerat \u00e9s una escola privada especialitzada en la formaci\u00f3 preuniversit\u00e0ria no obligat\u00f2ria, formada actualment per dos cursos de Batxillerat.\" \/>\n<meta name=\"robots\" content=\"index, follow, max-snippet:-1, max-image-preview:large, max-video-preview:-1\" \/>\n<link rel=\"canonical\" href=\"https:\/\/www.batxilleratgranes.com\/es\/definicion-del-centro\/\" \/>\n<meta property=\"og:locale\" content=\"es_ES\" \/>\n<meta property=\"og:type\" content=\"article\" \/>\n<meta property=\"og:title\" content=\"Definici\u00f3 del Centre - El Centre | Gran\u00e9s Batxillerat\" \/>\n<meta property=\"og:description\" content=\"Gran\u00e9s Batxillerat \u00e9s una escola privada especialitzada en la formaci\u00f3 preuniversit\u00e0ria no obligat\u00f2ria, formada actualment per dos cursos de Batxillerat.\" \/>\n<meta property=\"og:url\" content=\"https:\/\/www.batxilleratgranes.com\/es\/definicion-del-centro\/\" \/>\n<meta property=\"og:site_name\" content=\"Gran\u00e9s Batxillerat - Escuela especializada en Bachillerato en Barcelona\" \/>\n<meta property=\"article:modified_time\" content=\"2022-08-25T09:19:19+00:00\" \/>\n<meta name=\"twitter:card\" content=\"summary_large_image\" \/>\n<meta name=\"twitter:label1\" content=\"Est. reading time\" \/>\n\t<meta name=\"twitter:data1\" content=\"2 minutes\" \/>\n<script type=\"application\/ld+json\" class=\"yoast-schema-graph\">{\"@context\":\"https:\/\/schema.org\",\"@graph\":[{\"@type\":\"WebPage\",\"@id\":\"https:\/\/www.batxilleratgranes.com\/es\/definicion-del-centro\/\",\"url\":\"https:\/\/www.batxilleratgranes.com\/es\/definicion-del-centro\/\",\"name\":\"Definici\u00f3 del Centre - El Centre | Gran\u00e9s Batxillerat\",\"isPartOf\":{\"@id\":\"https:\/\/www.batxilleratgranes.com\/es\/#website\"},\"datePublished\":\"2013-01-29T14:43:52+00:00\",\"dateModified\":\"2022-08-25T09:19:19+00:00\",\"description\":\"Gran\u00e9s Batxillerat \u00e9s una escola privada especialitzada en la formaci\u00f3 preuniversit\u00e0ria no obligat\u00f2ria, formada actualment per dos cursos de Batxillerat.\",\"breadcrumb\":{\"@id\":\"https:\/\/www.batxilleratgranes.com\/es\/definicion-del-centro\/#breadcrumb\"},\"inLanguage\":\"es\",\"potentialAction\":[{\"@type\":\"ReadAction\",\"target\":[\"https:\/\/www.batxilleratgranes.com\/es\/definicion-del-centro\/\"]}]},{\"@type\":\"BreadcrumbList\",\"@id\":\"https:\/\/www.batxilleratgranes.com\/es\/definicion-del-centro\/#breadcrumb\",\"itemListElement\":[{\"@type\":\"ListItem\",\"position\":1,\"name\":\"Inici\",\"item\":\"https:\/\/www.batxilleratgranes.com\/es\/\"},{\"@type\":\"ListItem\",\"position\":2,\"name\":\"Definici\u00f3 del centre\"}]},{\"@type\":\"WebSite\",\"@id\":\"https:\/\/www.batxilleratgranes.com\/es\/#website\",\"url\":\"https:\/\/www.batxilleratgranes.com\/es\/\",\"name\":\"Gran\u00e9s Batxillerat - Escuela especializada en Bachillerato en Barcelona\",\"description\":\"Escola especialitzada en Batxillerat a Barcelona\",\"publisher\":{\"@id\":\"https:\/\/www.batxilleratgranes.com\/es\/#organization\"},\"potentialAction\":[{\"@type\":\"SearchAction\",\"target\":{\"@type\":\"EntryPoint\",\"urlTemplate\":\"https:\/\/www.batxilleratgranes.com\/es\/?s={search_term_string}\"},\"query-input\":{\"@type\":\"PropertyValueSpecification\",\"valueRequired\":true,\"valueName\":\"search_term_string\"}}],\"inLanguage\":\"es\"},{\"@type\":\"Organization\",\"@id\":\"https:\/\/www.batxilleratgranes.com\/es\/#organization\",\"name\":\"Gran\u00e9s Batxillerat - Escuela especializada en Bachillerato en Barcelona\",\"url\":\"https:\/\/www.batxilleratgranes.com\/es\/\",\"logo\":{\"@type\":\"ImageObject\",\"inLanguage\":\"es\",\"@id\":\"https:\/\/www.batxilleratgranes.com\/es\/#\/schema\/logo\/image\/\",\"url\":\"https:\/\/www.batxilleratgranes.com\/wp-content\/uploads\/2013\/01\/granes1.png\",\"contentUrl\":\"https:\/\/www.batxilleratgranes.com\/wp-content\/uploads\/2013\/01\/granes1.png\",\"width\":292,\"height\":85,\"caption\":\"Gran\u00e9s Batxillerat - Escuela especializada en Bachillerato en Barcelona\"},\"image\":{\"@id\":\"https:\/\/www.batxilleratgranes.com\/es\/#\/schema\/logo\/image\/\"}}]}<\/script>\n<!-- \/ Yoast SEO plugin. -->","yoast_head_json":{"title":"Definici\u00f3 del Centre - El Centre | Gran\u00e9s Batxillerat","description":"Gran\u00e9s Batxillerat \u00e9s una escola privada especialitzada en la formaci\u00f3 preuniversit\u00e0ria no obligat\u00f2ria, formada actualment per dos cursos de Batxillerat.","robots":{"index":"index","follow":"follow","max-snippet":"max-snippet:-1","max-image-preview":"max-image-preview:large","max-video-preview":"max-video-preview:-1"},"canonical":"https:\/\/www.batxilleratgranes.com\/es\/definicion-del-centro\/","og_locale":"es_ES","og_type":"article","og_title":"Definici\u00f3 del Centre - El Centre | Gran\u00e9s Batxillerat","og_description":"Gran\u00e9s Batxillerat \u00e9s una escola privada especialitzada en la formaci\u00f3 preuniversit\u00e0ria no obligat\u00f2ria, formada actualment per dos cursos de Batxillerat.","og_url":"https:\/\/www.batxilleratgranes.com\/es\/definicion-del-centro\/","og_site_name":"Gran\u00e9s Batxillerat - Escuela especializada en Bachillerato en Barcelona","article_modified_time":"2022-08-25T09:19:19+00:00","twitter_card":"summary_large_image","twitter_misc":{"Est. reading time":"2 minutes"},"schema":{"@context":"https:\/\/schema.org","@graph":[{"@type":"WebPage","@id":"https:\/\/www.batxilleratgranes.com\/es\/definicion-del-centro\/","url":"https:\/\/www.batxilleratgranes.com\/es\/definicion-del-centro\/","name":"Definici\u00f3 del Centre - El Centre | Gran\u00e9s Batxillerat","isPartOf":{"@id":"https:\/\/www.batxilleratgranes.com\/es\/#website"},"datePublished":"2013-01-29T14:43:52+00:00","dateModified":"2022-08-25T09:19:19+00:00","description":"Gran\u00e9s Batxillerat \u00e9s una escola privada especialitzada en la formaci\u00f3 preuniversit\u00e0ria no obligat\u00f2ria, formada actualment per dos cursos de Batxillerat.","breadcrumb":{"@id":"https:\/\/www.batxilleratgranes.com\/es\/definicion-del-centro\/#breadcrumb"},"inLanguage":"es","potentialAction":[{"@type":"ReadAction","target":["https:\/\/www.batxilleratgranes.com\/es\/definicion-del-centro\/"]}]},{"@type":"BreadcrumbList","@id":"https:\/\/www.batxilleratgranes.com\/es\/definicion-del-centro\/#breadcrumb","itemListElement":[{"@type":"ListItem","position":1,"name":"Inici","item":"https:\/\/www.batxilleratgranes.com\/es\/"},{"@type":"ListItem","position":2,"name":"Definici\u00f3 del centre"}]},{"@type":"WebSite","@id":"https:\/\/www.batxilleratgranes.com\/es\/#website","url":"https:\/\/www.batxilleratgranes.com\/es\/","name":"Gran\u00e9s Batxillerat - Escuela especializada en Bachillerato en Barcelona","description":"Escola especialitzada en Batxillerat a Barcelona","publisher":{"@id":"https:\/\/www.batxilleratgranes.com\/es\/#organization"},"potentialAction":[{"@type":"SearchAction","target":{"@type":"EntryPoint","urlTemplate":"https:\/\/www.batxilleratgranes.com\/es\/?s={search_term_string}"},"query-input":{"@type":"PropertyValueSpecification","valueRequired":true,"valueName":"search_term_string"}}],"inLanguage":"es"},{"@type":"Organization","@id":"https:\/\/www.batxilleratgranes.com\/es\/#organization","name":"Gran\u00e9s Batxillerat - Escuela especializada en Bachillerato en Barcelona","url":"https:\/\/www.batxilleratgranes.com\/es\/","logo":{"@type":"ImageObject","inLanguage":"es","@id":"https:\/\/www.batxilleratgranes.com\/es\/#\/schema\/logo\/image\/","url":"https:\/\/www.batxilleratgranes.com\/wp-content\/uploads\/2013\/01\/granes1.png","contentUrl":"https:\/\/www.batxilleratgranes.com\/wp-content\/uploads\/2013\/01\/granes1.png","width":292,"height":85,"caption":"Gran\u00e9s Batxillerat - Escuela especializada en Bachillerato en Barcelona"},"image":{"@id":"https:\/\/www.batxilleratgranes.com\/es\/#\/schema\/logo\/image\/"}}]}},"_links":{"self":[{"href":"https:\/\/www.batxilleratgranes.com\/es\/wp-json\/wp\/v2\/pages\/34"}],"collection":[{"href":"https:\/\/www.batxilleratgranes.com\/es\/wp-json\/wp\/v2\/pages"}],"about":[{"href":"https:\/\/www.batxilleratgranes.com\/es\/wp-json\/wp\/v2\/types\/page"}],"author":[{"embeddable":true,"href":"https:\/\/www.batxilleratgranes.com\/es\/wp-json\/wp\/v2\/users\/1"}],"replies":[{"embeddable":true,"href":"https:\/\/www.batxilleratgranes.com\/es\/wp-json\/wp\/v2\/comments?post=34"}],"version-history":[{"count":38,"href":"https:\/\/www.batxilleratgranes.com\/es\/wp-json\/wp\/v2\/pages\/34\/revisions"}],"predecessor-version":[{"id":43079,"href":"https:\/\/www.batxilleratgranes.com\/es\/wp-json\/wp\/v2\/pages\/34\/revisions\/43079"}],"wp:attachment":[{"href":"https:\/\/www.batxilleratgranes.com\/es\/wp-json\/wp\/v2\/media?parent=34"}],"curies":[{"name":"wp","href":"https:\/\/api.w.org\/{rel}","templated":true}]}}