{"id":45732,"date":"2023-01-12T11:45:49","date_gmt":"2023-01-12T11:45:49","guid":{"rendered":"https:\/\/www.batxilleratgranes.com\/?page_id=45732"},"modified":"2025-11-10T18:37:54","modified_gmt":"2025-11-10T18:37:54","slug":"bachillerato-musica","status":"publish","type":"page","link":"https:\/\/www.batxilleratgranes.com\/es\/bachillerato-musica\/","title":{"rendered":"Bachillerato en M\u00fasica"},"content":{"rendered":"<div class=\"wpb-content-wrapper\"><p>[vc_section full_width=&#8221;stretch_row_content&#8221;][vc_row css=&#8221;.vc_custom_1669795586078{background-image: url(https:\/\/www.batxilleratgranes.com\/wp-content\/uploads\/2022\/11\/Imagen2.jpg?id=44846) !important;background-position: center !important;background-repeat: no-repeat !important;background-size: cover !important;}&#8221;][vc_column css=&#8221;.vc_custom_1583929432220{padding-top: 0px !important;}&#8221;][vc_empty_space height=&#8221;62px&#8221;][vc_column_text css=&#8221;.vc_custom_1673613461474{padding-top: 40px !important;}&#8221;]<\/p>\n<h1>Bachillerato en M\u00fasica<\/h1>\n<h2>Tu futuro en clave de m\u00fasica urbana<\/h2>\n<p>[\/vc_column_text][vc_btn title=&#8221;INF\u00d3RMATE CON UNA VISITA PERSONALIZADA&#8221; style=&#8221;custom&#8221; custom_background=&#8221;#0a0a0a&#8221; custom_text=&#8221;#ffffff&#8221; size=&#8221;lg&#8221; align=&#8221;center&#8221; link=&#8221;url:%23informate&#8221; el_class=&#8221;botomatricula&#8221;][vc_empty_space height=&#8221;62px&#8221;][\/vc_column][\/vc_row][vc_row disable_element=&#8221;yes&#8221;][vc_column width=&#8221;1\/5&#8243;][vc_column_text]<\/p>\n<p class=\"hoverGreenActive\" style=\"text-align: center;\"><a href=\"http:\/\/www.batxilleratgranes.com\/batxillerat-tecnologia\/#estudiar\"><strong><span style=\"text-decoration: underline;\"><span style=\"text-decoration: underline;\">Qu\u00e8 estudiara\u0300s<\/span><\/span><\/strong><\/a><\/p>\n<p>[\/vc_column_text][\/vc_column][vc_column width=&#8221;1\/5&#8243;][vc_column_text]<\/p>\n<p class=\"hoverGreenActive\" style=\"text-align: center;\"><a href=\"http:\/\/www.batxilleratgranes.com\/batxillerat-tecnologia\/#dirigit\"><strong><span style=\"text-decoration: underline;\"><span style=\"text-decoration: underline;\">A qui es dirigeix<\/span><\/span><\/strong><\/a><\/p>\n<p>[\/vc_column_text][\/vc_column][vc_column width=&#8221;1\/5&#8243;][vc_column_text]<\/p>\n<p class=\"hoverGreenActive\" style=\"text-align: center;\"><a href=\"http:\/\/www.batxilleratgranes.com\/batxillerat-tecnologia\/#estudiaras\"><strong><span style=\"text-decoration: underline;\"><span style=\"text-decoration: underline;\">Com estudiara\u0300s<\/span><\/span><\/strong><\/a><\/p>\n<p>[\/vc_column_text][\/vc_column][vc_column width=&#8221;1\/5&#8243;][vc_column_text]<\/p>\n<p class=\"hoverGreenActive\" style=\"text-align: center;\"><a href=\"http:\/\/www.batxilleratgranes.com\/batxillerat-tecnologia\/#peraque\"><strong><span style=\"text-decoration: underline;\"><span style=\"text-decoration: underline;\">Per que\u0300 aquest itineari<\/span><\/span><\/strong><\/a><\/p>\n<p>[\/vc_column_text][\/vc_column][vc_column width=&#8221;1\/5&#8243;][vc_column_text]<\/p>\n<p class=\"hoverGreenActive\" style=\"text-align: center;\"><a href=\"http:\/\/www.batxilleratgranes.com\/batxillerat-tecnologia\/#informat\"><strong><span style=\"text-decoration: underline;\"><span style=\"text-decoration: underline;\">Informa&#8217;t<\/span><\/span><\/strong><\/a><\/p>\n<p>[\/vc_column_text][\/vc_column][\/vc_row][\/vc_section][vc_section el_id=&#8221;estudiar&#8221;][vc_row css=&#8221;.vc_custom_1636917436524{margin-bottom: 0px !important;padding-bottom: 0px !important;}&#8221;][vc_column css=&#8221;.vc_custom_1602851191633{padding-top: 5% !important;}&#8221;][vc_column_text]<\/p>\n<h3 class=\"title_section\" style=\"text-align: center; margin-bottom: 0px;\">El \u00fanico bachillerato Musical en colaboraci\u00f3n con un<\/h3>\n<h3 class=\"title_section\" style=\"text-align: center;\">Centro Superior de M\u00fasica<\/h3>\n<p>[\/vc_column_text][vc_column_text css=&#8221;.vc_custom_1673613680560{margin-top: 20px !important;margin-right: 30px !important;margin-left: 30px !important;}&#8221;]<\/p>\n<p style=\"text-align: justify; font-size: 18px;\">La experiencia y los profesionales de <a href=\"https:\/\/jamsession.cat\/\"><span class=\"black_style\">Jam Session<\/span><\/a> en un bachillerato eminentmente <strong>pr\u00e1ctico<\/strong> y en el <strong>centro de Barcelona<\/strong>, con el que potenciar\u00e1s tu <strong>musicalidad<\/strong>, <strong>creatividad<\/strong> y\u00a0<strong>pensamiento cr\u00edtico<\/strong> en relaci\u00f3n con las producciones art\u00edsticas y que te preparar\u00e1 para las <strong>pruebas de acceso a los estudios superiores de m\u00fasica.<\/strong><\/p>\n<p>[\/vc_column_text][vc_column_text]<\/p>\n<p style=\"text-align: center;\"><iframe loading=\"lazy\" title=\"YouTube video player\" src=\"https:\/\/www.youtube.com\/embed\/MYRnNkD5O5k?si=hAOZzprlDQbcekIi\" width=\"660\" height=\"315\" frameborder=\"0\" allowfullscreen=\"allowfullscreen\"><\/iframe><\/p>\n<p>[\/vc_column_text][\/vc_column][\/vc_row][\/vc_section][vc_section full_width=&#8221;stretch_row_content&#8221; content_placement=&#8221;middle&#8221; disable_element=&#8221;yes&#8221; css=&#8221;.vc_custom_1669796397271{padding-top: 50px !important;}&#8221;][vc_row full_width=&#8221;stretch_row&#8221; css=&#8221;.vc_custom_1636917342807{padding-top: 2% !important;padding-bottom: 2% !important;background-color: #000000 !important;}&#8221;][vc_column][vc_custom_heading text=&#8221;Quieres saber m\u00e1s?&#8221; font_container=&#8221;tag:h2|font_size:3em|text_align:center|color:%23ffffff&#8221; use_theme_fonts=&#8221;yes&#8221;][vc_btn title=&#8221;Conoce las materias&#8221; color=&#8221;default&#8221; align=&#8221;center&#8221; link=&#8221;url:https%3A%2F%2Fwww.batxilleratgranes.com%2Fmateries|title:Coneix%20les%20mat%C3%A8ries||&#8221;][\/vc_column][\/vc_row][\/vc_section][vc_row][vc_column][vc_row_inner disable_element=&#8221;yes&#8221;][vc_column_inner el_class=&#8221;bloc_music&#8221; width=&#8221;1\/4&#8243; css=&#8221;.vc_custom_1669796648353{background-image: url(https:\/\/www.batxilleratgranes.com\/wp-content\/uploads\/2022\/11\/Imagen-1.jpg?id=44864) !important;}&#8221;][vc_column_text]<\/p>\n<p class=\"black_style\">Nuestro m\u00e9todo<\/p>\n<p>[\/vc_column_text][\/vc_column_inner][vc_column_inner el_class=&#8221;bloc_music&#8221; width=&#8221;1\/4&#8243; css=&#8221;.vc_custom_1669797228576{background-image: url(https:\/\/www.batxilleratgranes.com\/wp-content\/uploads\/2022\/11\/Imagen-1.jpg?id=44864) !important;}&#8221;][vc_column_text]<\/p>\n<p class=\"black_style\">Pr\u00e1cticas, combos, conciertos, castings<\/p>\n<p>[\/vc_column_text][\/vc_column_inner][vc_column_inner el_class=&#8221;bloc_music&#8221; width=&#8221;1\/4&#8243; css=&#8221;.vc_custom_1669797235524{background-image: url(https:\/\/www.batxilleratgranes.com\/wp-content\/uploads\/2022\/11\/Imagen-1.jpg?id=44864) !important;}&#8221;][vc_column_text]<\/p>\n<p class=\"black_style\">Pruebas de acceso a estudios superiores<\/p>\n<p>[\/vc_column_text][\/vc_column_inner][vc_column_inner el_class=&#8221;bloc_music&#8221; width=&#8221;1\/4&#8243; css=&#8221;.vc_custom_1669797239955{background-image: url(https:\/\/www.batxilleratgranes.com\/wp-content\/uploads\/2022\/11\/Imagen-1.jpg?id=44864) !important;}&#8221;][vc_column_text]<\/p>\n<p class=\"black_style\">Nuevas tecnolog\u00edas aplicadas a la m\u00fasica<\/p>\n<p>[\/vc_column_text][\/vc_column_inner][\/vc_row_inner][vc_row_inner equal_height=&#8221;yes&#8221; css=&#8221;.vc_custom_1669903323037{margin-top: 30px !important;}&#8221;][vc_column_inner el_class=&#8221;bloc_music&#8221; width=&#8221;1\/4&#8243;][vc_hoverbox image=&#8221;45722&#8243; primary_title=&#8221;Nuestro m\u00e9todo&#8221; hover_title=&#8221;Nuestro m\u00e9todo&#8221; shape=&#8221;square&#8221; el_class=&#8221;bloc_metode&#8221;]- Sesiones de 2h<br \/>\n&#8211; Grupos reducidos<br \/>\n&#8211; Clases pr\u00e1cticas<br \/>\n&#8211; 7 evaluaciones<br \/>\n&#8211; Tutorias individualizadas[\/vc_hoverbox][\/vc_column_inner][vc_column_inner el_class=&#8221;bloc_music&#8221; width=&#8221;1\/4&#8243;][vc_hoverbox image=&#8221;45727&#8243; primary_title=&#8221;Pr\u00e1cticas, combos, conciertos, castings&#8221; hover_title=&#8221;Pr\u00e1cticas, combos, conciertos, castings&#8221; shape=&#8221;square&#8221; el_class=&#8221;bloc_metode&#8221;]- Grupos de combo<br \/>\n&#8211; Pr\u00e1ctica instrumental<br \/>\n&#8211; Actuaciones musicales y directos<br \/>\n&#8211; Preparaci\u00f3n de castings[\/vc_hoverbox][\/vc_column_inner][vc_column_inner el_class=&#8221;bloc_music&#8221; width=&#8221;1\/4&#8243;][vc_hoverbox image=&#8221;45725&#8243; primary_title=&#8221;Pruebas de acceso a estudios superiores&#8221; hover_title=&#8221;Pruebas de acceso a estudios superiores&#8221; shape=&#8221;square&#8221; el_class=&#8221;bloc_metode&#8221;]- Trabajo del formato y contenido de las diferentes partes del proceso<br \/>\n&#8211; Simulaci\u00f3n y preparaci\u00f3n de las pruebas en un contexto real<br \/>\n&#8211; Orientaci\u00f3n y acompa\u00f1amiento[\/vc_hoverbox][\/vc_column_inner][vc_column_inner el_class=&#8221;bloc_music&#8221; width=&#8221;1\/4&#8243;][vc_hoverbox image=&#8221;45729&#8243; primary_title=&#8221;Nuevas tecnolog\u00edas aplicadas a la m\u00fasica&#8221; hover_title=&#8221;Nuevas tecnolog\u00edas aplicadas a la m\u00fasica&#8221; shape=&#8221;square&#8221; el_class=&#8221;bloc_metode&#8221;]- Formaci\u00f3n en interpretaci\u00f3n y producci\u00f3n musical<br \/>\n&#8211; Aulas y estudios de grabaci\u00f3n<br \/>\n&#8211; Equipo de sonido y software de referencia en la industria musical actual[\/vc_hoverbox][\/vc_column_inner][\/vc_row_inner][\/vc_column][\/vc_row][vc_section css=&#8221;.vc_custom_1576603302694{margin-top: 50px !important;}&#8221; el_id=&#8221;dirigit&#8221;][vc_row el_id=&#8221;dirigit&#8221;][vc_column][vc_column_text]<\/p>\n<h3 class=\"title_section\" style=\"text-align: center;\">Un bachillerato especializado en m\u00fasica para ti que:<\/h3>\n<p>[\/vc_column_text][vc_row_inner][vc_column_inner el_class=&#8221;bloc_music_2&#8243; width=&#8221;1\/4&#8243;][vc_empty_space height=&#8221;65px&#8221; el_class=&#8221;icono_especialitzat&#8221; css=&#8221;.vc_custom_1669902569013{margin-bottom: 20px !important;background-image: url(https:\/\/www.batxilleratgranes.com\/wp-content\/uploads\/2022\/12\/nota-musical.png?id=44970) !important;}&#8221;][vc_column_text]Llevas unos a\u00f1os tocando un instrumento y recibiendo formaci\u00f3n musical[\/vc_column_text][\/vc_column_inner][vc_column_inner el_class=&#8221;bloc_music_2&#8243; width=&#8221;1\/4&#8243;][vc_empty_space height=&#8221;65px&#8221; el_class=&#8221;icono_especialitzat&#8221; css=&#8221;.vc_custom_1669902574529{margin-bottom: 20px !important;background-image: url(https:\/\/www.batxilleratgranes.com\/wp-content\/uploads\/2022\/12\/pua-de-guitarra.png?id=44974) !important;}&#8221;][vc_column_text]Quieres especializarte en m\u00fasicas urbanas, nuevas tendencias y rock[\/vc_column_text][\/vc_column_inner][vc_column_inner el_class=&#8221;bloc_music_2&#8243; width=&#8221;1\/4&#8243;][vc_empty_space height=&#8221;65px&#8221; el_class=&#8221;icono_especialitzat&#8221; css=&#8221;.vc_custom_1669902581309{margin-bottom: 20px !important;background-image: url(https:\/\/www.batxilleratgranes.com\/wp-content\/uploads\/2022\/12\/piso-de-arriba.png?id=44976) !important;}&#8221;][vc_column_text]Buscas un bachillerato adaptado a ti y acceder a estudios superiores de m\u00fasica[\/vc_column_text][\/vc_column_inner][vc_column_inner el_class=&#8221;bloc_music_2&#8243; width=&#8221;1\/4&#8243;][vc_empty_space height=&#8221;65px&#8221; el_class=&#8221;icono_especialitzat&#8221; css=&#8221;.vc_custom_1669902587557{margin-bottom: 20px !important;background-image: url(https:\/\/www.batxilleratgranes.com\/wp-content\/uploads\/2022\/12\/musica-de-la-tierra.png?id=44978) !important;}&#8221;][vc_column_text]Deseas orientar tu carrera profesional hacia la interpretaci\u00f3n y producci\u00f3n musical[\/vc_column_text][\/vc_column_inner][\/vc_row_inner][\/vc_column][\/vc_row][\/vc_section][vc_section css=&#8221;.vc_custom_1576603302694{margin-top: 50px !important;}&#8221;][\/vc_section][vc_section css=&#8221;.vc_custom_1632689793462{margin-top: 50px !important;}&#8221; el_id=&#8221;estudiaras&#8221;][vc_row equal_height=&#8221;yes&#8221; css=&#8221;.vc_custom_1669841825567{margin-top: 50px !important;}&#8221;][vc_column css=&#8221;.vc_custom_1669816258459{background-image: url(https:\/\/www.batxilleratgranes.com\/wp-content\/uploads\/2022\/11\/Sin-ti\u0301tulo2.jpg?id=44916) !important;}&#8221;][vc_empty_space height=&#8221;300px&#8221;][\/vc_column][vc_column width=&#8221;1\/2&#8243; css=&#8221;.vc_custom_1669816357375{background-color: #000000 !important;}&#8221;][vc_column_text css=&#8221;.vc_custom_1675252553057{padding-right: 10px !important;padding-left: 10px !important;}&#8221;]<\/p>\n<p style=\"font-size: 18px; text-align: justify; color: white;\">\u00danico bachillerato impartido en colaboraci\u00f3n con un <strong>Centro Autorizado de Ense\u00f1anzas Art\u00edsticas Superiores de M\u00fasica<\/strong> por el Departamento de Educaci\u00f3n de la Generalitat de Catalunya certificado por la AQU (Ag\u00e8ncia per a la Qualitat del Sistema Universitari de Catalunya). Con 25 a\u00f1os de experiencia en formaci\u00f3n musical de <strong>m\u00fasicas urbanas, nuevas tendencias y rock.<\/strong><\/p>\n<p style=\"font-size: 18px; text-align: justify; color: white;\">Gran\u00e9s y Jam Session unidos para ofrecer el bachillerato musical que garantiza tu preparaci\u00f3n a las <strong>pruebas de acceso al Grado Superior<\/strong> y tu <strong>futuro en el mundo de la m\u00fasica<\/strong>.<\/p>\n<p>[\/vc_column_text][\/vc_column][vc_column width=&#8221;1\/2&#8243;][vc_empty_space height=&#8221;50px&#8221;][vc_empty_space height=&#8221;100px&#8221; css=&#8221;.vc_custom_1669841622821{background-image: url(https:\/\/www.batxilleratgranes.com\/wp-content\/uploads\/2022\/11\/logo_Black-JAM-SESSION.png?id=44947) !important;}&#8221; el_class=&#8221;logo_escoles&#8221;][vc_empty_space height=&#8221;100px&#8221; css=&#8221;.vc_custom_1669841631705{background-image: url(https:\/\/www.batxilleratgranes.com\/wp-content\/uploads\/2013\/01\/granes1.png?id=12) !important;}&#8221; el_class=&#8221;logo_escoles&#8221;][\/vc_column][\/vc_row][\/vc_section][vc_row css=&#8221;.vc_custom_1669841161560{margin-top: 30px !important;}&#8221;][vc_column][vc_column_text]<\/p>\n<h3 class=\"title_section\" style=\"text-align: center;\">El profesorado<\/h3>\n<p>[\/vc_column_text][vc_row_inner][vc_column_inner el_class=&#8221;bloc_music_2&#8243; width=&#8221;1\/3&#8243;][vc_empty_space height=&#8221;350px&#8221; el_class=&#8221;foto_profesores&#8221; css=&#8221;.vc_custom_1673428957372{margin-bottom: 10px !important;background-image: url(https:\/\/www.batxilleratgranes.com\/wp-content\/uploads\/2023\/01\/javier-cisneros-coordinador-pedagogico-esm-jam-session.jpg?id=45685) !important;}&#8221;][vc_column_text css=&#8221;.vc_custom_1674040974920{margin-bottom: 10px !important;}&#8221;]<\/p>\n<p style=\"font-size: 21px;\">Javier Cisneros<\/p>\n<p>[\/vc_column_text][vc_column_text]Jefe de estudios del Centro Superior de M\u00fasica Jam Session, donde tambi\u00e9n ejerce de profesor de Songwriting. Combina su labor como docente en el Grado Superior, Grado Profesional y ESO con su trabajo como guitarrista.[\/vc_column_text][\/vc_column_inner][vc_column_inner el_class=&#8221;bloc_music_2&#8243; width=&#8221;1\/3&#8243;][vc_empty_space height=&#8221;350px&#8221; el_class=&#8221;foto_profesores&#8221; css=&#8221;.vc_custom_1673856407635{margin-bottom: 10px !important;background-image: url(https:\/\/www.batxilleratgranes.com\/wp-content\/uploads\/2023\/01\/anna-2.jpg?id=45774) !important;}&#8221;][vc_column_text css=&#8221;.vc_custom_1674040980233{margin-bottom: 10px !important;}&#8221;]<\/p>\n<p style=\"font-size: 21px;\">Anna Puigmart\u00ed<\/p>\n<p>[\/vc_column_text][vc_column_text]Titulada superior en piano y m\u00fasica cl\u00e1sica con un m\u00e1ster en Interpretaci\u00f3n. Profesora de piano en el Centro Superior de M\u00fasica Jam Session y profesora de coro en el centro superior.[\/vc_column_text][\/vc_column_inner][vc_column_inner el_class=&#8221;bloc_music_2&#8243; width=&#8221;1\/3&#8243;][vc_empty_space height=&#8221;350px&#8221; el_class=&#8221;foto_profesores&#8221; css=&#8221;.vc_custom_1673428535713{margin-bottom: 10px !important;background-image: url(https:\/\/www.batxilleratgranes.com\/wp-content\/uploads\/2023\/01\/enric-asensio-em-jam-session-v2.jpg?id=45683) !important;}&#8221;][vc_column_text css=&#8221;.vc_custom_1674040985649{margin-bottom: 10px !important;}&#8221;]<\/p>\n<p style=\"font-size: 21px;\">Enric Asensio<\/p>\n<p>[\/vc_column_text][vc_column_text]Profesor de bateria, combo, tecnolog\u00eda musical y cultura musical en el Centro Superior de M\u00fasica Jam Session. Con experiencia en producci\u00f3n musical y amplios conocimientos de softwares como\u00a0Logic, Ableton Live, Pro Tools o Sibelius.[\/vc_column_text][\/vc_column_inner][\/vc_row_inner][\/vc_column][\/vc_row][vc_section disable_element=&#8221;yes&#8221; css=&#8221;.vc_custom_1669816159323{margin-top: 50px !important;}&#8221;][vc_row css=&#8221;.vc_custom_1579854091224{margin-top: 50px !important;}&#8221;][vc_column][vc_column_text]<\/p>\n<h3 class=\"title_section\" style=\"text-align: center;\">Com estudiar\u00e0s<\/h3>\n<p>[\/vc_column_text][\/vc_column][vc_column width=&#8221;1\/2&#8243;][vc_column_text]<\/p>\n<p style=\"font-size: 18px; text-align: justify;\"><span style=\"font-size: 18px;\"><strong>Aprenem fent!<\/strong> A Gran\u00e9s Batxillerat t&#8217;oferim uns batxillerats basats en el <\/span><strong style=\"font-size: 18px;\">treball per projectes<\/strong><span style=\"font-size: 18px;\">&nbsp;perqu\u00e8 puguis aprendre de forma pr\u00e0ctica. Far\u00e0s recerca sobre situacions reals, et documentar\u00e0s, reflexionar\u00e0s en equip col\u00b7laboratiu, compartir\u00e0s i integrar\u00e0s continguts i donar\u00e0s forma al teu talent. En aquest <strong>batxillerat en Ci\u00e8ncies i Tecnologia<\/strong>, a la mat\u00e8ria <em>Projecte NTI: Continguts i Entorns Digitals Interactius<\/em>, per exemple, aprendr\u00e0s a dissenyar un videojoc.<\/span><\/p>\n<p>[\/vc_column_text][vc_single_image image=&#8221;26644&#8243; img_size=&#8221;full&#8221; alignment=&#8221;center&#8221; css=&#8221;.vc_custom_1631350701925{margin-top: 0px !important;padding-top: 0px !important;}&#8221;][\/vc_column][vc_column width=&#8221;1\/2&#8243;][vc_column_text css=&#8221;.vc_custom_1632693866830{margin-bottom: 25px !important;}&#8221;]<\/p>\n<h3 style=\"font-size: 24px!important;\">Amb la participaci\u00f3 d\u2019<span class=\"partOfTitle\">ENTI-UB<\/span><\/h3>\n<p>[\/vc_column_text][vc_column_text css=&#8221;.vc_custom_1634762737785{margin-top: 15px !important;}&#8221;]<\/p>\n<p style=\"text-align: justify;\"><span style=\"font-size: 18px; text-align: center;\">Gran\u00e9s Batxillerat col\u00b7labora amb la prestigiosa <strong>ENTI-UB<\/strong> per oferir-te el primer batxillerat especialitzat en Noves Tecnologies Interactives de Catalunya. Es tracta d&#8217;una innovadora aposta pel futur en aquest camp d\u2019activitat, amb Barcelona com la ciutat puntera d\u2019aquesta ind\u00fastria. <\/span><\/p>\n<p style=\"text-align: justify;\"><span style=\"font-size: 19px;\">Amb aquesta col\u00b7laboraci\u00f3 oferim:<\/span><\/p>\n<ul>\n<li style=\"text-align: justify;\">una <strong>millor i espec\u00edfica preparaci\u00f3<\/strong> d&#8217;aquells alumnes que desitgen encaminar el seu futur cap al m\u00f3n de les tecnologies interactives i els videojocs.<\/li>\n<li style=\"text-align: justify;\">un equip de professors que s\u00f3n, a la vegada, <strong>professionals en actiu<\/strong> de la ind\u00fastria dels videojocs.<\/li>\n<li style=\"text-align: justify;\"><strong>connexi\u00f3 directa amb la universitat<\/strong>, en realitzar algunes de les classes a les instal\u00b7lacions d&#8217;ENTI-UB.<\/li>\n<\/ul>\n<p>[\/vc_column_text][vc_single_image image=&#8221;37341&#8243; img_size=&#8221;full&#8221; css=&#8221;.vc_custom_1635843823766{margin-top: 25px !important;}&#8221;][\/vc_column][\/vc_row][\/vc_section][vc_section full_width=&#8221;stretch_row_content&#8221;][vc_row css=&#8221;.vc_custom_1669815803464{background-color: #0a0000 !important;}&#8221;][vc_column][vc_column_text]<\/p>\n<h2 style=\"text-align: center; font-size: 40px; color: black;\"><span style=\"color: #ffffff;\">Quieres saber qu\u00e9 estudiar\u00e1s?<\/span><\/h2>\n<p style=\"text-align: center; margin: 50px; border: 3px solid white;border-radius: 11px; max-width: 328px; margin: 0 auto; padding: 14px 0px;\"><a class=\"button_materies\" href=\"https:\/\/www.batxilleratgranes.com\/materies\/\">Descubre las materias<\/a><\/p>\n<p>[\/vc_column_text][\/vc_column][\/vc_row][\/vc_section][vc_section content_placement=&#8221;top&#8221; css=&#8221;.vc_custom_1578935089761{margin-top: 50px !important;}&#8221; el_id=&#8221;peraque&#8221;][vc_row][vc_column][vc_column_text]<\/p>\n<h3 class=\"title_section\" style=\"text-align: center;\">Potenciar\u00e1s tu talento musical<\/h3>\n<p>[\/vc_column_text][\/vc_column][\/vc_row][vc_row equal_height=&#8221;yes&#8221;][vc_column width=&#8221;1\/2&#8243;][vc_single_image image=&#8221;44887&#8243; img_size=&#8221;large&#8221; alignment=&#8221;center&#8221; css=&#8221;.vc_custom_1669798435282{margin-left: 25% !important;padding-right: 5% !important;}&#8221; el_class=&#8221;imgVerticalClass&#8221;][\/vc_column][vc_column width=&#8221;1\/2&#8243; css=&#8221;.vc_custom_1669798977460{background-color: #000000 !important;}&#8221;][vc_column_text css=&#8221;.vc_custom_1673616108740{margin-top: 15px !important;margin-bottom: 30px !important;}&#8221;]<\/p>\n<p style=\"font-size: 18px; font-weight: bold; color: white; padding: 0px 40px;\">Con este itinerario podr\u00e1s acceder al grado de ense\u00f1anzas art\u00edsticas superiores de M\u00fasica, grados del \u00e1mbito de las Artes y Humanidades o las Ciencias Sociales as\u00ed como ciclos formativos de grado superior.<\/p>\n<p>[\/vc_column_text][\/vc_column][\/vc_row][vc_row equal_height=&#8221;yes&#8221; disable_element=&#8221;yes&#8221; css=&#8221;.vc_custom_1669815769294{padding-top: 50px !important;padding-left: 20px !important;}&#8221;][vc_column css=&#8221;.vc_custom_1634716360114{background-color: #e2e2e2 !important;}&#8221;][vc_row_inner][vc_column_inner width=&#8221;1\/3&#8243;][vc_single_image image=&#8221;29306&#8243; img_size=&#8221;full&#8221; alignment=&#8221;center&#8221; css=&#8221;.vc_custom_1634716779076{margin-top: 0px !important;padding-top: 0px !important;}&#8221;][\/vc_column_inner][vc_column_inner width=&#8221;2\/3&#8243;][vc_custom_heading text=&#8221;Orientaci\u00f3 professional&#8221; font_container=&#8221;tag:h3|text_align:left&#8221; use_theme_fonts=&#8221;yes&#8221;][vc_column_text css=&#8221;.vc_custom_1662971442430{margin-bottom: 10px !important;}&#8221;]<\/p>\n<p style=\"text-align: justify; margin-bottom: inherit;\"><strong style=\"font-size: 18px;\">Entrevista a \u00d2scar Garcia, director acad\u00e8mic d&#8217;ENTI-UB<\/strong><\/p>\n<p><span style=\"color: #c60a95; font-size: 18px; margin-bottom: inherit;\">&nbsp;\u201cLa gent no sap qu\u00e8 \u00e9s fer un videojoc; sap jugar, per\u00f2 no \u00e9s el mateix&#8221;<\/span>[\/vc_column_text][vc_column_text css=&#8221;.vc_custom_1662971449656{margin-bottom: 10px !important;}&#8221;]<\/p>\n<p style=\"text-align: justify; margin-bottom: inherit;\"><span style=\"font-size: 18px;\">\u00d2scar Garcia Pa\u00f1ella ens parla de l&#8217;ampli ventall professional en el camp dels videojocs, del perfil de l&#8217;alumne que cursa aquests estudis i de les tend\u00e8ncies en aquest sector.<\/span><\/p>\n<p>[\/vc_column_text][vc_column_text]<\/p>\n<h4 style=\"font-size: 18px; font-weight: 500!important; color: #c60a95;\"><a href=\"https:\/\/www.batxilleratgranes.com\/la-gent-no-sap-que-es-fer-un-videojoc-sap-jugar-pero-no-es-el-mateix\/\">VEURE M\u00c9S<\/a><\/h4>\n<p>[\/vc_column_text][\/vc_column_inner][\/vc_row_inner][vc_row_inner css=&#8221;.vc_custom_1662971267689{background-color: #e3afca !important;}&#8221;][vc_column_inner width=&#8221;1\/3&#8243;][vc_single_image image=&#8221;33909&#8243; img_size=&#8221;full&#8221; alignment=&#8221;center&#8221;][\/vc_column_inner][vc_column_inner width=&#8221;2\/3&#8243;][vc_custom_heading text=&#8221;Descobreix els nostres alumnes&#8221; font_container=&#8221;tag:h3|text_align:left&#8221; use_theme_fonts=&#8221;yes&#8221;][vc_column_text css=&#8221;.vc_custom_1662971533977{margin-bottom: 10px !important;}&#8221;]<\/p>\n<p style=\"text-align: justify; margin-bottom: inherit;\"><span style=\"color: black;\"><strong style=\"font-size: 18px;\">Kevin Eljarrat<\/strong><\/span><\/p>\n<p><span style=\"color: #c60a95; font-size: 18px; margin-bottom: inherit;\">&nbsp;\u201cLa meva ambici\u00f3 \u00e9s arribar a ser un expert en seguretat inform\u00e0tica&#8221;<\/span>[\/vc_column_text][vc_column_text css=&#8221;.vc_custom_1662971490432{margin-bottom: 10px !important;}&#8221;]<\/p>\n<p style=\"text-align: justify; margin-bottom: inherit;\"><span style=\"font-size: 18px; color: black;\">Entrevista a Kevin Eljarrat, exalumne del batxillerat tecnol\u00f2gic i estudiant d&#8217;Enginyeria inform\u00e0tica a La Salle Campus Barcelona. <\/span><\/p>\n<p>[\/vc_column_text][vc_column_text]<\/p>\n<h4 style=\"font-size: 18px; font-weight: 500!important; color: #c60a95;\"><a href=\"https:\/\/www.batxilleratgranes.com\/la-meva-ambicio-es-arribar-a-ser-un-expert-en-seguretat-informatica\/\">LLEGIR M\u00c9S<\/a><\/h4>\n<p>[\/vc_column_text][\/vc_column_inner][\/vc_row_inner][\/vc_column][\/vc_row][\/vc_section][vc_row css=&#8221;.vc_custom_1762799661731{margin-top: 50px !important;}&#8221;][vc_column][vc_custom_heading text=&#8221;Descobreix el batxillerat tecnol\u00f2gic_&#8221; font_container=&#8221;tag:h2|font_size:40px|text_align:center|color:%23000000&#8243; use_theme_fonts=&#8221;yes&#8221;][vc_basic_grid post_type=&#8221;post&#8221; max_items=&#8221;3&#8243; css=&#8221;&#8221; grid_id=&#8221;vc_gid:1762799641149-1e19d64b-b0fa-7&#8243; taxonomies=&#8221;1519, 1332, 1443&#8243;][\/vc_column][\/vc_row][vc_section css=&#8221;.vc_custom_1571151246441{margin-top: 50px !important;margin-bottom: 50px !important;}&#8221;][vc_row][vc_column][vc_custom_heading text=&#8221;Tenemos otros itinerarios para ti_&#8221; font_container=&#8221;tag:h2|font_size:40px|text_align:center|color:%23000000&#8243; use_theme_fonts=&#8221;yes&#8221; el_id=&#8221;idcustomTitle&#8221;][vc_empty_space][\/vc_column][\/vc_row][vc_row equal_height=&#8221;yes&#8221;][vc_column css_animation=&#8221;none&#8221; width=&#8221;1\/5&#8243;][vc_column_text]<a href=\"https:\/\/www.batxilleratgranes.com\/es\/bachillerato-tecnologia\/\"><img loading=\"lazy\" decoding=\"async\" class=\"aligncenter wp-image-18521 size-full\" style=\"width: 15%;\" src=\"https:\/\/www.batxilleratgranes.com\/wp-content\/uploads\/2020\/10\/empresa-marketing-09.png\" alt=\"\" width=\"112\" height=\"101\" \/><\/a><\/p>\n<h3 style=\"text-align: center; font-size: 18px; color: black; font-weight: 300;\"><a href=\"https:\/\/www.batxilleratgranes.com\/es\/bachillerato-tecnologico\/\">Nuevas tecnolog\u00edas interactivas<\/a><\/h3>\n<p>[\/vc_column_text][\/vc_column][vc_column width=&#8221;1\/5&#8243;][vc_column_text]<a href=\"https:\/\/www.batxilleratgranes.com\/batxillerat-ciencies-salut\"><img loading=\"lazy\" decoding=\"async\" class=\"aligncenter wp-image-18526 size-full\" style=\"width: 15%;\" src=\"https:\/\/www.batxilleratgranes.com\/wp-content\/uploads\/2020\/10\/tecnologia-interactiva-11-1.png\" alt=\"\" width=\"112\" height=\"101\" \/><\/a><\/p>\n<h3 style=\"text-align: center; font-size: 20px; color: black; font-weight: 300;\"><a href=\"https:\/\/www.batxilleratgranes.com\/batxillerat-ciencies-salut\/\">Ciencias de la salud<\/a><\/h3>\n<p>[\/vc_column_text][\/vc_column][vc_column width=&#8221;1\/5&#8243;][vc_column_text]<a href=\"https:\/\/www.batxilleratgranes.com\/batxillerat-empresa-marqueting\"><img loading=\"lazy\" decoding=\"async\" class=\"aligncenter wp-image-18521 size-full\" style=\"width: 15%;\" src=\"https:\/\/www.batxilleratgranes.com\/wp-content\/uploads\/2020\/10\/tecnologia-interactiva-10-1.png\" alt=\"\" width=\"112\" height=\"101\" \/><\/a><\/p>\n<h3 style=\"text-align: center; font-size: 20px; color: black; font-weight: 300;\"><a href=\"https:\/\/www.batxilleratgranes.com\/batxillerat-ciencies-socials\/\">Empresa y marketing<\/a><\/h3>\n<p>[\/vc_column_text][\/vc_column][vc_column width=&#8221;1\/5&#8243;][vc_column_text]<a href=\"https:\/\/www.batxilleratgranes.com\/batxillerat-comunicacio-periodisme\"><img loading=\"lazy\" decoding=\"async\" class=\"alignnone size-full wp-image-18521 aligncenter\" style=\"width: 15%;\" src=\"https:\/\/www.batxilleratgranes.com\/wp-content\/uploads\/2020\/10\/tecnologia-interactiva-12.png\" alt=\"\" width=\"112\" height=\"101\" \/><\/a><\/p>\n<h3 style=\"text-align: center; font-size: 20px; color: black; font-weight: 300;\"><a href=\"https:\/\/www.batxilleratgranes.com\/batxillerat-humanistic\/\">Comunicaci\u00f3n y periodismo<\/a><\/h3>\n<p>[\/vc_column_text][\/vc_column][vc_column width=&#8221;1\/5&#8243;][vc_column_text]<a href=\"https:\/\/www.batxilleratgranes.com\/batxillerat-arts-esceniques\"><img loading=\"lazy\" decoding=\"async\" class=\"aligncenter wp-image-18526 size-full\" style=\"width: 15%;\" src=\"https:\/\/www.batxilleratgranes.com\/wp-content\/uploads\/2020\/10\/tecnologia-interactiva-13.png\" alt=\"\" width=\"112\" height=\"101\" \/><\/a><\/p>\n<h3 style=\"text-align: center; font-size: 20px; color: black; font-weight: 300;\"><a href=\"https:\/\/www.batxilleratgranes.com\/batxillerat-arts-esceniques\/\">Artes esc\u00e9nicas<\/a><\/h3>\n<p>[\/vc_column_text][\/vc_column][\/vc_row][\/vc_section][vc_section el_class=&#8221;contactFormIndex&#8221; css=&#8221;.vc_custom_1675628990861{margin-right: -15px !important;margin-left: -15px !important;padding-right: 15px !important;padding-left: 15px !important;}&#8221; el_id=&#8221;informate&#8221;][vc_row][vc_column][vc_custom_heading text=&#8221;Necesitas m\u00e1s informaci\u00f3n_&#8221; font_container=&#8221;tag:h2|font_size:40px|text_align:center|color:%23000000&#8243; use_theme_fonts=&#8221;yes&#8221;][\/vc_column][\/vc_row][vc_row css=&#8221;.vc_custom_1603823840967{padding-bottom: 60px !important;}&#8221;][vc_column width=&#8221;1\/2&#8243; el_id=&#8221;idcustomrow&#8221;][vc_column_text css=&#8221;.vc_custom_1675164714426{padding-bottom: 50px !important;}&#8221;]<\/p>\n<p style=\"text-align: justify;\">Utiliza este formulario si quieres informaci\u00f3n adicional de nuestro centro o para solicitar una visita y conocernos.<\/p>\n<p>Tambi\u00e9n puedes llamarnos a trav\u00e9s del tel\u00e9fono de contacto: <a href=\"tel:+34932155441\"><strong>93 215 54 41<\/strong><\/a><\/p>\n<p><strong>Te esperamos!<\/strong>[\/vc_column_text][\/vc_column][vc_column width=&#8221;1\/2&#8243;]\n<div class=\"wpcf7 no-js\" id=\"wpcf7-f45893-o1\" lang=\"en-US\" dir=\"ltr\">\n<div class=\"screen-reader-response\"><p role=\"status\" aria-live=\"polite\" aria-atomic=\"true\"><\/p> <ul><\/ul><\/div>\n<form action=\"\/es\/wp-json\/wp\/v2\/pages\/45732#wpcf7-f45893-o1\" method=\"post\" class=\"wpcf7-form init\" aria-label=\"Contact form\" novalidate=\"novalidate\" data-status=\"init\">\n<div style=\"display: none;\">\n<input type=\"hidden\" name=\"_wpcf7\" value=\"45893\" \/>\n<input type=\"hidden\" name=\"_wpcf7_version\" value=\"5.9.8\" \/>\n<input type=\"hidden\" name=\"_wpcf7_locale\" value=\"en_US\" \/>\n<input type=\"hidden\" name=\"_wpcf7_unit_tag\" value=\"wpcf7-f45893-o1\" \/>\n<input type=\"hidden\" name=\"_wpcf7_container_post\" value=\"0\" \/>\n<input type=\"hidden\" name=\"_wpcf7_posted_data_hash\" value=\"\" \/>\n<input type=\"hidden\" name=\"_wpcf7_recaptcha_response\" value=\"\" \/>\n<\/div>\n<div class=\"labels\">\n\t<p><span class=\"wpcf7-form-control-wrap\" data-name=\"your-name\"><input size=\"40\" maxlength=\"400\" class=\"wpcf7-form-control wpcf7-text wpcf7-validates-as-required\" aria-required=\"true\" aria-invalid=\"false\" placeholder=\"Nom i Cognoms\" value=\"\" type=\"text\" name=\"your-name\" \/><\/span>\n\t<\/p>\n<\/div>\n<div class=\"labels\">\n\t<p><span class=\"wpcf7-form-control-wrap\" data-name=\"your-email\"><input size=\"40\" maxlength=\"400\" class=\"wpcf7-form-control wpcf7-email wpcf7-validates-as-required wpcf7-text wpcf7-validates-as-email\" aria-required=\"true\" aria-invalid=\"false\" placeholder=\"Email\" value=\"\" type=\"email\" name=\"your-email\" \/><\/span>\n\t<\/p>\n<\/div>\n<div class=\"labels\">\n\t<p><span class=\"wpcf7-form-control-wrap\" data-name=\"your-telefon\"><input size=\"40\" maxlength=\"400\" class=\"wpcf7-form-control wpcf7-text\" aria-invalid=\"false\" placeholder=\"Tel\u00e8fon\" value=\"\" type=\"text\" name=\"your-telefon\" \/><\/span>\n\t<\/p>\n<\/div>\n<div class=\"labels\">\n\t<p><span class=\"wpcf7-form-control-wrap\" data-name=\"your-message\"><textarea cols=\"40\" rows=\"10\" maxlength=\"2000\" class=\"wpcf7-form-control wpcf7-textarea\" aria-invalid=\"false\" placeholder=\"Escriu el teu missatge\" name=\"your-message\"><\/textarea><\/span>\n\t<\/p>\n<\/div>\n<div class=\"labels\">\n\t<p><span class=\"wpcf7-form-control-wrap\" data-name=\"acceptance-94\"><span class=\"wpcf7-form-control wpcf7-acceptance\"><span class=\"wpcf7-list-item\"><label><input type=\"checkbox\" name=\"acceptance-94\" value=\"1\" aria-invalid=\"false\" \/><span class=\"wpcf7-list-item-label\">He llegit la <a class=\"hoverter\" target=\"_blank\" href=\"http:\/\/batxilleratgranes.com\/politica-de-privacitat\">pol\u00edtica de privacitat<\/a> i autoritzo el tractament de les meves dades<\/span><\/label><\/span><\/span><\/span>\n\t<\/p>\n<\/div>\n\n<p><input class=\"wpcf7-form-control wpcf7-submit has-spinner\" type=\"submit\" value=\"Enviar\" \/>\n<\/p><div class=\"wpcf7-response-output\" aria-hidden=\"true\"><\/div>\n<\/form>\n<\/div>\n[\/vc_column][\/vc_row][\/vc_section]<\/p>\n<\/div>","protected":false},"excerpt":{"rendered":"<p>[vc_section full_width=&#8221;stretch_row_content&#8221;][vc_row css=&#8221;.vc_custom_1669795586078{background-image: url(https:\/\/www.batxilleratgranes.com\/wp-content\/uploads\/2022\/11\/Imagen2.jpg?id=44846) !important;background-position: center !important;background-repeat: no-repeat !important;background-size: cover !important;}&#8221;][vc_column css=&#8221;.vc_custom_1583929432220{padding-top: 0px !important;}&#8221;][vc_empty_space height=&#8221;62px&#8221;][vc_column_text css=&#8221;.vc_custom_1673613461474{padding-top: 40px !important;}&#8221;] Bachillerato en M\u00fasica Tu futuro en clave de m\u00fasica urbana [\/vc_column_text][vc_btn title=&#8221;INF\u00d3RMATE CON UNA VISITA PERSONALIZADA&#8221; style=&#8221;custom&#8221; custom_background=&#8221;#0a0a0a&#8221; custom_text=&#8221;#ffffff&#8221; size=&#8221;lg&#8221; align=&#8221;center&#8221; link=&#8221;url:%23informate&#8221; el_class=&#8221;botomatricula&#8221;][vc_empty_space height=&#8221;62px&#8221;][\/vc_column][\/vc_row][vc_row disable_element=&#8221;yes&#8221;][vc_column width=&#8221;1\/5&#8243;][vc_column_text] Qu\u00e8 estudiara\u0300s [\/vc_column_text][\/vc_column][vc_column width=&#8221;1\/5&#8243;][vc_column_text] A qui es dirigeix [\/vc_column_text][\/vc_column][vc_column width=&#8221;1\/5&#8243;][vc_column_text] Com&hellip;&nbsp;<a href=\"https:\/\/www.batxilleratgranes.com\/es\/bachillerato-musica\/\" class=\"\" rel=\"bookmark\">Read More &raquo;<span class=\"screen-reader-text\">Bachillerato en M\u00fasica<\/span><\/a><\/p>\n","protected":false},"author":1,"featured_media":0,"parent":0,"menu_order":0,"comment_status":"closed","ping_status":"closed","template":"","meta":{"neve_meta_sidebar":"","neve_meta_container":"","neve_meta_enable_content_width":"off","neve_meta_content_width":100,"neve_meta_title_alignment":"","neve_meta_author_avatar":"","neve_post_elements_order":"","neve_meta_disable_header":"","neve_meta_disable_footer":"","neve_meta_disable_title":"","footnotes":""},"class_list":["post-45732","page","type-page","status-publish","hentry"],"yoast_head":"<!-- This site is optimized with the Yoast SEO plugin v23.4 - https:\/\/yoast.com\/wordpress\/plugins\/seo\/ -->\n<title>Bachillerato en M\u00fasica - Gran\u00e9s Batxillerat - Escuela especializada en Bachillerato en Barcelona<\/title>\n<meta name=\"description\" content=\"Bachillerato pr\u00e1ctico y en el centro de Barcelona, que te preparar\u00e1 para las pruebas de acceso a estudios superiores de m\u00fasica.\" \/>\n<meta name=\"robots\" content=\"index, follow, max-snippet:-1, max-image-preview:large, max-video-preview:-1\" \/>\n<link rel=\"canonical\" href=\"https:\/\/www.batxilleratgranes.com\/es\/bachillerato-musica\/\" \/>\n<meta property=\"og:locale\" content=\"es_ES\" \/>\n<meta property=\"og:type\" content=\"article\" \/>\n<meta property=\"og:title\" content=\"Bachillerato en M\u00fasica - Gran\u00e9s Batxillerat - Escuela especializada en Bachillerato en Barcelona\" \/>\n<meta property=\"og:description\" content=\"Bachillerato pr\u00e1ctico y en el centro de Barcelona, que te preparar\u00e1 para las pruebas de acceso a estudios superiores de m\u00fasica.\" \/>\n<meta property=\"og:url\" content=\"https:\/\/www.batxilleratgranes.com\/es\/bachillerato-musica\/\" \/>\n<meta property=\"og:site_name\" content=\"Gran\u00e9s Batxillerat - Escuela especializada en Bachillerato en Barcelona\" \/>\n<meta property=\"article:modified_time\" content=\"2025-11-10T18:37:54+00:00\" \/>\n<meta property=\"og:image\" content=\"https:\/\/www.batxilleratgranes.com\/wp-content\/uploads\/2020\/10\/empresa-marketing-09.png\" \/>\n<meta name=\"twitter:card\" content=\"summary_large_image\" \/>\n<meta name=\"twitter:label1\" content=\"Est. reading time\" \/>\n\t<meta name=\"twitter:data1\" content=\"8 minutes\" \/>\n<script type=\"application\/ld+json\" class=\"yoast-schema-graph\">{\"@context\":\"https:\/\/schema.org\",\"@graph\":[{\"@type\":\"WebPage\",\"@id\":\"https:\/\/www.batxilleratgranes.com\/es\/bachillerato-musica\/\",\"url\":\"https:\/\/www.batxilleratgranes.com\/es\/bachillerato-musica\/\",\"name\":\"Bachillerato en M\u00fasica - Gran\u00e9s Batxillerat - Escuela especializada en Bachillerato en Barcelona\",\"isPartOf\":{\"@id\":\"https:\/\/www.batxilleratgranes.com\/es\/#website\"},\"primaryImageOfPage\":{\"@id\":\"https:\/\/www.batxilleratgranes.com\/es\/bachillerato-musica\/#primaryimage\"},\"image\":{\"@id\":\"https:\/\/www.batxilleratgranes.com\/es\/bachillerato-musica\/#primaryimage\"},\"thumbnailUrl\":\"https:\/\/www.batxilleratgranes.com\/wp-content\/uploads\/2020\/10\/empresa-marketing-09.png\",\"datePublished\":\"2023-01-12T11:45:49+00:00\",\"dateModified\":\"2025-11-10T18:37:54+00:00\",\"description\":\"Bachillerato pr\u00e1ctico y en el centro de Barcelona, que te preparar\u00e1 para las pruebas de acceso a estudios superiores de m\u00fasica.\",\"breadcrumb\":{\"@id\":\"https:\/\/www.batxilleratgranes.com\/es\/bachillerato-musica\/#breadcrumb\"},\"inLanguage\":\"es\",\"potentialAction\":[{\"@type\":\"ReadAction\",\"target\":[\"https:\/\/www.batxilleratgranes.com\/es\/bachillerato-musica\/\"]}]},{\"@type\":\"ImageObject\",\"inLanguage\":\"es\",\"@id\":\"https:\/\/www.batxilleratgranes.com\/es\/bachillerato-musica\/#primaryimage\",\"url\":\"https:\/\/www.batxilleratgranes.com\/wp-content\/uploads\/2020\/10\/empresa-marketing-09.png\",\"contentUrl\":\"https:\/\/www.batxilleratgranes.com\/wp-content\/uploads\/2020\/10\/empresa-marketing-09.png\"},{\"@type\":\"BreadcrumbList\",\"@id\":\"https:\/\/www.batxilleratgranes.com\/es\/bachillerato-musica\/#breadcrumb\",\"itemListElement\":[{\"@type\":\"ListItem\",\"position\":1,\"name\":\"Inici\",\"item\":\"https:\/\/www.batxilleratgranes.com\/es\/\"},{\"@type\":\"ListItem\",\"position\":2,\"name\":\"Bachillerato en M\u00fasica\"}]},{\"@type\":\"WebSite\",\"@id\":\"https:\/\/www.batxilleratgranes.com\/es\/#website\",\"url\":\"https:\/\/www.batxilleratgranes.com\/es\/\",\"name\":\"Gran\u00e9s Batxillerat - Escuela especializada en Bachillerato en Barcelona\",\"description\":\"Escola especialitzada en Batxillerat a Barcelona\",\"publisher\":{\"@id\":\"https:\/\/www.batxilleratgranes.com\/es\/#organization\"},\"potentialAction\":[{\"@type\":\"SearchAction\",\"target\":{\"@type\":\"EntryPoint\",\"urlTemplate\":\"https:\/\/www.batxilleratgranes.com\/es\/?s={search_term_string}\"},\"query-input\":{\"@type\":\"PropertyValueSpecification\",\"valueRequired\":true,\"valueName\":\"search_term_string\"}}],\"inLanguage\":\"es\"},{\"@type\":\"Organization\",\"@id\":\"https:\/\/www.batxilleratgranes.com\/es\/#organization\",\"name\":\"Gran\u00e9s Batxillerat - Escuela especializada en Bachillerato en Barcelona\",\"url\":\"https:\/\/www.batxilleratgranes.com\/es\/\",\"logo\":{\"@type\":\"ImageObject\",\"inLanguage\":\"es\",\"@id\":\"https:\/\/www.batxilleratgranes.com\/es\/#\/schema\/logo\/image\/\",\"url\":\"https:\/\/www.batxilleratgranes.com\/wp-content\/uploads\/2013\/01\/granes1.png\",\"contentUrl\":\"https:\/\/www.batxilleratgranes.com\/wp-content\/uploads\/2013\/01\/granes1.png\",\"width\":292,\"height\":85,\"caption\":\"Gran\u00e9s Batxillerat - Escuela especializada en Bachillerato en Barcelona\"},\"image\":{\"@id\":\"https:\/\/www.batxilleratgranes.com\/es\/#\/schema\/logo\/image\/\"}}]}<\/script>\n<!-- \/ Yoast SEO plugin. -->","yoast_head_json":{"title":"Bachillerato en M\u00fasica - Gran\u00e9s Batxillerat - Escuela especializada en Bachillerato en Barcelona","description":"Bachillerato pr\u00e1ctico y en el centro de Barcelona, que te preparar\u00e1 para las pruebas de acceso a estudios superiores de m\u00fasica.","robots":{"index":"index","follow":"follow","max-snippet":"max-snippet:-1","max-image-preview":"max-image-preview:large","max-video-preview":"max-video-preview:-1"},"canonical":"https:\/\/www.batxilleratgranes.com\/es\/bachillerato-musica\/","og_locale":"es_ES","og_type":"article","og_title":"Bachillerato en M\u00fasica - Gran\u00e9s Batxillerat - Escuela especializada en Bachillerato en Barcelona","og_description":"Bachillerato pr\u00e1ctico y en el centro de Barcelona, que te preparar\u00e1 para las pruebas de acceso a estudios superiores de m\u00fasica.","og_url":"https:\/\/www.batxilleratgranes.com\/es\/bachillerato-musica\/","og_site_name":"Gran\u00e9s Batxillerat - Escuela especializada en Bachillerato en Barcelona","article_modified_time":"2025-11-10T18:37:54+00:00","og_image":[{"url":"https:\/\/www.batxilleratgranes.com\/wp-content\/uploads\/2020\/10\/empresa-marketing-09.png"}],"twitter_card":"summary_large_image","twitter_misc":{"Est. reading time":"8 minutes"},"schema":{"@context":"https:\/\/schema.org","@graph":[{"@type":"WebPage","@id":"https:\/\/www.batxilleratgranes.com\/es\/bachillerato-musica\/","url":"https:\/\/www.batxilleratgranes.com\/es\/bachillerato-musica\/","name":"Bachillerato en M\u00fasica - Gran\u00e9s Batxillerat - Escuela especializada en Bachillerato en Barcelona","isPartOf":{"@id":"https:\/\/www.batxilleratgranes.com\/es\/#website"},"primaryImageOfPage":{"@id":"https:\/\/www.batxilleratgranes.com\/es\/bachillerato-musica\/#primaryimage"},"image":{"@id":"https:\/\/www.batxilleratgranes.com\/es\/bachillerato-musica\/#primaryimage"},"thumbnailUrl":"https:\/\/www.batxilleratgranes.com\/wp-content\/uploads\/2020\/10\/empresa-marketing-09.png","datePublished":"2023-01-12T11:45:49+00:00","dateModified":"2025-11-10T18:37:54+00:00","description":"Bachillerato pr\u00e1ctico y en el centro de Barcelona, que te preparar\u00e1 para las pruebas de acceso a estudios superiores de m\u00fasica.","breadcrumb":{"@id":"https:\/\/www.batxilleratgranes.com\/es\/bachillerato-musica\/#breadcrumb"},"inLanguage":"es","potentialAction":[{"@type":"ReadAction","target":["https:\/\/www.batxilleratgranes.com\/es\/bachillerato-musica\/"]}]},{"@type":"ImageObject","inLanguage":"es","@id":"https:\/\/www.batxilleratgranes.com\/es\/bachillerato-musica\/#primaryimage","url":"https:\/\/www.batxilleratgranes.com\/wp-content\/uploads\/2020\/10\/empresa-marketing-09.png","contentUrl":"https:\/\/www.batxilleratgranes.com\/wp-content\/uploads\/2020\/10\/empresa-marketing-09.png"},{"@type":"BreadcrumbList","@id":"https:\/\/www.batxilleratgranes.com\/es\/bachillerato-musica\/#breadcrumb","itemListElement":[{"@type":"ListItem","position":1,"name":"Inici","item":"https:\/\/www.batxilleratgranes.com\/es\/"},{"@type":"ListItem","position":2,"name":"Bachillerato en M\u00fasica"}]},{"@type":"WebSite","@id":"https:\/\/www.batxilleratgranes.com\/es\/#website","url":"https:\/\/www.batxilleratgranes.com\/es\/","name":"Gran\u00e9s Batxillerat - Escuela especializada en Bachillerato en Barcelona","description":"Escola especialitzada en Batxillerat a Barcelona","publisher":{"@id":"https:\/\/www.batxilleratgranes.com\/es\/#organization"},"potentialAction":[{"@type":"SearchAction","target":{"@type":"EntryPoint","urlTemplate":"https:\/\/www.batxilleratgranes.com\/es\/?s={search_term_string}"},"query-input":{"@type":"PropertyValueSpecification","valueRequired":true,"valueName":"search_term_string"}}],"inLanguage":"es"},{"@type":"Organization","@id":"https:\/\/www.batxilleratgranes.com\/es\/#organization","name":"Gran\u00e9s Batxillerat - Escuela especializada en Bachillerato en Barcelona","url":"https:\/\/www.batxilleratgranes.com\/es\/","logo":{"@type":"ImageObject","inLanguage":"es","@id":"https:\/\/www.batxilleratgranes.com\/es\/#\/schema\/logo\/image\/","url":"https:\/\/www.batxilleratgranes.com\/wp-content\/uploads\/2013\/01\/granes1.png","contentUrl":"https:\/\/www.batxilleratgranes.com\/wp-content\/uploads\/2013\/01\/granes1.png","width":292,"height":85,"caption":"Gran\u00e9s Batxillerat - Escuela especializada en Bachillerato en Barcelona"},"image":{"@id":"https:\/\/www.batxilleratgranes.com\/es\/#\/schema\/logo\/image\/"}}]}},"_links":{"self":[{"href":"https:\/\/www.batxilleratgranes.com\/es\/wp-json\/wp\/v2\/pages\/45732"}],"collection":[{"href":"https:\/\/www.batxilleratgranes.com\/es\/wp-json\/wp\/v2\/pages"}],"about":[{"href":"https:\/\/www.batxilleratgranes.com\/es\/wp-json\/wp\/v2\/types\/page"}],"author":[{"embeddable":true,"href":"https:\/\/www.batxilleratgranes.com\/es\/wp-json\/wp\/v2\/users\/1"}],"replies":[{"embeddable":true,"href":"https:\/\/www.batxilleratgranes.com\/es\/wp-json\/wp\/v2\/comments?post=45732"}],"version-history":[{"count":28,"href":"https:\/\/www.batxilleratgranes.com\/es\/wp-json\/wp\/v2\/pages\/45732\/revisions"}],"predecessor-version":[{"id":59340,"href":"https:\/\/www.batxilleratgranes.com\/es\/wp-json\/wp\/v2\/pages\/45732\/revisions\/59340"}],"wp:attachment":[{"href":"https:\/\/www.batxilleratgranes.com\/es\/wp-json\/wp\/v2\/media?parent=45732"}],"curies":[{"name":"wp","href":"https:\/\/api.w.org\/{rel}","templated":true}]}}