{"id":5606,"date":"2015-06-18T16:55:13","date_gmt":"2015-06-18T16:55:13","guid":{"rendered":"http:\/\/www.batxilleratgranes.com\/batxillerat-arts-esceniques-els-professors-2"},"modified":"2020-03-04T14:03:53","modified_gmt":"2020-03-04T14:03:53","slug":"batxillerat-arts-esceniques-els-professors","status":"publish","type":"page","link":"https:\/\/www.batxilleratgranes.com\/es\/batxillerat-arts-esceniques-els-professors\/","title":{"rendered":"Batxillerat Arts Esc\u00e8niques &#8211; Els professors"},"content":{"rendered":"<style type=\"text\/css\"><!--\n.menu-toggle {display: none;} .entry-content a.button-align-fullwidth { font-size: 25px; text-transform: none; } .fullpage-contents-wrap {background: none;}.entry-content a.greenbutton span {font-weight: normal!important;}  .entry-content h1 { font-size: 40px; font-family: 'helvetica'!important; font-weight: 300; color: white; padding-top: 25px; margin-bottom: 28px;}.container {width: 92%;}.smooth_slideri{width: 100%} .entry-spaced-wrapper {padding:0px;} h1.entry-title {display: none;}.theme-default .nivo-caption {  font-size: 47px; text-align: center; font-weight: 500; padding-top: 20px;background: black; padding: 0px;}.buttons_escenic {margin-top: 40px;  min-height: 59px;}a.button_escenic {padding: 12px 20px; background-color: rgb(187, 187, 187); margin-right: 27px; text-decoration: none; text-transform: uppercase; font-size: 14px; color: rgb(58, 58, 58); font-weight: 300; font-family: helvetica; letter-spacing: 1px;} a.button_escenic:hover { background-color: grey; color: white;} a.button_escenic_active { padding: 12px 20px; margin-right: 27px; text-decoration: none; text-transform: uppercase; font-size: 14px; font-weight: 300; font-family: helvetica; letter-spacing: 1px; background-color: grey; color: white;}.entry-content a.button-align-fullwidth {  max-width: 455px;} .entry-content h2 {margin: 0 0 5px 0;} .entry-content blockquote {margin: 30px 0 20px 10px;} .professor {margin-top: 21px;  max-width: 1050px;  min-height: 311px;  text-align: justify;} img.imatge_professor {   width: 254px; height: 291px; float: left; margin-right: 33px; padding-top: 24px;} span.titol_professor {  font-size: 22px;   color: rgb(0, 126, 75);}\n--><\/style>\n<p>[metaslider id=4205]<\/p>\n<div class=\"buttons_escenic\"><a class=\"button_escenic\" href=\"http:\/\/www.batxilleratgranes.com\/batxillerat-arts-esceniques\">El nostre batxillerat<\/a><a class=\"button_escenic\" href=\"http:\/\/www.batxilleratgranes.com\/batxillerat-arts-esceniques-metodologia\">La metodologia<\/a><a class=\"button_escenic_active\" href=\"http:\/\/www.batxilleratgranes.com\/batxillerat-arts-esceniques-els-professors\">Els professors<\/a><a class=\"button_escenic\" href=\"http:\/\/www.batxilleratgranes.com\/batxillerat-arts-esceniques-pla-estudis\">Pla d&#8217;estudis<\/a><a class=\"button_escenic\" href=\"http:\/\/www.batxilleratgranes.com\/batxillerat-arts-esceniques-contacte\">Sol\u00b7licita la teva pla\u00e7a<\/a><\/div>\n<div class=\"texto_escenico\">\n<h2 style=\"text-align: justify;\">ELS PROFESSORS<\/h2>\n<blockquote><p>Des del primer dia estar\u00e0s en contacte amb professionals de les arts esc\u00e8niques, la m\u00fasica i la dansa<\/p><\/blockquote>\n<p>Tots els professors estan actualment actius en el m\u00f3n professional i imparteixen classes a l&#8217;escola E\u00f2lia (Escola Superior d&#8217;Art Dram\u00e0tic), fet que permet a l&#8217;alumne tenir un vincle directe amb la professi\u00f3 des del primer dia. A continuaci\u00f3 adjuntem el curriculum dels professors que imparteixen les assignatures.<\/p>\n<div class=\"professor\"><img loading=\"lazy\" decoding=\"async\" class=\"imatge_professor alignnone wp-image-21007 size-full\" src=\"https:\/\/www.batxilleratgranes.com\/wp-content\/uploads\/2020\/02\/DM-bn-1.jpg\" alt=\"Davo Mar\u00edn\" width=\"1200\" height=\"1173\" srcset=\"https:\/\/www.batxilleratgranes.com\/wp-content\/uploads\/2020\/02\/DM-bn-1.jpg 1200w, https:\/\/www.batxilleratgranes.com\/wp-content\/uploads\/2020\/02\/DM-bn-1-300x293.jpg 300w, https:\/\/www.batxilleratgranes.com\/wp-content\/uploads\/2020\/02\/DM-bn-1-1024x1001.jpg 1024w, https:\/\/www.batxilleratgranes.com\/wp-content\/uploads\/2020\/02\/DM-bn-1-768x751.jpg 768w, https:\/\/www.batxilleratgranes.com\/wp-content\/uploads\/2020\/02\/DM-bn-1-650x635.jpg 650w, https:\/\/www.batxilleratgranes.com\/wp-content\/uploads\/2020\/02\/DM-bn-1-60x60.jpg 60w, https:\/\/www.batxilleratgranes.com\/wp-content\/uploads\/2020\/02\/DM-bn-1-960x938.jpg 960w, https:\/\/www.batxilleratgranes.com\/wp-content\/uploads\/2020\/02\/DM-bn-1-1000x978.jpg 1000w\" sizes=\"(max-width: 1200px) 100vw, 1200px\" \/><br \/>\n<span class=\"titol_professor\">Davo Mar\u00edn \u2013 Coordinador Arts Esc\u00e8niques<\/span><\/p>\n<div class=\"text_professor\">Actor, director i core\u00f2graf.\u00a0<strong>Graduat en Teatre F\u00edsic i Visual<\/strong>\u00a0i\u00a0<strong>Postgraduat en Pedagogia Teatral<\/strong>\u00a0per l\u2019Institut del Teatre de Barcelona i en\u00a0<strong>Psicomotricitat<\/strong>\u00a0per la Universitat de Barcelona. Amb la seva companyia de dansa,\u00a0<strong>\u00c0gora Dansa,<\/strong>\u00a0guanya, entre altres, el Primer Premi de dansa contempor\u00e0nia al\u00a0<em>Certamen coreogr\u00e1fico<\/em>\u00a0<em>de Madrid 2011<\/em>. Tamb\u00e9 \u00e9s\u00a0<strong>ballar\u00ed i int\u00e8rpret<\/strong>\u00a0a \u201cCabaret 13\u201d (2014-2018) i a \u201cLaberint Striptease\u201d (Producci\u00f3 Escenari Brossa 2019) sota la direcci\u00f3 de Roberto G. Alonso. Com a\u00a0<strong>core\u00f2graf<\/strong>\u00a0ha treballat a l\u2019 \u00f2pera d\u2019Alban Berg \u201cLul\u00fa\u201d dirigida per Kaisa Selde (Finl\u00e0ndia, 2010), entre d\u2019altres.\u00a0<strong>Director<\/strong>\u00a0de la companyia\u00a0<em>RetorC\u00eda\u00a0<\/em>amb \u201cVete a la mierda mi amor\u201d, \u201cDiscordants\u201d (Guanyador de la\u00a0<em>Beca Desperta 2014<\/em>) i \u201cGrinder El Musical\u201d (Barcelona-Madrid 2016-2018 i estrenada a M\u00e8xic DF el 2018). Actualment \u00e9s\u00a0<strong>Int\u00e8rpret i ajudant de direcci\u00f3<\/strong>\u00a0<strong>en gira<\/strong>\u00a0de \u201cLa Rambla de les floristes\u201d del\u00a0<em>Teatre Nacional de Catalunya<\/em>\u00a0sota la direcci\u00f3 de Jordi Prat i Coll.\u00a0Com a\u00a0<strong>docent<\/strong>, ha impartit cursos de teatre-dansa i interpretaci\u00f3 a diferents escoles com E\u00f2lia. Tamb\u00e9 <strong>director d\u2019escena i core\u00f2graf<\/strong>\u00a0del projecte pedag\u00f2gic <em>Assaltem l\u2019Escenari<\/em>\u00a0del\u00a0<em>Teatre Tantarantana.\u00a0<\/em>A\u00a0<strong>Gran\u00e9s Batxillerat<\/strong>, imparteix les assignatures d\u2019<strong>Anatomia Aplicada<\/strong>,\u00a0<strong>Hist\u00f2ria del Teatre\u00a0<\/strong>i\u00a0<strong>Cos i Moviment.<\/strong><\/div>\n<\/div>\n<div class=\"professor\"><img decoding=\"async\" class=\"imatge_professor\" src=\"http:\/\/www.batxilleratgranes.com\/wp-content\/uploads\/2015\/06\/MIREIA-GUBIANAS-e1434647770834.jpg\" alt=\"MIREIA GUBIANAS\" \/><br \/>\n<span class=\"titol_professor\">Mireia Gubianas<\/span><\/p>\n<div class=\"text_professor\"><strong>Actriu i Docent<\/strong>. Llicenciada en Filologia Catalana per\u00a0UAB.\u00a0Diplomada en Capacitaci\u00f3 Pedag\u00f2gica (CAP). Titulada per l\u2019Escola Superior d\u2019Art Dram\u00e0tic E\u00f2lia. Graduada pel Conservatori Superior de M\u00fasica de Sabadell. Imparteix classes de <strong>veu i d\u2019interpretaci\u00f3<\/strong> de l\u2019Escola Superior d\u2019Art Dram\u00e0tic (ESAD) E\u00f2lia des del 2006, formant part de l\u2019equip docent de la titulaci\u00f3 universit\u00e0ria. Com <strong>actriu<\/strong> ha desenvolupat la seva carrera entre Barcelona, Buenos Aires i M\u00e8xic, ha treballat amb directors com Daniel Veronese (&#8220;Gorda&#8221;, 2008-2010), Neil LaBute (&#8220;Desig Jam&#8221;, 2012) Calixto Bieito (&#8220;Peer Gynt&#8221;, 2006 i &#8220;Wozzeck&#8221;, 2005), La Fura dels Baus (&#8220;Terra Baixa Reload&#8221;, 2011), Jordi Casanovas (&#8220;Auca del Born&#8221;, 2013), Helena Tornero (&#8220;No parlis amb estranys&#8221;, 2013) o Al\u00edcia Gorina (&#8220;Imatges Gelades&#8221;, 2012-2013).\u00a0En <strong>televisi\u00f3<\/strong> ha treballat a &#8220;La que se avecina&#8221; (Telecinco, 2014), &#8220;El cor de la ciutat&#8221; (TV3, 2007) i en les s\u00e8ries argentines &#8220;Tr\u00e1tame bien&#8221; (2009) i &#8220;Atracci\u00f3n x 4&#8221; (2008). En <strong>cine<\/strong> ha participat al film &#8220;El cam\u00ed m\u00e9s llarg per a tornar a casa&#8221; de Sergi P\u00e9rez (2014).\u00a0Guanyadora del <strong>Premio ACE<\/strong>, el <strong>Premio Teatro del Mundo<\/strong> i el <strong>Premio Espectadores<\/strong> a la millor actriu protagonista per la seva labor a &#8220;Gorda&#8221; a Buenos Aires. Nominada com a actriu revelaci\u00f3 a M\u00e8xic al <strong>Premio APT<\/strong>.<\/div>\n<\/div>\n<div class=\"professor\"><img decoding=\"async\" class=\"imatge_professor\" src=\"http:\/\/www.batxilleratgranes.com\/wp-content\/uploads\/2015\/06\/IRENE-HERNANDEZ-e1434648012858.jpg\" alt=\"Irene Hern\u00e1ndez\" \/><br \/>\n<span class=\"titol_professor\">Irene Hern\u00e1ndez<\/span><\/p>\n<div class=\"text_professor\">Formada a l&#8217;escola Nancy Tu\u00f1on (1997-2001) i a l&#8217;escola E\u00f2lia en l&#8217;especialitat de <strong>Teatre musical<\/strong> (2002-2004). Classes de m\u00fasica al Conservatori de Barcelona (1990-2005) i classes de cant amb Anna Valldeneu, Maria Salas i Carme Cuesta. Titulada en <strong><em>Estil Voice Training System<\/em><\/strong> (Voice Craft International) amb Maureen Scott i diplomada en Magisteri d&#8217;educaci\u00f3 musical per la Universitat Ramon Llull de Barcelona.<br \/>\nActualment, professora d&#8217;interpretaci\u00f3 de l&#8217;Escola Superior d&#8217;Art Dram\u00e0tic E\u00f2lia. Compagina la <strong>doc\u00e8ncia<\/strong> amb el treball d&#8217;<strong>actriu<\/strong>, on destaquen els musicals \u201cCollage\u201d (creaci\u00f3 pr\u00f2pia) i \u201cCanciones por un nuevo mundo\u201d de Jason Robert Brown. Tamb\u00e9 ha treballat amb Pablo Ley a \u201cEl diable enamorat\u201d com actriu principal. Actualment forma part de la companyia <strong>RetorCia Teatre<\/strong> com actriu.<\/div>\n<\/div>\n<div class=\"professor\"><img decoding=\"async\" class=\"imatge_professor\" src=\"http:\/\/www.batxilleratgranes.com\/wp-content\/uploads\/2015\/06\/SEBASTIA-BOVER-e1437666047638.jpg\" alt=\"Sebasti\u00e0 Bover\" \/><br \/>\n<span class=\"titol_professor\">Sebasti\u00e0 Bover<\/span><\/p>\n<div class=\"text_professor\"><strong>Postgraduat<\/strong> en <strong>composici\u00f3<\/strong> per la Universitat Aut\u00f2noma de Barcelona i <strong>llicenciat superior en piano<\/strong> pel Conservatori de Badalona sota la direcci\u00f3 d&#8217;Assumpta Coma. Segueix cursos i classes magistrals amb pianistes com Eul\u00e0lia Sol\u00e9, Guennadi Dzubenko o Leonid Sintsev i de cambra i lied amb els cantants Montserrat Comadira, Jerzy Artysz, Mitsuko Shirai, els pianistes Albert Roman\u00ed i Hartmut H\u00f6ll, i David Ballesteros. Ha treballat en diverses escoles i conservatoris a Catalunya i Menorca.<br \/>\nS&#8217;inicia en el camp del <strong>ball tradicional<\/strong> des de petit, i ja d&#8217;adult en <strong>dansa cl\u00e0ssica<\/strong> a Berl\u00edn i a Barcelona. Des del 2016 continua la seva formaci\u00f3 en <strong>dansa antiga i barroca<\/strong> a Barcelona amb Anna Roman\u00ed i al conservatori d&#8217;Auxerre amb Nick Nguyen. Imparteix <strong>tallers i monogr\u00e0fics<\/strong> i col\u2022labora tamb\u00e9 en projectes del departament de M\u00fasica Antiga de l&#8217;Escola Superior de M\u00fasica de Catalunya. El 2018 balla el rol de C\u00e9phale a la trag\u00e8dia-ballet Arden!, presentada a Auxerre i al Festival Internacional de Teatre Cl\u00e0ssic d&#8217;Almagro. El 2019 debuta en l&#8217;espectacle &#8220;la M\u00fasica que feu ballar el Rei Sol\u201d, dirigida per Pau Pascual. Actualment, \u00e9s <strong>professor<\/strong> a l&#8217;ESAD E\u00f2lia i a <strong>Gran\u00e9s Batxillerat<\/strong>, on imparteix <strong>An\u00e0lisi Musical<\/strong> i <strong>Hist\u00f2ria de la M\u00fasica.<\/strong><\/div>\n<\/div>\n<div class=\"professor\"><img decoding=\"async\" class=\"imatge_professor\" src=\"http:\/\/www.batxilleratgranes.com\/wp-content\/uploads\/2015\/06\/TONI-VIVES.jpg\" alt=\"Toni Vives\" \/><br \/>\n<span class=\"titol_professor\">Toni Vives<\/span><\/p>\n<div class=\"text_professor\"><strong>Llicenciat<\/strong>\u00a0per l\u2019Institut del Teatre de Barcelona en\u00a0<strong>Art dram\u00e0tic\u00a0<\/strong>i<strong>\u00a0M\u00e0ster<\/strong>\u00a0de\u00a0<strong>Direcci\u00f3 de cinema i televisi\u00f3\u00a0<\/strong>per la Ramon Llull. Combina la professi\u00f3 d\u2019actor, amb la direcci\u00f3, \u00a0l\u2019escriptura i la pedagogia esc\u00e8nica i audiovisual. Com\u00a0<strong>actor<\/strong>, ha treballat entre d\u2019altres, a les ordres de: Calixto Bieito (\u201cEl rei Joan\u201d), Adam Long (\u201cLes obres completes de W.Shakespeare abreujades\u201d), Genadi Korotkov (\u201cIvanov\u201d), Hadi Kurich (\u201cLa bella i la b\u00e8stia\u201d), Carolina Rivas (\u201cHistoria de un \u00e1rbol\u201d) o Jorge S\u00e1nchez (\u201cPeggy Pickit ve el rostro de Dios\u201d). I tamb\u00e9 ha participat a s\u00e8ries de televisi\u00f3 com \u201cLa Riera\u201d o \u201cEl Cor de la Ciutat\u201d. Dirigeix, entre d\u2019altres, els espectacles \u201cFatma<em>\u201d\u00a0<\/em>de M\u2019hamed Benguetaff (Festival Entrecultures); \u201cLul\u00fa (primera nit)\u201d<em>,<\/em>\u00a0Cia.Roberto Alonso; \u201cM\u00ednimal Show\u201d<em>,\u00a0<\/em>de Miquel G\u00f3rriz i S. Belbel\u2026 aix\u00ed, com participa en la direcci\u00f3 de la webs\u00e8rie \u201cCrisis: protocolo BCN K36\u201d produida per Beloze Produccions. Tamb\u00e9 ha escrit, entre altres, una adaptaci\u00f3 musical de \u201cLa comedia dels <em>errors\u201d (Festival Shakespeare)\u00a0<\/em>i els guions \u201cBest Life\u201d i \u201cDes-ayunos\u201d. Des de l\u2019any 1994, treballa com a professor d\u2019interpretaci\u00f3 en diverses escoles, com l\u2019Escola de com\u00e8dia musical Coco Com\u00edn; E\u00f2lia i <strong>Gran\u00e9s Batxillerat<\/strong>, on imparteix l\u2019assignatura de\u00a0<strong>Cultura Audiovisual<\/strong>.<\/div>\n<\/div>\n<\/div>\n","protected":false},"excerpt":{"rendered":"<p>[metaslider id=4205] El nostre batxilleratLa metodologiaEls professorsPla d&#8217;estudisSol\u00b7licita la teva pla\u00e7a ELS PROFESSORS Des del primer dia estar\u00e0s en contacte amb professionals de les arts esc\u00e8niques, la m\u00fasica i la dansa Tots els professors estan actualment actius en el m\u00f3n professional i imparteixen classes a l&#8217;escola E\u00f2lia (Escola Superior d&#8217;Art Dram\u00e0tic), fet que permet a&hellip;&nbsp;<a href=\"https:\/\/www.batxilleratgranes.com\/es\/batxillerat-arts-esceniques-els-professors\/\" class=\"\" rel=\"bookmark\">Read More &raquo;<span class=\"screen-reader-text\">Batxillerat Arts Esc\u00e8niques &#8211; Els professors<\/span><\/a><\/p>\n","protected":false},"author":1,"featured_media":0,"parent":0,"menu_order":0,"comment_status":"open","ping_status":"open","template":"template-fullwidth.php","meta":{"neve_meta_sidebar":"","neve_meta_container":"","neve_meta_enable_content_width":"","neve_meta_content_width":0,"neve_meta_title_alignment":"","neve_meta_author_avatar":"","neve_post_elements_order":"","neve_meta_disable_header":"","neve_meta_disable_footer":"","neve_meta_disable_title":"","footnotes":""},"class_list":["post-5606","page","type-page","status-publish","hentry"],"yoast_head":"<!-- This site is optimized with the Yoast SEO plugin v23.4 - https:\/\/yoast.com\/wordpress\/plugins\/seo\/ -->\n<title>Batxillerat Arts Esc\u00e8niques - Els professors - Gran\u00e9s Batxillerat - Escuela especializada en Bachillerato en Barcelona<\/title>\n<meta name=\"robots\" content=\"index, follow, max-snippet:-1, max-image-preview:large, max-video-preview:-1\" \/>\n<link rel=\"canonical\" href=\"https:\/\/www.batxilleratgranes.com\/es\/batxillerat-arts-esceniques-els-professors\/\" \/>\n<meta property=\"og:locale\" content=\"es_ES\" \/>\n<meta property=\"og:type\" content=\"article\" \/>\n<meta property=\"og:title\" content=\"Batxillerat Arts Esc\u00e8niques - Els professors - Gran\u00e9s Batxillerat - Escuela especializada en Bachillerato en Barcelona\" \/>\n<meta property=\"og:description\" content=\"[metaslider id=4205] El nostre batxilleratLa metodologiaEls professorsPla d&#8217;estudisSol\u00b7licita la teva pla\u00e7a ELS PROFESSORS Des del primer dia estar\u00e0s en contacte amb professionals de les arts esc\u00e8niques, la m\u00fasica i la dansa Tots els professors estan actualment actius en el m\u00f3n professional i imparteixen classes a l&#8217;escola E\u00f2lia (Escola Superior d&#8217;Art Dram\u00e0tic), fet que permet a&hellip;&nbsp;Read More &raquo;Batxillerat Arts Esc\u00e8niques &#8211; Els professors\" \/>\n<meta property=\"og:url\" content=\"https:\/\/www.batxilleratgranes.com\/es\/batxillerat-arts-esceniques-els-professors\/\" \/>\n<meta property=\"og:site_name\" content=\"Gran\u00e9s Batxillerat - Escuela especializada en Bachillerato en Barcelona\" \/>\n<meta property=\"article:modified_time\" content=\"2020-03-04T14:03:53+00:00\" \/>\n<meta property=\"og:image\" content=\"https:\/\/www.batxilleratgranes.com\/wp-content\/uploads\/2020\/02\/DM-bn-1.jpg\" \/>\n<meta name=\"twitter:card\" content=\"summary_large_image\" \/>\n<meta name=\"twitter:label1\" content=\"Est. reading time\" \/>\n\t<meta name=\"twitter:data1\" content=\"5 minutes\" \/>\n<script type=\"application\/ld+json\" class=\"yoast-schema-graph\">{\"@context\":\"https:\/\/schema.org\",\"@graph\":[{\"@type\":\"WebPage\",\"@id\":\"https:\/\/www.batxilleratgranes.com\/es\/batxillerat-arts-esceniques-els-professors\/\",\"url\":\"https:\/\/www.batxilleratgranes.com\/es\/batxillerat-arts-esceniques-els-professors\/\",\"name\":\"Batxillerat Arts Esc\u00e8niques - Els professors - Gran\u00e9s Batxillerat - Escuela especializada en Bachillerato en Barcelona\",\"isPartOf\":{\"@id\":\"https:\/\/www.batxilleratgranes.com\/es\/#website\"},\"primaryImageOfPage\":{\"@id\":\"https:\/\/www.batxilleratgranes.com\/es\/batxillerat-arts-esceniques-els-professors\/#primaryimage\"},\"image\":{\"@id\":\"https:\/\/www.batxilleratgranes.com\/es\/batxillerat-arts-esceniques-els-professors\/#primaryimage\"},\"thumbnailUrl\":\"https:\/\/www.batxilleratgranes.com\/wp-content\/uploads\/2020\/02\/DM-bn-1.jpg\",\"datePublished\":\"2015-06-18T16:55:13+00:00\",\"dateModified\":\"2020-03-04T14:03:53+00:00\",\"breadcrumb\":{\"@id\":\"https:\/\/www.batxilleratgranes.com\/es\/batxillerat-arts-esceniques-els-professors\/#breadcrumb\"},\"inLanguage\":\"es\",\"potentialAction\":[{\"@type\":\"ReadAction\",\"target\":[\"https:\/\/www.batxilleratgranes.com\/es\/batxillerat-arts-esceniques-els-professors\/\"]}]},{\"@type\":\"ImageObject\",\"inLanguage\":\"es\",\"@id\":\"https:\/\/www.batxilleratgranes.com\/es\/batxillerat-arts-esceniques-els-professors\/#primaryimage\",\"url\":\"https:\/\/www.batxilleratgranes.com\/wp-content\/uploads\/2020\/02\/DM-bn-1.jpg\",\"contentUrl\":\"https:\/\/www.batxilleratgranes.com\/wp-content\/uploads\/2020\/02\/DM-bn-1.jpg\"},{\"@type\":\"BreadcrumbList\",\"@id\":\"https:\/\/www.batxilleratgranes.com\/es\/batxillerat-arts-esceniques-els-professors\/#breadcrumb\",\"itemListElement\":[{\"@type\":\"ListItem\",\"position\":1,\"name\":\"Inici\",\"item\":\"https:\/\/www.batxilleratgranes.com\/es\/\"},{\"@type\":\"ListItem\",\"position\":2,\"name\":\"Batxillerat Arts Esc\u00e8niques &#8211; Els professors\"}]},{\"@type\":\"WebSite\",\"@id\":\"https:\/\/www.batxilleratgranes.com\/es\/#website\",\"url\":\"https:\/\/www.batxilleratgranes.com\/es\/\",\"name\":\"Gran\u00e9s Batxillerat - Escuela especializada en Bachillerato en Barcelona\",\"description\":\"Escola especialitzada en Batxillerat a Barcelona\",\"publisher\":{\"@id\":\"https:\/\/www.batxilleratgranes.com\/es\/#organization\"},\"potentialAction\":[{\"@type\":\"SearchAction\",\"target\":{\"@type\":\"EntryPoint\",\"urlTemplate\":\"https:\/\/www.batxilleratgranes.com\/es\/?s={search_term_string}\"},\"query-input\":{\"@type\":\"PropertyValueSpecification\",\"valueRequired\":true,\"valueName\":\"search_term_string\"}}],\"inLanguage\":\"es\"},{\"@type\":\"Organization\",\"@id\":\"https:\/\/www.batxilleratgranes.com\/es\/#organization\",\"name\":\"Gran\u00e9s Batxillerat - Escuela especializada en Bachillerato en Barcelona\",\"url\":\"https:\/\/www.batxilleratgranes.com\/es\/\",\"logo\":{\"@type\":\"ImageObject\",\"inLanguage\":\"es\",\"@id\":\"https:\/\/www.batxilleratgranes.com\/es\/#\/schema\/logo\/image\/\",\"url\":\"https:\/\/www.batxilleratgranes.com\/wp-content\/uploads\/2013\/01\/granes1.png\",\"contentUrl\":\"https:\/\/www.batxilleratgranes.com\/wp-content\/uploads\/2013\/01\/granes1.png\",\"width\":292,\"height\":85,\"caption\":\"Gran\u00e9s Batxillerat - Escuela especializada en Bachillerato en Barcelona\"},\"image\":{\"@id\":\"https:\/\/www.batxilleratgranes.com\/es\/#\/schema\/logo\/image\/\"}}]}<\/script>\n<!-- \/ Yoast SEO plugin. -->","yoast_head_json":{"title":"Batxillerat Arts Esc\u00e8niques - Els professors - Gran\u00e9s Batxillerat - Escuela especializada en Bachillerato en Barcelona","robots":{"index":"index","follow":"follow","max-snippet":"max-snippet:-1","max-image-preview":"max-image-preview:large","max-video-preview":"max-video-preview:-1"},"canonical":"https:\/\/www.batxilleratgranes.com\/es\/batxillerat-arts-esceniques-els-professors\/","og_locale":"es_ES","og_type":"article","og_title":"Batxillerat Arts Esc\u00e8niques - Els professors - Gran\u00e9s Batxillerat - Escuela especializada en Bachillerato en Barcelona","og_description":"[metaslider id=4205] El nostre batxilleratLa metodologiaEls professorsPla d&#8217;estudisSol\u00b7licita la teva pla\u00e7a ELS PROFESSORS Des del primer dia estar\u00e0s en contacte amb professionals de les arts esc\u00e8niques, la m\u00fasica i la dansa Tots els professors estan actualment actius en el m\u00f3n professional i imparteixen classes a l&#8217;escola E\u00f2lia (Escola Superior d&#8217;Art Dram\u00e0tic), fet que permet a&hellip;&nbsp;Read More &raquo;Batxillerat Arts Esc\u00e8niques &#8211; Els professors","og_url":"https:\/\/www.batxilleratgranes.com\/es\/batxillerat-arts-esceniques-els-professors\/","og_site_name":"Gran\u00e9s Batxillerat - Escuela especializada en Bachillerato en Barcelona","article_modified_time":"2020-03-04T14:03:53+00:00","og_image":[{"url":"https:\/\/www.batxilleratgranes.com\/wp-content\/uploads\/2020\/02\/DM-bn-1.jpg"}],"twitter_card":"summary_large_image","twitter_misc":{"Est. reading time":"5 minutes"},"schema":{"@context":"https:\/\/schema.org","@graph":[{"@type":"WebPage","@id":"https:\/\/www.batxilleratgranes.com\/es\/batxillerat-arts-esceniques-els-professors\/","url":"https:\/\/www.batxilleratgranes.com\/es\/batxillerat-arts-esceniques-els-professors\/","name":"Batxillerat Arts Esc\u00e8niques - Els professors - Gran\u00e9s Batxillerat - Escuela especializada en Bachillerato en Barcelona","isPartOf":{"@id":"https:\/\/www.batxilleratgranes.com\/es\/#website"},"primaryImageOfPage":{"@id":"https:\/\/www.batxilleratgranes.com\/es\/batxillerat-arts-esceniques-els-professors\/#primaryimage"},"image":{"@id":"https:\/\/www.batxilleratgranes.com\/es\/batxillerat-arts-esceniques-els-professors\/#primaryimage"},"thumbnailUrl":"https:\/\/www.batxilleratgranes.com\/wp-content\/uploads\/2020\/02\/DM-bn-1.jpg","datePublished":"2015-06-18T16:55:13+00:00","dateModified":"2020-03-04T14:03:53+00:00","breadcrumb":{"@id":"https:\/\/www.batxilleratgranes.com\/es\/batxillerat-arts-esceniques-els-professors\/#breadcrumb"},"inLanguage":"es","potentialAction":[{"@type":"ReadAction","target":["https:\/\/www.batxilleratgranes.com\/es\/batxillerat-arts-esceniques-els-professors\/"]}]},{"@type":"ImageObject","inLanguage":"es","@id":"https:\/\/www.batxilleratgranes.com\/es\/batxillerat-arts-esceniques-els-professors\/#primaryimage","url":"https:\/\/www.batxilleratgranes.com\/wp-content\/uploads\/2020\/02\/DM-bn-1.jpg","contentUrl":"https:\/\/www.batxilleratgranes.com\/wp-content\/uploads\/2020\/02\/DM-bn-1.jpg"},{"@type":"BreadcrumbList","@id":"https:\/\/www.batxilleratgranes.com\/es\/batxillerat-arts-esceniques-els-professors\/#breadcrumb","itemListElement":[{"@type":"ListItem","position":1,"name":"Inici","item":"https:\/\/www.batxilleratgranes.com\/es\/"},{"@type":"ListItem","position":2,"name":"Batxillerat Arts Esc\u00e8niques &#8211; Els professors"}]},{"@type":"WebSite","@id":"https:\/\/www.batxilleratgranes.com\/es\/#website","url":"https:\/\/www.batxilleratgranes.com\/es\/","name":"Gran\u00e9s Batxillerat - Escuela especializada en Bachillerato en Barcelona","description":"Escola especialitzada en Batxillerat a Barcelona","publisher":{"@id":"https:\/\/www.batxilleratgranes.com\/es\/#organization"},"potentialAction":[{"@type":"SearchAction","target":{"@type":"EntryPoint","urlTemplate":"https:\/\/www.batxilleratgranes.com\/es\/?s={search_term_string}"},"query-input":{"@type":"PropertyValueSpecification","valueRequired":true,"valueName":"search_term_string"}}],"inLanguage":"es"},{"@type":"Organization","@id":"https:\/\/www.batxilleratgranes.com\/es\/#organization","name":"Gran\u00e9s Batxillerat - Escuela especializada en Bachillerato en Barcelona","url":"https:\/\/www.batxilleratgranes.com\/es\/","logo":{"@type":"ImageObject","inLanguage":"es","@id":"https:\/\/www.batxilleratgranes.com\/es\/#\/schema\/logo\/image\/","url":"https:\/\/www.batxilleratgranes.com\/wp-content\/uploads\/2013\/01\/granes1.png","contentUrl":"https:\/\/www.batxilleratgranes.com\/wp-content\/uploads\/2013\/01\/granes1.png","width":292,"height":85,"caption":"Gran\u00e9s Batxillerat - Escuela especializada en Bachillerato en Barcelona"},"image":{"@id":"https:\/\/www.batxilleratgranes.com\/es\/#\/schema\/logo\/image\/"}}]}},"_links":{"self":[{"href":"https:\/\/www.batxilleratgranes.com\/es\/wp-json\/wp\/v2\/pages\/5606"}],"collection":[{"href":"https:\/\/www.batxilleratgranes.com\/es\/wp-json\/wp\/v2\/pages"}],"about":[{"href":"https:\/\/www.batxilleratgranes.com\/es\/wp-json\/wp\/v2\/types\/page"}],"author":[{"embeddable":true,"href":"https:\/\/www.batxilleratgranes.com\/es\/wp-json\/wp\/v2\/users\/1"}],"replies":[{"embeddable":true,"href":"https:\/\/www.batxilleratgranes.com\/es\/wp-json\/wp\/v2\/comments?post=5606"}],"version-history":[{"count":55,"href":"https:\/\/www.batxilleratgranes.com\/es\/wp-json\/wp\/v2\/pages\/5606\/revisions"}],"predecessor-version":[{"id":21681,"href":"https:\/\/www.batxilleratgranes.com\/es\/wp-json\/wp\/v2\/pages\/5606\/revisions\/21681"}],"wp:attachment":[{"href":"https:\/\/www.batxilleratgranes.com\/es\/wp-json\/wp\/v2\/media?parent=5606"}],"curies":[{"name":"wp","href":"https:\/\/api.w.org\/{rel}","templated":true}]}}