{"id":5608,"date":"2015-07-10T06:54:01","date_gmt":"2015-07-10T06:54:01","guid":{"rendered":"http:\/\/www.batxilleratgranes.com\/batxillerat-arts-esceniques-pla-estudis-2"},"modified":"2020-03-18T10:06:56","modified_gmt":"2020-03-18T10:06:56","slug":"bachillerato-artes-escenicas-plan-estudios","status":"publish","type":"page","link":"https:\/\/www.batxilleratgranes.com\/es\/bachillerato-artes-escenicas-plan-estudios\/","title":{"rendered":"Bachillerato Artes Esc\u00e9nicas &#8211; Plan de estudios"},"content":{"rendered":"<style type=\"text\/css\"><!--\n.menu-toggle {display: none;} .entry-content a.button-align-fullwidth { font-size: 25px; text-transform: none; } .fullpage-contents-wrap {background: none;}.entry-content a.greenbutton span {font-weight: normal!important;}  .entry-content h1 { font-size: 40px; font-family: 'helvetica'!important; font-weight: 300; color: white; padding-top: 25px; margin-bottom: 28px;}.container {width: 92%;}.smooth_slideri{width: 100%} .entry-spaced-wrapper {padding:0px;} h1.entry-title {display: none;}.theme-default .nivo-caption {  font-size: 47px; text-align: center; font-weight: 500; padding-top: 20px;background: black; padding: 0px;}.buttons_escenic {margin-top: 40px;  min-height: 59px;}a.button_escenic {padding: 12px 20px; background-color: rgb(187, 187, 187); margin-right: 27px; text-decoration: none; text-transform: uppercase; font-size: 14px; color: rgb(58, 58, 58); font-weight: 300; font-family: helvetica; letter-spacing: 1px;} a.button_escenic:hover { background-color: grey; color: white;} a.button_escenic_active { padding: 12px 20px; margin-right: 27px; text-decoration: none; text-transform: uppercase; font-size: 14px; font-weight: 300; font-family: helvetica; letter-spacing: 1px; background-color: grey; color: white;}.entry-content a.button-align-fullwidth {  max-width: 455px;} .entry-content h2 {margin: 0 0 5px 0;} .entry-content blockquote {margin: 30px 0 20px 10px;} .professor {margin-top: 21px;  max-width: 1050px;  min-height: 311px;  text-align: justify;} img.imatge_professor {   width: 254px; height: 291px; float: left; margin-right: 33px; padding-top: 24px;} span.titol_professor {  font-size: 22px;   color: rgb(0, 126, 75);}\n--><\/style>\n<p>[metaslider id=4205]<\/p>\n<div class=\"buttons_escenic\"><a class=\"button_escenic\" href=\"http:\/\/www.bachilleratogranes.com\/bachillerato-artes-escenicas\">El nostre batxillerat<\/a><a class=\"button_escenic\" href=\"http:\/\/www.bachilleratogranes.com\/bachillerato-artes-escenicas-metodologia\">La metodologia<\/a><a class=\"button_escenic\" href=\"http:\/\/www.bachilleratogranes.com\/batxillerat-arts-esceniques-els-professors\">Els professors<\/a><a class=\"button_escenic_active\" href=\"http:\/\/www.bachilleratogranes.com\/batxillerat-arts-esceniques-pla-estudis\">Pla d&#8217;estudis<\/a><a class=\"button_escenic\" href=\"http:\/\/www.bachilleratogranes.com\/bachillerato-artes-escenicas-contacto\">Sol\u00b7licita la teva pla\u00e7a<\/a><\/div>\n<div class=\"texto_escenico\">\n<h2 style=\"text-align: justify;\">PLA D&#8217;ESTUDIS<\/h2>\n<p style=\"text-align: justify;\"><strong>Gran\u00e9s Batxillerat<\/strong>&nbsp;suma esfor\u00e7os amb <strong><a title=\"Web E\u00f2lia\" href=\"http:\/\/www.eolia.es\/\" target=\"_blank\" rel=\"noopener noreferrer\">E\u00f2lia<\/a>&nbsp;(Escola Superior d\u2019Art Dram\u00e0tic)<\/strong>, per oferir-te el millor Batxillerat d&#8217;Arts Esc\u00e8niques, M\u00fasica i Dansa, de tot Barcelona!!!<\/p>\n<div style=\"margin-bottom: 15px;\">\n<blockquote><p>Dins el contingut de les mat\u00e8ries es du a terme formaci\u00f3 especifica en l&#8217;\u00e0mbit de les arts esc\u00e8niques, la m\u00fasica i la dansa.<\/p><\/blockquote>\n<\/div>\n<p>[accordiontabs]<br \/>\n[tab title=&#8221;Anatomia Aplicada (Cos i moviment)&#8221;]<br \/>\nFins a quin punt cos i ment s\u00f3n el mateix? La fisicalitat i la improvisaci\u00f3 seran el punt de partida per prendre consci\u00e8ncia del cos, de les seves possibilitats i dels seus l\u00edmits. Les qualitats de moviment ens donaran diferents eines per crear partitures coreogr\u00e0fiques, portades a escena mitjan\u00e7ant solos, duets o en grup. El cos treballat com a eina interpretativa, com a mitj\u00e0 de comunicaci\u00f3 que conjuntament amb la m\u00fasica i el gest arriba al fons de les emocions m\u00e9s humanes. Un treball on l\u2019alumne \u00e9s int\u00e8rpret i creador.<br \/>\n[\/tab]<br \/>\n[tab title=&#8221;Cos i Veu&#8221;]<br \/>\nAmpliaci\u00f3 de la mat\u00e8ria Anatomia Aplicada on es treballar\u00e0 tot el material necessari per la posada en escena d\u2019Arts Esc\u00e8niques com la creaci\u00f3 del personatge, l\u2019espai esc\u00e8nic, la dicci\u00f3 i la projecci\u00f3 vocal, coreografies, textos, etc.<br \/>\n[\/tab]<br \/>\n[tab title=&#8221;Historia de l\u2019Art&#8221;]<br \/>\nEs far\u00e0 un recorregut per la hist\u00f2ria del teatre universal a trav\u00e9s de les obres i autors m\u00e9s importants, relacionant-ho amb la hist\u00f2ria de l\u2019art pl\u00e0stic i les seves representacions pict\u00f2riques i escult\u00f2riques. Una assignatura te\u00f2rica i pr\u00e0ctica amb un fort contacte amb el m\u00f3n artistic actual de la ciutat de Barcelona. Classes pr\u00e0ctiques amb altres professionals del sector i sortides al teatre, museus, exposicions i confer\u00e8ncies.<br \/>\n[\/tab]<br \/>\n[tab title=&#8221;Anatomia Aplicada (Veu i Dicci\u00f3)&#8221;]<br \/>\nPartim del fet que la comunicaci\u00f3 actoral \u00e9s la suma de tres elements fonamentals: el text com a base escrita a ser comunicada, el cos de l\u2019actor com a element transmissor i l\u2019organicitat de l\u2019actor com a element emocional. \u00c9s a dir, \u00e9s la barreja explosiva entre sons, paraules i frases emeses des d\u2019un cos, a trav\u00e9s de la veu i l\u2019articulaci\u00f3, que des de la connexi\u00f3 amb l\u2019emoci\u00f3 fa possible l\u2019art de la interpretaci\u00f3. Aquests seran els elements sobre els quals treballarem per tal que els alumnes descobreixin l&#8217;ampli instrument que \u00e9s la seva pr\u00f2pia veu.<br \/>\n[\/tab]<br \/>\n[tab title=&#8221;Arts esc\u00e8niques&#8221;]<br \/>\nDurant el curs es treballen dos tipus de textos diferents. Durant la primera meitat del curs un text d\u2019un autor teatral per fer-ne una representaci\u00f3 a final del per\u00edode, on es treballar\u00e0 l\u2019autor, l\u2019\u00e8poca, l\u2019estil i un treball acurat del text i el conseq\u00fcent treball de veu, cos emoci\u00f3 i treball de personatge.<br \/>\nA la segona part del curs ens endinsarem en el teatre musical per fer el muntatge d\u2019una pe\u00e7a de teatre musical per treballar el cant, el ball i la interpretaci\u00f3.<br \/>\n[\/tab]<br \/>\n[tab title=&#8221;Introducci\u00f3 als Sistemes d\u2019interpretaci\u00f3&#8221;]<br \/>\nAquesta assignatura neix amb la missi\u00f3 de descobrir a l\u2019alumne les bases de l\u2019interpretaci\u00f3 teatral. Descobrir qu\u00e8 significa el joc teatral mitjan\u00e7ant din\u00e0miques de grup on descobrirem qu\u00e8 vol dir treballar amb les emocions, treballar la confian\u00e7a, treballar a partir de l\u2019altre. Com es construeix un personatge, quines eines puc fer servir per connectar la nostra energia amb les nostres emocions. El curs es dividir\u00e0 en dos parts diferenciades, un primer quadrimestre on es treballar\u00e0 mon\u00f2leg cl\u00e0ssci i escenes de teatre contemporani al segon quadrimestre, en els dos casos es presentar\u00e0 el treball dels alumnes davant p\u00fablic.<br \/>\n[\/tab]<br \/>\n[tab title=&#8221;An\u00e0lisi Musical (I-II)&#8221;]<br \/>\nL&#8217;assignatura s&#8217;acosta al fet musical no nom\u00e9s des d&#8217;una \u00f2ptica cr\u00edtica sino tamb\u00e9 vivencial, a trav\u00e9s de l&#8217;audici\u00f3 i del moviment. S&#8217;assoliran els coneixements a trav\u00e9s de quatre grans blocs de treball: L\u2019apropament al llenguatge espec\u00edfic i als elements anal\u00edtics per poder entrar en l&#8217;an\u00e0lisi des de diversos punts de vista aix\u00ed com les finalitats dram\u00e0tiques de la composici\u00f3 musical, la creaci\u00f3 de composicions, la contextualitzaci\u00f3 i el moviment creatiu aplicat a la m\u00fasica.<br \/>\n[\/tab]<br \/>\n[tab title=&#8221;Cultura Audiovisual I-II&#8221;]<br \/>\nQuina \u00e9s la difer\u00e8ncia entre veure i mirar? Saps llegir i captar tot el que composa una imatge fotogr\u00e0fica? Un c\u00f2mic? Una pel.l\u00edcula? Saps utilitzar totes les funcions d\u2019una c\u00e0mera? Aqu\u00ed apendr\u00e0s a recon\u00e8ixer i a analitzar els aspectes est\u00e8tics, expressius i t\u00e8cnics dels productes audiovisuals, per poder-los utilitzar a l\u2019hora de realitzar projectes de diferent naturalesa i suport, com ara, fotografies, espots publicitaris, animacions, realitzacions multime\u0300dia, etc.<br \/>\n[\/tab]<br \/>\n[tab title=&#8221;Cant Coral&#8221;]<br \/>\nEn Aquesta asignatura desenvoluparem la musicalitat a traves del cant en grup. Integrant la veu amb el cos i la nostra emoci\u00f3 trobarem els espais expressius que ens dona la m\u00fasica, entrenant l&#8217;o\u00efda harm\u00f2nica, el sentit del ritme i coneixent les nostres capacitats vocals.<br \/>\n[\/tab]<br \/>\n[\/accordiontabs]<\/p>\n<\/div>\n","protected":false},"excerpt":{"rendered":"<p>[metaslider id=4205] El nostre batxilleratLa metodologiaEls professorsPla d&#8217;estudisSol\u00b7licita la teva pla\u00e7a PLA D&#8217;ESTUDIS Gran\u00e9s Batxillerat&nbsp;suma esfor\u00e7os amb E\u00f2lia&nbsp;(Escola Superior d\u2019Art Dram\u00e0tic), per oferir-te el millor Batxillerat d&#8217;Arts Esc\u00e8niques, M\u00fasica i Dansa, de tot Barcelona!!! Dins el contingut de les mat\u00e8ries es du a terme formaci\u00f3 especifica en l&#8217;\u00e0mbit de les arts esc\u00e8niques, la m\u00fasica i&hellip;&nbsp;<a href=\"https:\/\/www.batxilleratgranes.com\/es\/bachillerato-artes-escenicas-plan-estudios\/\" class=\"\" rel=\"bookmark\">Read More &raquo;<span class=\"screen-reader-text\">Bachillerato Artes Esc\u00e9nicas &#8211; Plan de estudios<\/span><\/a><\/p>\n","protected":false},"author":1,"featured_media":0,"parent":0,"menu_order":0,"comment_status":"open","ping_status":"open","template":"template-pla-estudis.php","meta":{"neve_meta_sidebar":"","neve_meta_container":"","neve_meta_enable_content_width":"","neve_meta_content_width":0,"neve_meta_title_alignment":"","neve_meta_author_avatar":"","neve_post_elements_order":"","neve_meta_disable_header":"","neve_meta_disable_footer":"","neve_meta_disable_title":"","footnotes":""},"class_list":["post-5608","page","type-page","status-publish","hentry"],"yoast_head":"<!-- This site is optimized with the Yoast SEO plugin v23.4 - https:\/\/yoast.com\/wordpress\/plugins\/seo\/ -->\n<title>Bachillerato Artes Esc\u00e9nicas - Plan de estudios - Gran\u00e9s Batxillerat - Escuela especializada en Bachillerato en Barcelona<\/title>\n<meta name=\"robots\" content=\"index, follow, max-snippet:-1, max-image-preview:large, max-video-preview:-1\" \/>\n<link rel=\"canonical\" href=\"https:\/\/www.batxilleratgranes.com\/es\/bachillerato-artes-escenicas-plan-estudios\/\" \/>\n<meta property=\"og:locale\" content=\"es_ES\" \/>\n<meta property=\"og:type\" content=\"article\" \/>\n<meta property=\"og:title\" content=\"Bachillerato Artes Esc\u00e9nicas - Plan de estudios - Gran\u00e9s Batxillerat - Escuela especializada en Bachillerato en Barcelona\" \/>\n<meta property=\"og:description\" content=\"[metaslider id=4205] El nostre batxilleratLa metodologiaEls professorsPla d&#8217;estudisSol\u00b7licita la teva pla\u00e7a PLA D&#8217;ESTUDIS Gran\u00e9s Batxillerat&nbsp;suma esfor\u00e7os amb E\u00f2lia&nbsp;(Escola Superior d\u2019Art Dram\u00e0tic), per oferir-te el millor Batxillerat d&#8217;Arts Esc\u00e8niques, M\u00fasica i Dansa, de tot Barcelona!!! Dins el contingut de les mat\u00e8ries es du a terme formaci\u00f3 especifica en l&#8217;\u00e0mbit de les arts esc\u00e8niques, la m\u00fasica i&hellip;&nbsp;Read More &raquo;Bachillerato Artes Esc\u00e9nicas &#8211; Plan de estudios\" \/>\n<meta property=\"og:url\" content=\"https:\/\/www.batxilleratgranes.com\/es\/bachillerato-artes-escenicas-plan-estudios\/\" \/>\n<meta property=\"og:site_name\" content=\"Gran\u00e9s Batxillerat - Escuela especializada en Bachillerato en Barcelona\" \/>\n<meta property=\"article:modified_time\" content=\"2020-03-18T10:06:56+00:00\" \/>\n<meta name=\"twitter:card\" content=\"summary_large_image\" \/>\n<meta name=\"twitter:label1\" content=\"Est. reading time\" \/>\n\t<meta name=\"twitter:data1\" content=\"4 minutes\" \/>\n<script type=\"application\/ld+json\" class=\"yoast-schema-graph\">{\"@context\":\"https:\/\/schema.org\",\"@graph\":[{\"@type\":\"WebPage\",\"@id\":\"https:\/\/www.batxilleratgranes.com\/es\/bachillerato-artes-escenicas-plan-estudios\/\",\"url\":\"https:\/\/www.batxilleratgranes.com\/es\/bachillerato-artes-escenicas-plan-estudios\/\",\"name\":\"Bachillerato Artes Esc\u00e9nicas - Plan de estudios - Gran\u00e9s Batxillerat - Escuela especializada en Bachillerato en Barcelona\",\"isPartOf\":{\"@id\":\"https:\/\/www.batxilleratgranes.com\/es\/#website\"},\"datePublished\":\"2015-07-10T06:54:01+00:00\",\"dateModified\":\"2020-03-18T10:06:56+00:00\",\"breadcrumb\":{\"@id\":\"https:\/\/www.batxilleratgranes.com\/es\/bachillerato-artes-escenicas-plan-estudios\/#breadcrumb\"},\"inLanguage\":\"es\",\"potentialAction\":[{\"@type\":\"ReadAction\",\"target\":[\"https:\/\/www.batxilleratgranes.com\/es\/bachillerato-artes-escenicas-plan-estudios\/\"]}]},{\"@type\":\"BreadcrumbList\",\"@id\":\"https:\/\/www.batxilleratgranes.com\/es\/bachillerato-artes-escenicas-plan-estudios\/#breadcrumb\",\"itemListElement\":[{\"@type\":\"ListItem\",\"position\":1,\"name\":\"Inici\",\"item\":\"https:\/\/www.batxilleratgranes.com\/es\/\"},{\"@type\":\"ListItem\",\"position\":2,\"name\":\"Bachillerato Artes Esc\u00e9nicas &#8211; Plan de estudios\"}]},{\"@type\":\"WebSite\",\"@id\":\"https:\/\/www.batxilleratgranes.com\/es\/#website\",\"url\":\"https:\/\/www.batxilleratgranes.com\/es\/\",\"name\":\"Gran\u00e9s Batxillerat - Escuela especializada en Bachillerato en Barcelona\",\"description\":\"Escola especialitzada en Batxillerat a Barcelona\",\"publisher\":{\"@id\":\"https:\/\/www.batxilleratgranes.com\/es\/#organization\"},\"potentialAction\":[{\"@type\":\"SearchAction\",\"target\":{\"@type\":\"EntryPoint\",\"urlTemplate\":\"https:\/\/www.batxilleratgranes.com\/es\/?s={search_term_string}\"},\"query-input\":{\"@type\":\"PropertyValueSpecification\",\"valueRequired\":true,\"valueName\":\"search_term_string\"}}],\"inLanguage\":\"es\"},{\"@type\":\"Organization\",\"@id\":\"https:\/\/www.batxilleratgranes.com\/es\/#organization\",\"name\":\"Gran\u00e9s Batxillerat - Escuela especializada en Bachillerato en Barcelona\",\"url\":\"https:\/\/www.batxilleratgranes.com\/es\/\",\"logo\":{\"@type\":\"ImageObject\",\"inLanguage\":\"es\",\"@id\":\"https:\/\/www.batxilleratgranes.com\/es\/#\/schema\/logo\/image\/\",\"url\":\"https:\/\/www.batxilleratgranes.com\/wp-content\/uploads\/2013\/01\/granes1.png\",\"contentUrl\":\"https:\/\/www.batxilleratgranes.com\/wp-content\/uploads\/2013\/01\/granes1.png\",\"width\":292,\"height\":85,\"caption\":\"Gran\u00e9s Batxillerat - Escuela especializada en Bachillerato en Barcelona\"},\"image\":{\"@id\":\"https:\/\/www.batxilleratgranes.com\/es\/#\/schema\/logo\/image\/\"}}]}<\/script>\n<!-- \/ Yoast SEO plugin. -->","yoast_head_json":{"title":"Bachillerato Artes Esc\u00e9nicas - Plan de estudios - Gran\u00e9s Batxillerat - Escuela especializada en Bachillerato en Barcelona","robots":{"index":"index","follow":"follow","max-snippet":"max-snippet:-1","max-image-preview":"max-image-preview:large","max-video-preview":"max-video-preview:-1"},"canonical":"https:\/\/www.batxilleratgranes.com\/es\/bachillerato-artes-escenicas-plan-estudios\/","og_locale":"es_ES","og_type":"article","og_title":"Bachillerato Artes Esc\u00e9nicas - Plan de estudios - Gran\u00e9s Batxillerat - Escuela especializada en Bachillerato en Barcelona","og_description":"[metaslider id=4205] El nostre batxilleratLa metodologiaEls professorsPla d&#8217;estudisSol\u00b7licita la teva pla\u00e7a PLA D&#8217;ESTUDIS Gran\u00e9s Batxillerat&nbsp;suma esfor\u00e7os amb E\u00f2lia&nbsp;(Escola Superior d\u2019Art Dram\u00e0tic), per oferir-te el millor Batxillerat d&#8217;Arts Esc\u00e8niques, M\u00fasica i Dansa, de tot Barcelona!!! Dins el contingut de les mat\u00e8ries es du a terme formaci\u00f3 especifica en l&#8217;\u00e0mbit de les arts esc\u00e8niques, la m\u00fasica i&hellip;&nbsp;Read More &raquo;Bachillerato Artes Esc\u00e9nicas &#8211; Plan de estudios","og_url":"https:\/\/www.batxilleratgranes.com\/es\/bachillerato-artes-escenicas-plan-estudios\/","og_site_name":"Gran\u00e9s Batxillerat - Escuela especializada en Bachillerato en Barcelona","article_modified_time":"2020-03-18T10:06:56+00:00","twitter_card":"summary_large_image","twitter_misc":{"Est. reading time":"4 minutes"},"schema":{"@context":"https:\/\/schema.org","@graph":[{"@type":"WebPage","@id":"https:\/\/www.batxilleratgranes.com\/es\/bachillerato-artes-escenicas-plan-estudios\/","url":"https:\/\/www.batxilleratgranes.com\/es\/bachillerato-artes-escenicas-plan-estudios\/","name":"Bachillerato Artes Esc\u00e9nicas - Plan de estudios - Gran\u00e9s Batxillerat - Escuela especializada en Bachillerato en Barcelona","isPartOf":{"@id":"https:\/\/www.batxilleratgranes.com\/es\/#website"},"datePublished":"2015-07-10T06:54:01+00:00","dateModified":"2020-03-18T10:06:56+00:00","breadcrumb":{"@id":"https:\/\/www.batxilleratgranes.com\/es\/bachillerato-artes-escenicas-plan-estudios\/#breadcrumb"},"inLanguage":"es","potentialAction":[{"@type":"ReadAction","target":["https:\/\/www.batxilleratgranes.com\/es\/bachillerato-artes-escenicas-plan-estudios\/"]}]},{"@type":"BreadcrumbList","@id":"https:\/\/www.batxilleratgranes.com\/es\/bachillerato-artes-escenicas-plan-estudios\/#breadcrumb","itemListElement":[{"@type":"ListItem","position":1,"name":"Inici","item":"https:\/\/www.batxilleratgranes.com\/es\/"},{"@type":"ListItem","position":2,"name":"Bachillerato Artes Esc\u00e9nicas &#8211; Plan de estudios"}]},{"@type":"WebSite","@id":"https:\/\/www.batxilleratgranes.com\/es\/#website","url":"https:\/\/www.batxilleratgranes.com\/es\/","name":"Gran\u00e9s Batxillerat - Escuela especializada en Bachillerato en Barcelona","description":"Escola especialitzada en Batxillerat a Barcelona","publisher":{"@id":"https:\/\/www.batxilleratgranes.com\/es\/#organization"},"potentialAction":[{"@type":"SearchAction","target":{"@type":"EntryPoint","urlTemplate":"https:\/\/www.batxilleratgranes.com\/es\/?s={search_term_string}"},"query-input":{"@type":"PropertyValueSpecification","valueRequired":true,"valueName":"search_term_string"}}],"inLanguage":"es"},{"@type":"Organization","@id":"https:\/\/www.batxilleratgranes.com\/es\/#organization","name":"Gran\u00e9s Batxillerat - Escuela especializada en Bachillerato en Barcelona","url":"https:\/\/www.batxilleratgranes.com\/es\/","logo":{"@type":"ImageObject","inLanguage":"es","@id":"https:\/\/www.batxilleratgranes.com\/es\/#\/schema\/logo\/image\/","url":"https:\/\/www.batxilleratgranes.com\/wp-content\/uploads\/2013\/01\/granes1.png","contentUrl":"https:\/\/www.batxilleratgranes.com\/wp-content\/uploads\/2013\/01\/granes1.png","width":292,"height":85,"caption":"Gran\u00e9s Batxillerat - Escuela especializada en Bachillerato en Barcelona"},"image":{"@id":"https:\/\/www.batxilleratgranes.com\/es\/#\/schema\/logo\/image\/"}}]}},"_links":{"self":[{"href":"https:\/\/www.batxilleratgranes.com\/es\/wp-json\/wp\/v2\/pages\/5608"}],"collection":[{"href":"https:\/\/www.batxilleratgranes.com\/es\/wp-json\/wp\/v2\/pages"}],"about":[{"href":"https:\/\/www.batxilleratgranes.com\/es\/wp-json\/wp\/v2\/types\/page"}],"author":[{"embeddable":true,"href":"https:\/\/www.batxilleratgranes.com\/es\/wp-json\/wp\/v2\/users\/1"}],"replies":[{"embeddable":true,"href":"https:\/\/www.batxilleratgranes.com\/es\/wp-json\/wp\/v2\/comments?post=5608"}],"version-history":[{"count":9,"href":"https:\/\/www.batxilleratgranes.com\/es\/wp-json\/wp\/v2\/pages\/5608\/revisions"}],"predecessor-version":[{"id":21940,"href":"https:\/\/www.batxilleratgranes.com\/es\/wp-json\/wp\/v2\/pages\/5608\/revisions\/21940"}],"wp:attachment":[{"href":"https:\/\/www.batxilleratgranes.com\/es\/wp-json\/wp\/v2\/media?parent=5608"}],"curies":[{"name":"wp","href":"https:\/\/api.w.org\/{rel}","templated":true}]}}