{"id":8787,"date":"2018-03-20T10:19:35","date_gmt":"2018-03-20T10:19:35","guid":{"rendered":"http:\/\/www.batxilleratgranes.com\/?page_id=8787"},"modified":"2025-11-11T13:20:17","modified_gmt":"2025-11-11T13:20:17","slug":"bachillerato-ciencias-sociales","status":"publish","type":"page","link":"https:\/\/www.batxilleratgranes.com\/es\/bachillerato-ciencias-sociales\/","title":{"rendered":"Bachillerato en Ciencias Sociales"},"content":{"rendered":"<div class=\"wpb-content-wrapper\"><p>[vc_section full_width=&#8221;stretch_row_content&#8221;][vc_row css=&#8221;.vc_custom_1571213641229{background-image: url(https:\/\/www.batxilleratgranes.com\/wp-content\/uploads\/2020\/10\/empresa-marketing-03.jpg) !important;background-position: center !important;background-repeat: no-repeat !important;background-size: cover !important;}&#8221;][vc_column][vc_custom_heading text=&#8221;Bachillerato en Ciencias Sociales:<br \/>\nItinerario en Empresa y Marqueting&#8221; font_container=&#8221;tag:h2|font_size:60px|text_align:center&#8221; use_theme_fonts=&#8221;yes&#8221; el_class=&#8221;classElemntTitlesResponsive&#8221;][vc_empty_space][vc_btn title=&#8221;INF\u00d3RMATE CON UNA VISITA PERSONALIZADA&#8221; style=&#8221;custom&#8221; custom_background=&#8221;#fce613&#8243; custom_text=&#8221;#666666&#8243; align=&#8221;center&#8221; link=&#8221;url:%23informat&#8221;][vc_empty_space][\/vc_column][\/vc_row][vc_row disable_element=&#8221;yes&#8221;][vc_column width=&#8221;1\/5&#8243;][vc_column_text]<\/p>\n<p class=\"hoverGreenActive\" style=\"text-align: center;\"><a href=\"https:\/\/www.batxilleratgranes.com\/es\/bachillerato-en-empresa-y-marqueting\/\/#estudiaras\"><strong><span style=\"text-decoration: underline;\"><span style=\"text-decoration: underline;\">Qu\u00e9 estudiar\u00e1s<\/span><\/span><\/strong><\/a><\/p>\n<p>[\/vc_column_text][\/vc_column][vc_column width=&#8221;1\/5&#8243;][vc_column_text]<\/p>\n<p class=\"hoverGreenActive\" style=\"text-align: center;\"><strong><span style=\"text-decoration: underline;\"><a href=\"https:\/\/www.batxilleratgranes.com\/es\/bachillerato-en-empresa-y-marqueting\/\/#dirigit\"><span style=\"text-decoration: underline;\">A qui\u00e9n se dirige<\/span><\/a><\/span><\/strong><\/p>\n<p>[\/vc_column_text][\/vc_column][vc_column width=&#8221;1\/5&#8243;][vc_column_text]<\/p>\n<p class=\"hoverGreenActive\" style=\"text-align: center;\"><strong><span style=\"text-decoration: underline;\"><a href=\"http:\/\/www.batxilleratgranes.com\/batxillerat-empresa-marqueting\/#estudiaras\"><span style=\"text-decoration: underline;\">C\u00f3mo estudiar\u00e1s<\/span><\/a><\/span><\/strong><\/p>\n<p>[\/vc_column_text][\/vc_column][vc_column width=&#8221;1\/5&#8243;][vc_column_text]<\/p>\n<p class=\"hoverGreenActive\" style=\"text-align: center;\"><strong><span style=\"text-decoration: underline;\"><a href=\"http:\/\/www.batxilleratgranes.com\/batxillerat-empresa-marqueting\/#peraque\"><span style=\"text-decoration: underline;\">Por qu\u00e9 este itinerario<\/span><\/a><\/span><\/strong><\/p>\n<p>[\/vc_column_text][\/vc_column][vc_column width=&#8221;1\/5&#8243;][vc_column_text]<\/p>\n<p class=\"hoverGreenActive\" style=\"text-align: center;\"><a href=\"http:\/\/www.batxilleratgranes.com\/batxillerat-empresa-marqueting\/#informat\"><strong><span style=\"text-decoration: underline;\"><span style=\"text-decoration: underline;\">Inf\u00f3rmate<\/span><\/span><\/strong><\/a><\/p>\n<p>[\/vc_column_text][\/vc_column][\/vc_row][\/vc_section][vc_section css=&#8221;.vc_custom_1762866865878{margin-top: 50px !important;}&#8221; el_id=&#8221;estudiaras&#8221;][vc_row][vc_column][vc_column_text]<\/p>\n<h3 class=\"title_section\" style=\"text-align: center;\">Qu\u00e9 estudiar\u00e1s<\/h3>\n<p>[\/vc_column_text][vc_column_text]<\/p>\n<p style=\"text-align: justify;font-size: 18px\">Dentro del <strong>Bachillerato en Ciencias Sociales<\/strong>, en este itinerario en <strong>Empresa y Marketing<\/strong> analizar\u00e1s el comportamiento de los diferentes agentes econ\u00f3micos y estudiar\u00e0s las principales variables macroecon\u00f3micas y pol\u00edticas y su evoluci\u00f3n.<br \/>\nEn el \u00e1mbito empresarial, analizar\u00e1s el ciclo contable, de financiaci\u00f3n e inversi\u00f3n y estudiar\u00e1s los departamentos de recursos humanos, producci\u00f3n y m\u00e1rqueting. Tambi\u00e9n conocer\u00e1s el proceso de <strong>creaci\u00f3n de una nueva empresa<\/strong> y las estrategias de crecimiento empresarial.[\/vc_column_text][\/vc_column][\/vc_row][vc_row full_width=&#8221;stretch_row_content_no_spaces&#8221; css=&#8221;.vc_custom_1571149378272{margin-bottom: 0px !important;padding-bottom: 0px !important;}&#8221;][vc_column css=&#8221;.vc_custom_1576845113732{padding-top: 5% !important;padding-right: 20% !important;padding-bottom: 5% !important;padding-left: 20% !important;}&#8221;][vc_column_text]<\/p>\n<p style=\"text-align: center;\"><iframe loading=\"lazy\" src=\"https:\/\/www.youtube.com\/embed\/fERLor16kX8?si=w0zVLNIn3q0D5j5Q\" width=\"660\" height=\"315\" frameborder=\"0\" allowfullscreen=\"allowfullscreen\"><\/iframe><\/p>\n<p>[\/vc_column_text][\/vc_column][\/vc_row][vc_row full_width=&#8221;stretch_row_content_no_spaces&#8221; css=&#8221;.vc_custom_1638706081065{padding-top: 2% !important;padding-bottom: 2% !important;background-color: #000000 !important;}&#8221;][vc_column offset=&#8221;vc_hidden-sm vc_hidden-xs&#8221;][vc_custom_heading text=&#8221;\u00bfQuieres saber m\u00e1s?&#8221; font_container=&#8221;tag:h2|font_size:40|text_align:center|color:%23ffffff&#8221; use_theme_fonts=&#8221;yes&#8221;][vc_btn title=&#8221;Conoce las materias&#8221; color=&#8221;default&#8221; align=&#8221;center&#8221; link=&#8221;url:https%3A%2F%2Fwww.batxilleratgranes.com%2Fmateries|||&#8221;][\/vc_column][\/vc_row][vc_row][vc_column][vc_column_text]<\/p>\n<h3 class=\"title_section\" style=\"text-align: center;\">A qui\u00e9n se dirige<\/h3>\n<p>[\/vc_column_text][vc_column_text css=&#8221;.vc_custom_1638706121636{margin-top: 20px !important;}&#8221;]<\/p>\n<p style=\"text-align: justify;font-size: 18px;\">Si te interesa la <strong><span class=\"partOfTitle\">realidad econ\u00f3mica <\/span><\/strong> y empresarial del mundo que te rodea, tienes <strong><span class=\"partOfTitle\">nuevas ideas<\/span><\/strong> y te gustar\u00eda aplicarlas en el sector de la empresa <strong>\u00a1estudia con nosotros este bachillerato!<\/strong><\/p>\n<p>[\/vc_column_text][\/vc_column][\/vc_row][vc_row][vc_column css=&#8221;.vc_custom_1638706220214{padding-right: 2% !important;padding-left: 2% !important;}&#8221;][vc_column_text]<\/p>\n<h3 class=\"title_section\" style=\"text-align: center;\">C\u00f3mo estudiar\u00e1s<\/h3>\n<p>[\/vc_column_text][vc_column_text css=&#8221;.vc_custom_1657790604487{margin-top: 20px !important;margin-bottom: 20px !important;}&#8221;]<\/p>\n<p style=\"text-align: justify;\"><span style=\"font-size: 18px;\">Dentro de la modalidad de <strong>Ciencias Sociales<\/strong>, te ofrecemos un bachillerato basado en el <strong>trabajo por proyectos<\/strong> para que puedas aprender de forma pr\u00e1ctica. Investigar\u00e1s<\/span><span style=\"font-size: 18px;\"> sobre situaciones reales, te documentar\u00e1s, reflexionar\u00e1s en equipo colaborativo, compartir\u00e1s e integrar\u00e1s contenidos y dar\u00e1s forma a tu talento.\u00a0<\/span><\/p>\n<p>[\/vc_column_text][vc_single_image image=&#8221;18587&#8243; img_size=&#8221;full&#8221; alignment=&#8221;center&#8221; css=&#8221;.vc_custom_1583774276106{margin-top: 20px !important;}&#8221;][\/vc_column][\/vc_row][vc_row full_width=&#8221;stretch_row_content&#8221; css=&#8221;.vc_custom_1665431285723{background-color: #fce515 !important;}&#8221;][vc_column css=&#8221;.vc_custom_1579083516212{padding-top: 20px !important;padding-bottom: 20px !important;}&#8221; offset=&#8221;vc_hidden-sm vc_hidden-xs&#8221;][vc_row_inner][vc_column_inner][vc_column_text css=&#8221;.vc_custom_1665431363499{padding-top: 15px !important;}&#8221;]<\/p>\n<h2 style=\"text-align: center; font-size: 40px; color: black;\">Potenciamos tu talento con un itinerario adaptado a tus inquietudes<\/h2>\n<p>[\/vc_column_text][\/vc_column_inner][\/vc_row_inner][\/vc_column][\/vc_row][vc_row][vc_column][vc_column_text]<\/p>\n<h3><\/h3>\n<h3 class=\"title_section\" style=\"text-align: center;\">Por qu\u00e9 este itinerario<\/h3>\n<p>[\/vc_column_text][\/vc_column][\/vc_row][vc_row css=&#8221;.vc_custom_1665431383141{margin-top: 30px !important;}&#8221; el_class=&#8221;sectionEmpren&#8221;][vc_column width=&#8221;1\/2&#8243; offset=&#8221;vc_hidden-sm vc_hidden-xs&#8221;][vc_single_image image=&#8221;26076&#8243; img_size=&#8221;full&#8221; alignment=&#8221;right&#8221; css=&#8221;.vc_custom_1601927606347{margin-left: 25% !important;padding-right: 5% !important;}&#8221; el_class=&#8221;imgVerticalClass&#8221;][\/vc_column][vc_column width=&#8221;1\/2&#8243; css=&#8221;.vc_custom_1579083488461{padding-right: 15% !important;}&#8221; offset=&#8221;vc_hidden-sm vc_hidden-xs&#8221;][vc_column_text css=&#8221;.vc_custom_1638706346412{margin-top: 15px !important;margin-bottom: 30px !important;}&#8221;]<span style=\"font-size: 18px;\">Con este itinerario potenciar\u00e1s la <span class=\"partOfTitle\"> capacidad de an\u00e1lisis<\/span>, la <span class=\"partOfTitle\"> creatividad<\/span> y <span class=\"partOfTitle\">la iniciativa<\/span> y podr\u00e0s acceder, entre otros, a estudios superiores relacionados con la Econom\u00eda, la Empresa y el Marketing, el Derecho, las Ciencias Pol\u00edticas i la Justicia, la Criminolog\u00eda, los Negocios y el Turismo, la Sociolog\u00eda y la Pedagog\u00eda.<\/span>[\/vc_column_text][\/vc_column][\/vc_row][vc_row css=&#8221;.vc_custom_1665431498964{background-color: #e2e2e2 !important;}&#8221;][vc_column][vc_row_inner][vc_column_inner width=&#8221;1\/3&#8243;][vc_single_image image=&#8221;30256&#8243; img_size=&#8221;medium&#8221; alignment=&#8221;center&#8221;][\/vc_column_inner][vc_column_inner width=&#8221;2\/3&#8243;][vc_custom_heading text=&#8221;Orientaci\u00f3n profesional&#8221; use_theme_fonts=&#8221;yes&#8221; css=&#8221;.vc_custom_1665431559997{margin-bottom: 10px !important;}&#8221;][vc_column_text css=&#8221;.vc_custom_1665431529369{margin-bottom: 10px !important;}&#8221;]<\/p>\n<p style=\"text-align: justify;\"><strong style=\"font-size: 20px;\">Entrevista a Dr. Tom\u00e0s Peire, profesor titular en la Facultad de Ciencias de la Educaci\u00f3n de la UAB, coordinador acad\u00e9mico del programa Universitat a l\u2019Abast (UAB) y director de la diplomatura de postgrado en Comunicaci\u00f3n y Liderazgo Pol\u00edtico.<\/strong><\/p>\n<p style=\"text-align: justify;\"><span style=\"color: black; font-size: 18px;\">\u2013 \u201cEl perfil del alumnado del grado en Economia es el de una persona sensibilizada por la realidad econ\u00f3mica y por los temas sociales y pol\u00edtias del entorno&#8221;<\/span><\/p>\n<p>[\/vc_column_text][vc_column_text]<\/p>\n<h4 style=\"font-size: 18px; color: #fce515; font-weight: 500 !important; text-align: left;\"><a href=\"https:\/\/www.batxilleratgranes.com\/el-perfil-adient-de-lalumnat-del-grau-en-economia-es-el-duna-persona-sensibilitzada-per-la-realitat-economica-general-i-pels-temes-socials-i-politics-de-lentorn.html\">VER M\u00c1S<\/a><\/h4>\n<p>[\/vc_column_text][\/vc_column_inner][\/vc_row_inner][vc_row_inner css=&#8221;.vc_custom_1665431513590{background-color: #fcf3a6 !important;}&#8221;][vc_column_inner width=&#8221;1\/3&#8243;][vc_single_image image=&#8221;37094&#8243; img_size=&#8221;full&#8221; alignment=&#8221;center&#8221; css=&#8221;.vc_custom_1635276442220{background-color: #fcf3a6 !important;}&#8221;][\/vc_column_inner][vc_column_inner width=&#8221;2\/3&#8243;][vc_custom_heading text=&#8221;Descubre a nuestros alumnos&#8221; use_theme_fonts=&#8221;yes&#8221; css=&#8221;.vc_custom_1665431576324{margin-bottom: 10px !important;}&#8221;][vc_column_text]<\/p>\n<p style=\"text-align: justify;\"><span style=\"color: black;\"><strong style=\"font-size: 18px;\">&#8220;Haber estudiado bachillerato en Gran\u00e9s me ayud\u00f3 a adaptarme mejor al ritmo universitario&#8221;<\/strong><\/span><\/p>\n<p>[\/vc_column_text][vc_column_text css=&#8221;.vc_custom_1665431593088{margin-bottom: 10px !important;}&#8221;]<span style=\"font-size: 20px; color: #ffffff;\"><span style=\"color: #000000;\">Entrevista a Cl\u00e0udia Gallego, exalumna y estudiante de <em>International Business Management &amp; Language (French)<\/em> en Edimburgo\u00a0<\/span><\/span>[\/vc_column_text][vc_column_text css=&#8221;.vc_custom_1638706715926{padding-bottom: 10% !important;}&#8221;]<\/p>\n<h4 style=\"font-size: 18px; color: black; font-weight: 500 !\"><a href=\"https:\/\/www.batxilleratgranes.com\/el-perfil-adient-de-lalumnat-del-grau-en-economia-es-el-duna-persona-sensibilitzada-per-la-realitat-economica-general-i-pels-temes-socials-i-politics-de-lentorn.html\">LEER M\u00c1S<\/a><\/h4>\n<p>[\/vc_column_text][\/vc_column_inner][\/vc_row_inner][\/vc_column][\/vc_row][vc_row css=&#8221;.vc_custom_1681800535987{margin-top: 50px !important;}&#8221;][vc_column][vc_row_inner][vc_column_inner][vc_custom_heading text=&#8221;Descubre el bachillerato en ciencias sociales_&#8221; font_container=&#8221;tag:h2|font_size:40px|text_align:center|color:%23000000&#8243; use_theme_fonts=&#8221;yes&#8221;][\/vc_column_inner][\/vc_row_inner][vc_basic_grid post_type=&#8221;post&#8221; max_items=&#8221;3&#8243; css=&#8221;&#8221; grid_id=&#8221;vc_gid:1762867147357-a38724c7-b5ae-7&#8243;][\/vc_column][\/vc_row][vc_row][vc_column][vc_custom_heading text=&#8221;Tenemos otros itinerarios para ti_&#8221; font_container=&#8221;tag:h2|font_size:40px|text_align:center|color:%23000000&#8243; use_theme_fonts=&#8221;yes&#8221; el_id=&#8221;idcustomTitle&#8221;][\/vc_column][\/vc_row][vc_row][vc_column width=&#8221;1\/5&#8243;][vc_column_text]<a href=\"https:\/\/www.batxilleratgranes.com\/es\/bachillerato-tecnologia\/\"><img loading=\"lazy\" decoding=\"async\" class=\"alignnone size-full wp-image-18521 aligncenter\" style=\"width: 15%;\" src=\"https:\/\/www.batxilleratgranes.com\/wp-content\/uploads\/2020\/10\/empresa-marketing-09.png\" alt=\"\" width=\"112\" height=\"101\" \/><\/a><\/p>\n<h3 style=\"text-align: center; font-size: 18px; color: black; font-weight: 300;\"><a href=\"https:\/\/www.batxilleratgranes.com\/es\/bachillerato-tecnologico\/\">Nuevas tecnolog\u00edas interactivas<\/a><\/h3>\n<p>[\/vc_column_text][\/vc_column][vc_column width=&#8221;1\/5&#8243;][vc_column_text]<a href=\"https:\/\/www.batxilleratgranes.com\/es\/bachillerato-en-ciencias-de-la-salud\/\"><img loading=\"lazy\" decoding=\"async\" class=\"wp-image-18526 size-full aligncenter\" style=\"width: 15%;\" src=\"https:\/\/www.batxilleratgranes.com\/wp-content\/uploads\/2020\/10\/tecnologia-interactiva-11-1.png\" alt=\"\" width=\"112\" height=\"101\" \/><\/a><\/p>\n<h3 style=\"text-align: center; font-size: 18px; font-weight: 300;\"><a href=\"https:\/\/www.batxilleratgranes.com\/es\/bachillerato-en-ciencias-de-la-salud\/\">Ciencias de la salud<\/a><\/h3>\n<p>[\/vc_column_text][\/vc_column][vc_column width=&#8221;1\/5&#8243;][vc_column_text]<a href=\"https:\/\/www.batxilleratgranes.com\/es\/bachillerato-comunicacion-periodismo\/\"><img loading=\"lazy\" decoding=\"async\" class=\"alignnone size-full wp-image-18521 aligncenter\" style=\"width: 15%;\" src=\"https:\/\/www.batxilleratgranes.com\/wp-content\/uploads\/2020\/10\/tecnologia-interactiva-12.png\" alt=\"\" width=\"112\" height=\"101\" \/><\/a><\/p>\n<h3 style=\"text-align: center; font-size: 18px; font-weight: 300;\"><a href=\"https:\/\/www.batxilleratgranes.com\/es\/bachillerato-humanistico\/\">Comunicaci\u00f3n y periodismo<\/a><\/h3>\n<p>[\/vc_column_text][\/vc_column][vc_column width=&#8221;1\/5&#8243;][vc_column_text]<a href=\"https:\/\/www.batxilleratgranes.com\/es\/bachillerato-artes-escenicas\/\"><img loading=\"lazy\" decoding=\"async\" class=\"wp-image-18526 size-full aligncenter\" style=\"width: 15%;\" src=\"https:\/\/www.batxilleratgranes.com\/wp-content\/uploads\/2020\/10\/tecnologia-interactiva-13.png\" alt=\"\" width=\"112\" height=\"101\" \/><\/a><\/p>\n<h3 style=\"text-align: center; font-size: 18px; font-weight: 300;\"><a href=\"https:\/\/www.batxilleratgranes.com\/es\/bachillerato-artes-escenicas\/\">Artes esc\u00e9nicas<\/a><\/h3>\n<p>[\/vc_column_text][\/vc_column][vc_column width=&#8221;1\/5&#8243;][vc_column_text]<a href=\"https:\/\/www.batxilleratgranes.com\/es\/bachillerato-musica\/\"><img loading=\"lazy\" decoding=\"async\" class=\"aligncenter wp-image-18526 size-full\" style=\"width: 15%;\" src=\"https:\/\/www.batxilleratgranes.com\/wp-content\/uploads\/2023\/02\/batxillerat-musica.png\" alt=\"\" width=\"112\" height=\"101\" \/><\/a><\/p>\n<h3 style=\"text-align: center; font-size: 20px; color: black; font-weight: 300;\"><a href=\"https:\/\/www.batxilleratgranes.com\/es\/bachillerato-musica\/\">M\u00fasica<\/a><\/h3>\n<p>[\/vc_column_text][\/vc_column][\/vc_row][vc_row][vc_column][vc_custom_heading text=&#8221;Necesitas m\u00e1s informaci\u00f3n_&#8221; font_container=&#8221;tag:h2|font_size:40px|text_align:center|color:%23000000&#8243; use_theme_fonts=&#8221;yes&#8221;][\/vc_column][\/vc_row][vc_row css=&#8221;.vc_custom_1603823991942{margin-top: 20px !important;padding-bottom: 60px !important;}&#8221;][vc_column width=&#8221;1\/2&#8243; el_id=&#8221;idcustomrow&#8221; css=&#8221;.vc_custom_1638706852852{padding-left: 5% !important;}&#8221;][vc_column_text css=&#8221;.vc_custom_1675164464069{padding-bottom: 50px !important;}&#8221;]Utiliza este formulario si quieres informaci\u00f3n adicional de nuestro centro o para solicitar una visita y conocernos.<\/p>\n<p>Tambi\u00e9n puedes llamarnos a trav\u00e9s del tel\u00e9fono de contacto: <a href=\"tel:+34932155441\"><strong>93 215 54 41<\/strong><\/a><\/p>\n<p><strong>Te esperamos!<\/strong>[\/vc_column_text][\/vc_column][vc_column width=&#8221;1\/2&#8243;]\n<div class=\"wpcf7 no-js\" id=\"wpcf7-f7407-o1\" lang=\"en-US\" dir=\"ltr\">\n<div class=\"screen-reader-response\"><p role=\"status\" aria-live=\"polite\" aria-atomic=\"true\"><\/p> <ul><\/ul><\/div>\n<form action=\"\/es\/wp-json\/wp\/v2\/pages\/8787#wpcf7-f7407-o1\" method=\"post\" class=\"wpcf7-form init\" aria-label=\"Contact form\" novalidate=\"novalidate\" data-status=\"init\">\n<div style=\"display: none;\">\n<input type=\"hidden\" name=\"_wpcf7\" value=\"7407\" \/>\n<input type=\"hidden\" name=\"_wpcf7_version\" value=\"5.9.8\" \/>\n<input type=\"hidden\" name=\"_wpcf7_locale\" value=\"en_US\" \/>\n<input type=\"hidden\" name=\"_wpcf7_unit_tag\" value=\"wpcf7-f7407-o1\" \/>\n<input type=\"hidden\" name=\"_wpcf7_container_post\" value=\"0\" \/>\n<input type=\"hidden\" name=\"_wpcf7_posted_data_hash\" value=\"\" \/>\n<input type=\"hidden\" name=\"_wpcf7_recaptcha_response\" value=\"\" \/>\n<\/div>\n<div class=\"labels\">\n\t<p><span class=\"wpcf7-form-control-wrap\" data-name=\"your-name\"><input size=\"40\" maxlength=\"400\" class=\"wpcf7-form-control wpcf7-text wpcf7-validates-as-required\" aria-required=\"true\" aria-invalid=\"false\" placeholder=\"Nom i Cognoms\" value=\"\" type=\"text\" name=\"your-name\" \/><\/span>\n\t<\/p>\n<\/div>\n<div class=\"labels\">\n\t<p><span class=\"wpcf7-form-control-wrap\" data-name=\"your-email\"><input size=\"40\" maxlength=\"400\" class=\"wpcf7-form-control wpcf7-email wpcf7-validates-as-required wpcf7-text wpcf7-validates-as-email\" aria-required=\"true\" aria-invalid=\"false\" placeholder=\"Email\" value=\"\" type=\"email\" name=\"your-email\" \/><\/span>\n\t<\/p>\n<\/div>\n<div class=\"labels\">\n\t<p><span class=\"wpcf7-form-control-wrap\" data-name=\"your-telefon\"><input size=\"40\" maxlength=\"400\" class=\"wpcf7-form-control wpcf7-text\" aria-invalid=\"false\" placeholder=\"Tel\u00e8fon\" value=\"\" type=\"text\" name=\"your-telefon\" \/><\/span>\n\t<\/p>\n<\/div>\n<div class=\"labels\">\n\t<p><span class=\"wpcf7-form-control-wrap\" data-name=\"your-message\"><textarea cols=\"40\" rows=\"10\" maxlength=\"2000\" class=\"wpcf7-form-control wpcf7-textarea\" aria-invalid=\"false\" placeholder=\"Escriu el teu missatge\" name=\"your-message\"><\/textarea><\/span>\n\t<\/p>\n<\/div>\n<div class=\"labels\">\n\t<p><span class=\"wpcf7-form-control-wrap\" data-name=\"acceptance-94\"><span class=\"wpcf7-form-control wpcf7-acceptance\"><span class=\"wpcf7-list-item\"><label><input type=\"checkbox\" name=\"acceptance-94\" value=\"1\" aria-invalid=\"false\" \/><span class=\"wpcf7-list-item-label\">He llegit la <a class=\"hoverter\" target=\"_blank\" href=\"http:\/\/batxilleratgranes.com\/politica-de-privacitat\">pol\u00edtica de privacitat<\/a> i autoritzo el tractament de les meves dades<\/span><\/label><\/span><\/span><\/span>\n\t<\/p>\n<\/div>\n<p><input class=\"wpcf7-form-control wpcf7-submit has-spinner\" type=\"submit\" value=\"Enviar\" \/>\n<\/p>\n<div class=\"wpcf7-response-output\" aria-hidden=\"true\"><\/div>\n<\/form>\n<\/div>\n[\/vc_column][\/vc_row][\/vc_section]<\/p>\n<\/div>","protected":false},"excerpt":{"rendered":"<p>[vc_section full_width=&#8221;stretch_row_content&#8221;][vc_row css=&#8221;.vc_custom_1571213641229{background-image: url(https:\/\/www.batxilleratgranes.com\/wp-content\/uploads\/2020\/10\/empresa-marketing-03.jpg) !important;background-position: center !important;background-repeat: no-repeat !important;background-size: cover !important;}&#8221;][vc_column][vc_custom_heading text=&#8221;Bachillerato en Ciencias Sociales: Itinerario en Empresa y Marqueting&#8221; font_container=&#8221;tag:h2|font_size:60px|text_align:center&#8221; use_theme_fonts=&#8221;yes&#8221; el_class=&#8221;classElemntTitlesResponsive&#8221;][vc_empty_space][vc_btn title=&#8221;INF\u00d3RMATE CON UNA VISITA PERSONALIZADA&#8221; style=&#8221;custom&#8221; custom_background=&#8221;#fce613&#8243; custom_text=&#8221;#666666&#8243; align=&#8221;center&#8221; link=&#8221;url:%23informat&#8221;][vc_empty_space][\/vc_column][\/vc_row][vc_row disable_element=&#8221;yes&#8221;][vc_column width=&#8221;1\/5&#8243;][vc_column_text] Qu\u00e9 estudiar\u00e1s [\/vc_column_text][\/vc_column][vc_column width=&#8221;1\/5&#8243;][vc_column_text] A qui\u00e9n se dirige [\/vc_column_text][\/vc_column][vc_column width=&#8221;1\/5&#8243;][vc_column_text] C\u00f3mo estudiar\u00e1s [\/vc_column_text][\/vc_column][vc_column width=&#8221;1\/5&#8243;][vc_column_text] Por qu\u00e9 este itinerario [\/vc_column_text][\/vc_column][vc_column width=&#8221;1\/5&#8243;][vc_column_text]&hellip;&nbsp;<a href=\"https:\/\/www.batxilleratgranes.com\/es\/bachillerato-ciencias-sociales\/\" class=\"\" rel=\"bookmark\">Read More &raquo;<span class=\"screen-reader-text\">Bachillerato en Ciencias Sociales<\/span><\/a><\/p>\n","protected":false},"author":1,"featured_media":0,"parent":0,"menu_order":0,"comment_status":"closed","ping_status":"closed","template":"","meta":{"neve_meta_sidebar":"","neve_meta_container":"","neve_meta_enable_content_width":"off","neve_meta_content_width":100,"neve_meta_title_alignment":"","neve_meta_author_avatar":"","neve_post_elements_order":"","neve_meta_disable_header":"","neve_meta_disable_footer":"","neve_meta_disable_title":"","footnotes":""},"class_list":["post-8787","page","type-page","status-publish","hentry"],"yoast_head":"<!-- This site is optimized with the Yoast SEO plugin v23.4 - https:\/\/yoast.com\/wordpress\/plugins\/seo\/ -->\n<title>Bachillerato en Ciencias Sociales - Batxillerat Gran\u00e8s<\/title>\n<meta name=\"description\" content=\"Dentro del Bachillerato en Ciencias Sociales, en este itinerario en Empresa y Marketing analizar\u00e1s el comportamiento de los diferentes agentes econ\u00f3micos y estudiar\u00e0s las principales variables macroecon\u00f3micas y pol\u00edticas y su evoluci\u00f3n.\" \/>\n<meta name=\"robots\" content=\"index, follow, max-snippet:-1, max-image-preview:large, max-video-preview:-1\" \/>\n<link rel=\"canonical\" href=\"https:\/\/www.batxilleratgranes.com\/es\/bachillerato-ciencias-sociales\/\" \/>\n<meta property=\"og:locale\" content=\"es_ES\" \/>\n<meta property=\"og:type\" content=\"article\" \/>\n<meta property=\"og:title\" content=\"Bachillerato en Ciencias Sociales - Batxillerat Gran\u00e8s\" \/>\n<meta property=\"og:description\" content=\"Dentro del Bachillerato en Ciencias Sociales, en este itinerario en Empresa y Marketing analizar\u00e1s el comportamiento de los diferentes agentes econ\u00f3micos y estudiar\u00e0s las principales variables macroecon\u00f3micas y pol\u00edticas y su evoluci\u00f3n.\" \/>\n<meta property=\"og:url\" content=\"https:\/\/www.batxilleratgranes.com\/es\/bachillerato-ciencias-sociales\/\" \/>\n<meta property=\"og:site_name\" content=\"Gran\u00e9s Batxillerat - Escuela especializada en Bachillerato en Barcelona\" \/>\n<meta property=\"article:modified_time\" content=\"2025-11-11T13:20:17+00:00\" \/>\n<meta property=\"og:image\" content=\"https:\/\/www.batxilleratgranes.com\/wp-content\/uploads\/2020\/10\/empresa-marketing-09.png\" \/>\n<meta name=\"twitter:card\" content=\"summary_large_image\" \/>\n<meta name=\"twitter:label1\" content=\"Est. reading time\" \/>\n\t<meta name=\"twitter:data1\" content=\"5 minutes\" \/>\n<script type=\"application\/ld+json\" class=\"yoast-schema-graph\">{\"@context\":\"https:\/\/schema.org\",\"@graph\":[{\"@type\":\"WebPage\",\"@id\":\"https:\/\/www.batxilleratgranes.com\/es\/bachillerato-ciencias-sociales\/\",\"url\":\"https:\/\/www.batxilleratgranes.com\/es\/bachillerato-ciencias-sociales\/\",\"name\":\"Bachillerato en Ciencias Sociales - Batxillerat Gran\u00e8s\",\"isPartOf\":{\"@id\":\"https:\/\/www.batxilleratgranes.com\/es\/#website\"},\"primaryImageOfPage\":{\"@id\":\"https:\/\/www.batxilleratgranes.com\/es\/bachillerato-ciencias-sociales\/#primaryimage\"},\"image\":{\"@id\":\"https:\/\/www.batxilleratgranes.com\/es\/bachillerato-ciencias-sociales\/#primaryimage\"},\"thumbnailUrl\":\"https:\/\/www.batxilleratgranes.com\/wp-content\/uploads\/2020\/10\/empresa-marketing-09.png\",\"datePublished\":\"2018-03-20T10:19:35+00:00\",\"dateModified\":\"2025-11-11T13:20:17+00:00\",\"description\":\"Dentro del Bachillerato en Ciencias Sociales, en este itinerario en Empresa y Marketing analizar\u00e1s el comportamiento de los diferentes agentes econ\u00f3micos y estudiar\u00e0s las principales variables macroecon\u00f3micas y pol\u00edticas y su evoluci\u00f3n.\",\"breadcrumb\":{\"@id\":\"https:\/\/www.batxilleratgranes.com\/es\/bachillerato-ciencias-sociales\/#breadcrumb\"},\"inLanguage\":\"es\",\"potentialAction\":[{\"@type\":\"ReadAction\",\"target\":[\"https:\/\/www.batxilleratgranes.com\/es\/bachillerato-ciencias-sociales\/\"]}]},{\"@type\":\"ImageObject\",\"inLanguage\":\"es\",\"@id\":\"https:\/\/www.batxilleratgranes.com\/es\/bachillerato-ciencias-sociales\/#primaryimage\",\"url\":\"https:\/\/www.batxilleratgranes.com\/wp-content\/uploads\/2020\/10\/empresa-marketing-09.png\",\"contentUrl\":\"https:\/\/www.batxilleratgranes.com\/wp-content\/uploads\/2020\/10\/empresa-marketing-09.png\"},{\"@type\":\"BreadcrumbList\",\"@id\":\"https:\/\/www.batxilleratgranes.com\/es\/bachillerato-ciencias-sociales\/#breadcrumb\",\"itemListElement\":[{\"@type\":\"ListItem\",\"position\":1,\"name\":\"Inici\",\"item\":\"https:\/\/www.batxilleratgranes.com\/es\/\"},{\"@type\":\"ListItem\",\"position\":2,\"name\":\"Bachillerato en Ciencias Sociales\"}]},{\"@type\":\"WebSite\",\"@id\":\"https:\/\/www.batxilleratgranes.com\/es\/#website\",\"url\":\"https:\/\/www.batxilleratgranes.com\/es\/\",\"name\":\"Gran\u00e9s Batxillerat - Escuela especializada en Bachillerato en Barcelona\",\"description\":\"Escola especialitzada en Batxillerat a Barcelona\",\"publisher\":{\"@id\":\"https:\/\/www.batxilleratgranes.com\/es\/#organization\"},\"potentialAction\":[{\"@type\":\"SearchAction\",\"target\":{\"@type\":\"EntryPoint\",\"urlTemplate\":\"https:\/\/www.batxilleratgranes.com\/es\/?s={search_term_string}\"},\"query-input\":{\"@type\":\"PropertyValueSpecification\",\"valueRequired\":true,\"valueName\":\"search_term_string\"}}],\"inLanguage\":\"es\"},{\"@type\":\"Organization\",\"@id\":\"https:\/\/www.batxilleratgranes.com\/es\/#organization\",\"name\":\"Gran\u00e9s Batxillerat - Escuela especializada en Bachillerato en Barcelona\",\"url\":\"https:\/\/www.batxilleratgranes.com\/es\/\",\"logo\":{\"@type\":\"ImageObject\",\"inLanguage\":\"es\",\"@id\":\"https:\/\/www.batxilleratgranes.com\/es\/#\/schema\/logo\/image\/\",\"url\":\"https:\/\/www.batxilleratgranes.com\/wp-content\/uploads\/2013\/01\/granes1.png\",\"contentUrl\":\"https:\/\/www.batxilleratgranes.com\/wp-content\/uploads\/2013\/01\/granes1.png\",\"width\":292,\"height\":85,\"caption\":\"Gran\u00e9s Batxillerat - Escuela especializada en Bachillerato en Barcelona\"},\"image\":{\"@id\":\"https:\/\/www.batxilleratgranes.com\/es\/#\/schema\/logo\/image\/\"}}]}<\/script>\n<!-- \/ Yoast SEO plugin. -->","yoast_head_json":{"title":"Bachillerato en Ciencias Sociales - Batxillerat Gran\u00e8s","description":"Dentro del Bachillerato en Ciencias Sociales, en este itinerario en Empresa y Marketing analizar\u00e1s el comportamiento de los diferentes agentes econ\u00f3micos y estudiar\u00e0s las principales variables macroecon\u00f3micas y pol\u00edticas y su evoluci\u00f3n.","robots":{"index":"index","follow":"follow","max-snippet":"max-snippet:-1","max-image-preview":"max-image-preview:large","max-video-preview":"max-video-preview:-1"},"canonical":"https:\/\/www.batxilleratgranes.com\/es\/bachillerato-ciencias-sociales\/","og_locale":"es_ES","og_type":"article","og_title":"Bachillerato en Ciencias Sociales - Batxillerat Gran\u00e8s","og_description":"Dentro del Bachillerato en Ciencias Sociales, en este itinerario en Empresa y Marketing analizar\u00e1s el comportamiento de los diferentes agentes econ\u00f3micos y estudiar\u00e0s las principales variables macroecon\u00f3micas y pol\u00edticas y su evoluci\u00f3n.","og_url":"https:\/\/www.batxilleratgranes.com\/es\/bachillerato-ciencias-sociales\/","og_site_name":"Gran\u00e9s Batxillerat - Escuela especializada en Bachillerato en Barcelona","article_modified_time":"2025-11-11T13:20:17+00:00","og_image":[{"url":"https:\/\/www.batxilleratgranes.com\/wp-content\/uploads\/2020\/10\/empresa-marketing-09.png"}],"twitter_card":"summary_large_image","twitter_misc":{"Est. reading time":"5 minutes"},"schema":{"@context":"https:\/\/schema.org","@graph":[{"@type":"WebPage","@id":"https:\/\/www.batxilleratgranes.com\/es\/bachillerato-ciencias-sociales\/","url":"https:\/\/www.batxilleratgranes.com\/es\/bachillerato-ciencias-sociales\/","name":"Bachillerato en Ciencias Sociales - Batxillerat Gran\u00e8s","isPartOf":{"@id":"https:\/\/www.batxilleratgranes.com\/es\/#website"},"primaryImageOfPage":{"@id":"https:\/\/www.batxilleratgranes.com\/es\/bachillerato-ciencias-sociales\/#primaryimage"},"image":{"@id":"https:\/\/www.batxilleratgranes.com\/es\/bachillerato-ciencias-sociales\/#primaryimage"},"thumbnailUrl":"https:\/\/www.batxilleratgranes.com\/wp-content\/uploads\/2020\/10\/empresa-marketing-09.png","datePublished":"2018-03-20T10:19:35+00:00","dateModified":"2025-11-11T13:20:17+00:00","description":"Dentro del Bachillerato en Ciencias Sociales, en este itinerario en Empresa y Marketing analizar\u00e1s el comportamiento de los diferentes agentes econ\u00f3micos y estudiar\u00e0s las principales variables macroecon\u00f3micas y pol\u00edticas y su evoluci\u00f3n.","breadcrumb":{"@id":"https:\/\/www.batxilleratgranes.com\/es\/bachillerato-ciencias-sociales\/#breadcrumb"},"inLanguage":"es","potentialAction":[{"@type":"ReadAction","target":["https:\/\/www.batxilleratgranes.com\/es\/bachillerato-ciencias-sociales\/"]}]},{"@type":"ImageObject","inLanguage":"es","@id":"https:\/\/www.batxilleratgranes.com\/es\/bachillerato-ciencias-sociales\/#primaryimage","url":"https:\/\/www.batxilleratgranes.com\/wp-content\/uploads\/2020\/10\/empresa-marketing-09.png","contentUrl":"https:\/\/www.batxilleratgranes.com\/wp-content\/uploads\/2020\/10\/empresa-marketing-09.png"},{"@type":"BreadcrumbList","@id":"https:\/\/www.batxilleratgranes.com\/es\/bachillerato-ciencias-sociales\/#breadcrumb","itemListElement":[{"@type":"ListItem","position":1,"name":"Inici","item":"https:\/\/www.batxilleratgranes.com\/es\/"},{"@type":"ListItem","position":2,"name":"Bachillerato en Ciencias Sociales"}]},{"@type":"WebSite","@id":"https:\/\/www.batxilleratgranes.com\/es\/#website","url":"https:\/\/www.batxilleratgranes.com\/es\/","name":"Gran\u00e9s Batxillerat - Escuela especializada en Bachillerato en Barcelona","description":"Escola especialitzada en Batxillerat a Barcelona","publisher":{"@id":"https:\/\/www.batxilleratgranes.com\/es\/#organization"},"potentialAction":[{"@type":"SearchAction","target":{"@type":"EntryPoint","urlTemplate":"https:\/\/www.batxilleratgranes.com\/es\/?s={search_term_string}"},"query-input":{"@type":"PropertyValueSpecification","valueRequired":true,"valueName":"search_term_string"}}],"inLanguage":"es"},{"@type":"Organization","@id":"https:\/\/www.batxilleratgranes.com\/es\/#organization","name":"Gran\u00e9s Batxillerat - Escuela especializada en Bachillerato en Barcelona","url":"https:\/\/www.batxilleratgranes.com\/es\/","logo":{"@type":"ImageObject","inLanguage":"es","@id":"https:\/\/www.batxilleratgranes.com\/es\/#\/schema\/logo\/image\/","url":"https:\/\/www.batxilleratgranes.com\/wp-content\/uploads\/2013\/01\/granes1.png","contentUrl":"https:\/\/www.batxilleratgranes.com\/wp-content\/uploads\/2013\/01\/granes1.png","width":292,"height":85,"caption":"Gran\u00e9s Batxillerat - Escuela especializada en Bachillerato en Barcelona"},"image":{"@id":"https:\/\/www.batxilleratgranes.com\/es\/#\/schema\/logo\/image\/"}}]}},"_links":{"self":[{"href":"https:\/\/www.batxilleratgranes.com\/es\/wp-json\/wp\/v2\/pages\/8787"}],"collection":[{"href":"https:\/\/www.batxilleratgranes.com\/es\/wp-json\/wp\/v2\/pages"}],"about":[{"href":"https:\/\/www.batxilleratgranes.com\/es\/wp-json\/wp\/v2\/types\/page"}],"author":[{"embeddable":true,"href":"https:\/\/www.batxilleratgranes.com\/es\/wp-json\/wp\/v2\/users\/1"}],"replies":[{"embeddable":true,"href":"https:\/\/www.batxilleratgranes.com\/es\/wp-json\/wp\/v2\/comments?post=8787"}],"version-history":[{"count":94,"href":"https:\/\/www.batxilleratgranes.com\/es\/wp-json\/wp\/v2\/pages\/8787\/revisions"}],"predecessor-version":[{"id":59344,"href":"https:\/\/www.batxilleratgranes.com\/es\/wp-json\/wp\/v2\/pages\/8787\/revisions\/59344"}],"wp:attachment":[{"href":"https:\/\/www.batxilleratgranes.com\/es\/wp-json\/wp\/v2\/media?parent=8787"}],"curies":[{"name":"wp","href":"https:\/\/api.w.org\/{rel}","templated":true}]}}